{"id":4,"date":"2014-07-10T13:30:05","date_gmt":"2014-07-10T13:30:05","guid":{"rendered":"http:\/\/localhost\/brebeuf\/secondaire-garcons\/home\/"},"modified":"2025-08-04T17:27:40","modified_gmt":"2025-08-04T17:27:40","slug":"secondaire-garcons","status":"publish","type":"page","link":"https:\/\/www.brebeuf.qc.ca\/secondaire\/","title":{"rendered":"Secondaire"},"content":{"rendered":"<p>Mon \u00e9quipe et moi sommes tr\u00e8s fiers de la nouvelle offre p\u00e9dagogique au secondaire Br\u00e9beuf, qui est le fruit de deux ans de travail d\u2019analyse et de conception. Nos \u00e9l\u00e8ves auront toujours acc\u00e8s \u00e0 un parcours enrichi pour tous de la 1<sup>re<\/sup> \u00e0 la 5<sup>e<\/sup> secondaire, lequel a pour socle le \u00ab <a href=\"https:\/\/www.brebeuf.qc.ca\/secondaire\/cursus-valeurs-humanistes-engagement-communautaire\/\" target=\"_blank\" rel=\"noopener\">cursus Br\u00e9beuf<\/a> \u00bb, un solide tronc commun compl\u00e9t\u00e9 par des options qui permettent un approfondissement en fonction des int\u00e9r\u00eats des \u00e9l\u00e8ves.<\/p>\n<p>Au c\u0153ur du cursus Br\u00e9beuf qui nous distingue se trouvent les valeurs humanistes omnipr\u00e9sentes au sein de la p\u00e9dagogie j\u00e9suite qui caract\u00e9rise le Coll\u00e8ge. Ces valeurs sont centrales \u00e0 notre projet \u00e9ducatif et inspirent l\u2019enseignement au quotidien. Concr\u00e8tement, cela signifie que des activit\u00e9s visent sp\u00e9cifiquement \u00e0 permettre aux \u00e9l\u00e8ves de reconna\u00eetre leurs qualit\u00e9s humaines et leurs talents, en les invitant \u00e0 les mettre au service des autres. L\u2019engagement communautaire est ainsi obligatoire pour tous les \u00e9l\u00e8ves, qui peuvent choisir les activit\u00e9s auxquelles ils consacrent de leur temps en fonction de leurs int\u00e9r\u00eats et talents.<\/p>\n<p>Un autre \u00e9l\u00e9ment phare du cursus Br\u00e9beuf est une <a href=\"https:\/\/www.brebeuf.qc.ca\/secondaire\/vie-pedagogique\/\" target=\"_blank\" rel=\"noopener\">offre p\u00e9dagogique<\/a> con\u00e7ue pour permettre l\u2019approfondissement des concepts de la 1<sup>re<\/sup> \u00e0 la 5<sup>e<\/sup> secondaire. Les \u00e9l\u00e8ves participent \u00e0 des activit\u00e9s p\u00e9dagogiques encourageant la cr\u00e9ation de liens entre les diff\u00e9rentes mati\u00e8res, comme des projets interdisciplinaires, une foire internationale ou le projet citoyen de 5<sup>e<\/sup> secondaire sanctionn\u00e9 par le minist\u00e8re de l\u2019\u00c9ducation.<\/p>\n<p>Les \u00e9l\u00e8ves qui le souhaitent peuvent compl\u00e9ter ce riche parcours scolaire par la pratique d\u2019un sport \u00e9lite, et ce peu importe l\u2019option choisie. Une <a href=\"https:\/\/www.brebeuf.qc.ca\/secondaire\/sports\/\" target=\"_blank\" rel=\"noopener\">offre sportive diversifi\u00e9e<\/a> est \u00e9galement propos\u00e9e \u00e0 tous les \u00e9l\u00e8ves. Pour faire du Coll\u00e8ge un milieu de vie sain, l\u2019ensemble de l\u2019\u00e9quipe du secondaire s\u2019efforce d\u2019entretenir un climat non seulement stimulant, mais bienveillant.<\/p>\n<p>Enfin, le secondaire Br\u00e9beuf se distingue par son enseignement non mixte de la 1<sup>re<\/sup> \u00e0 la 4<sup>e<\/sup> secondaire. Les groupes d&rsquo;\u00e9l\u00e8ves sont regroup\u00e9s par cycle dans les pavillons du coll\u00e8ge. Les espaces communs et les activit\u00e9s extracurriculaires sont \u00e9galement fr\u00e9quent\u00e9s \u00e0 la fois par les filles et les gar\u00e7ons, offrant autant d\u2019occasions de socialisation en contexte de mixit\u00e9.<\/p>\n<p>Les caract\u00e9ristiques de l\u2019offre p\u00e9dagogique du Coll\u00e8ge Br\u00e9beuf me permettent de croire que nous offrons \u00e0 nos \u00e9l\u00e8ves les apprentissages \u00e0 la fois intellectuels et humains qui serviront de socle \u00e0 la poursuite de leurs r\u00eaves et projets d\u2019avenir, peu importe o\u00f9 leurs passions les m\u00e8neront!<\/p>\n<p><strong>Audrey B\u00e9langer<\/strong><br \/>\nDirectrice des services p\u00e9dagogiques<\/p>\n","protected":false},"excerpt":{"rendered":"<p>Mon \u00e9quipe et moi sommes tr\u00e8s fiers de la nouvelle offre p\u00e9dagogique au secondaire Br\u00e9beuf, qui est le fruit de deux ans de travail d\u2019analyse et de conception. Nos \u00e9l\u00e8ves auront toujours acc\u00e8s \u00e0 un parcours enrichi pour tous de&#8230;<\/p>\n","protected":false},"author":1,"featured_media":2847,"parent":0,"menu_order":1,"comment_status":"open","ping_status":"closed","template":"templates\/template-etudes.php","meta":{"_editorskit_title_hidden":false,"_editorskit_reading_time":1,"_editorskit_typography_data":[],"_editorskit_blocks_typography":""},"yoast_head":"<!-- This site is optimized with the Yoast SEO plugin v16.3 - https:\/\/yoast.com\/wordpress\/plugins\/seo\/ -->\n<title>Secondaire - Secondaire<\/title>\n<meta name=\"description\" content=\"Les \u00e9l\u00e8ves du secondaire suivent tous les m\u00eames cours, \u00ab le tronc commun \u00bb, un cursus Br\u00e9beuf enrichi pour tous.\" \/>\n<meta name=\"robots\" content=\"index, follow, max-snippet:-1, max-image-preview:large, max-video-preview:-1\" \/>\n<link rel=\"canonical\" href=\"https:\/\/www.brebeuf.qc.ca\/secondaire\/\" \/>\n<meta property=\"og:locale\" content=\"fr_FR\" \/>\n<meta property=\"og:type\" content=\"article\" \/>\n<meta property=\"og:title\" content=\"Secondaire - Secondaire\" \/>\n<meta property=\"og:description\" content=\"Les \u00e9l\u00e8ves du secondaire suivent tous les m\u00eames cours, \u00ab le tronc commun \u00bb, un cursus Br\u00e9beuf enrichi pour tous.\" \/>\n<meta property=\"og:url\" content=\"https:\/\/www.brebeuf.qc.ca\/secondaire\/\" \/>\n<meta property=\"og:site_name\" content=\"Secondaire\" \/>\n<meta property=\"article:modified_time\" content=\"2025-08-04T17:27:40+00:00\" \/>\n<meta property=\"og:image\" content=\"https:\/\/www.brebeuf.qc.ca\/secondaire\/wp-content\/uploads\/sites\/4\/2021\/08\/audrey_belanger_directrice_services_pedagogiques.jpg\" \/>\n\t<meta property=\"og:image:width\" content=\"1380\" \/>\n\t<meta property=\"og:image:height\" content=\"920\" \/>\n<meta name=\"twitter:label1\" content=\"Dur\u00e9e de lecture est.\">\n\t<meta name=\"twitter:data1\" content=\"2 minutes\">\n<script type=\"application\/ld+json\" class=\"yoast-schema-graph\">{\"@context\":\"https:\/\/schema.org\",\"@graph\":[{\"@type\":\"WebSite\",\"@id\":\"https:\/\/www.brebeuf.qc.ca\/secondaire\/#website\",\"url\":\"https:\/\/www.brebeuf.qc.ca\/secondaire\/\",\"name\":\"Secondaire\",\"description\":\"Coll\\u00e8ge priv\\u00e9 | Secondaire | Coll\\u00e9gial\",\"potentialAction\":[{\"@type\":\"SearchAction\",\"target\":\"https:\/\/www.brebeuf.qc.ca\/secondaire\/?s={search_term_string}\",\"query-input\":\"required name=search_term_string\"}],\"inLanguage\":\"fr-FR\"},{\"@type\":\"ImageObject\",\"@id\":\"https:\/\/www.brebeuf.qc.ca\/secondaire\/#primaryimage\",\"inLanguage\":\"fr-FR\",\"url\":\"https:\/\/www.brebeuf.qc.ca\/secondaire\/wp-content\/uploads\/sites\/4\/2021\/08\/audrey_belanger_directrice_services_pedagogiques.jpg\",\"contentUrl\":\"https:\/\/www.brebeuf.qc.ca\/secondaire\/wp-content\/uploads\/sites\/4\/2021\/08\/audrey_belanger_directrice_services_pedagogiques.jpg\",\"width\":1380,\"height\":920},{\"@type\":\"WebPage\",\"@id\":\"https:\/\/www.brebeuf.qc.ca\/secondaire\/#webpage\",\"url\":\"https:\/\/www.brebeuf.qc.ca\/secondaire\/\",\"name\":\"Secondaire - Secondaire\",\"isPartOf\":{\"@id\":\"https:\/\/www.brebeuf.qc.ca\/secondaire\/#website\"},\"primaryImageOfPage\":{\"@id\":\"https:\/\/www.brebeuf.qc.ca\/secondaire\/#primaryimage\"},\"datePublished\":\"2014-07-10T13:30:05+00:00\",\"dateModified\":\"2025-08-04T17:27:40+00:00\",\"description\":\"Les \\u00e9l\\u00e8ves du secondaire suivent tous les m\\u00eames cours, \\u00ab le tronc commun \\u00bb, un cursus Br\\u00e9beuf enrichi pour tous.\",\"breadcrumb\":{\"@id\":\"https:\/\/www.brebeuf.qc.ca\/secondaire\/#breadcrumb\"},\"inLanguage\":\"fr-FR\",\"potentialAction\":[{\"@type\":\"ReadAction\",\"target\":[\"https:\/\/www.brebeuf.qc.ca\/secondaire\/\"]}]},{\"@type\":\"BreadcrumbList\",\"@id\":\"https:\/\/www.brebeuf.qc.ca\/secondaire\/#breadcrumb\",\"itemListElement\":[{\"@type\":\"ListItem\",\"position\":1,\"item\":{\"@type\":\"WebPage\",\"@id\":\"https:\/\/www.brebeuf.qc.ca\/secondaire\/\",\"url\":\"https:\/\/www.brebeuf.qc.ca\/secondaire\/\",\"name\":\"Home\"}},{\"@type\":\"ListItem\",\"position\":2,\"item\":{\"@id\":\"https:\/\/www.brebeuf.qc.ca\/secondaire\/#webpage\"}}]}]}<\/script>\n<!-- \/ Yoast SEO plugin. -->","_links":{"self":[{"href":"https:\/\/www.brebeuf.qc.ca\/secondaire\/wp-json\/wp\/v2\/pages\/4"}],"collection":[{"href":"https:\/\/www.brebeuf.qc.ca\/secondaire\/wp-json\/wp\/v2\/pages"}],"about":[{"href":"https:\/\/www.brebeuf.qc.ca\/secondaire\/wp-json\/wp\/v2\/types\/page"}],"author":[{"embeddable":true,"href":"https:\/\/www.brebeuf.qc.ca\/secondaire\/wp-json\/wp\/v2\/users\/1"}],"replies":[{"embeddable":true,"href":"https:\/\/www.brebeuf.qc.ca\/secondaire\/wp-json\/wp\/v2\/comments?post=4"}],"version-history":[{"count":86,"href":"https:\/\/www.brebeuf.qc.ca\/secondaire\/wp-json\/wp\/v2\/pages\/4\/revisions"}],"predecessor-version":[{"id":5063,"href":"https:\/\/www.brebeuf.qc.ca\/secondaire\/wp-json\/wp\/v2\/pages\/4\/revisions\/5063"}],"wp:featuredmedia":[{"embeddable":true,"href":"https:\/\/www.brebeuf.qc.ca\/secondaire\/wp-json\/wp\/v2\/media\/2847"}],"wp:attachment":[{"href":"https:\/\/www.brebeuf.qc.ca\/secondaire\/wp-json\/wp\/v2\/media?parent=4"}],"curies":[{"name":"wp","href":"https:\/\/api.w.org\/{rel}","templated":true}]}}