{"id":3699,"date":"2023-03-20T21:04:09","date_gmt":"2023-03-20T21:04:09","guid":{"rendered":"https:\/\/www.brebeuf.qc.ca\/secondaire\/?page_id=3699"},"modified":"2026-03-23T15:04:25","modified_gmt":"2026-03-23T15:04:25","slug":"portes-ouvertes-hockey","status":"publish","type":"page","link":"https:\/\/www.brebeuf.qc.ca\/secondaire\/portes-ouvertes-hockey\/","title":{"rendered":"Portes ouvertes hockey &#8211; Ar\u00e9na Pierre-P\u00e9ladeau le 27 avril et le 4 mai 2026"},"content":{"rendered":"\n<h2><strong>Viens patiner avec nous !<\/strong><\/h2>\n\n\n\n<p>Les joueurs de hockey en<strong>&nbsp;4e et 5e ann\u00e9e de primaire<\/strong>&nbsp;et leurs parents sont invit\u00e9s \u00e0 <strong>l&rsquo;ar\u00e9na Pierre P\u00e9ladeau du Coll\u00e8ge Jean-de-Br\u00e9beuf<\/strong> le lundi 27 avril et le lundi 4 mai 2026 de 18h00 \u00e0 20h00.<\/p>\n\n\n\n<div class=\"wp-block-buttons is-content-justification-center\">\n<div class=\"wp-block-button\"><a class=\"wp-block-button__link\" href=\"https:\/\/www.brebeuf.qc.ca\/wp-content\/uploads\/2026\/03\/Porte-Ouverte-Hockey.pdf\"><strong><span style=\"text-decoration: underline;\" class=\"ek-underline\">Pr\u00e9sentation du programme de hockey Br\u00e9beuf<\/span><\/strong><\/a><\/div>\n<\/div>\n\n\n\n<div class=\"wp-block-buttons is-content-justification-center\">\n<div class=\"wp-block-button\"><a class=\"wp-block-button__link\" href=\"https:\/\/forms.office.com\/pages\/responsepage.aspx?id=kq86T4T8I0uEGcc4oYPGqhAsJpVDTRlGrF5VU146iQVUN0dKWVVFTEpWTTVKT1BHTUFWWlhBSFBOWC4u&amp;route=shorturl\"><strong><span style=\"text-decoration: underline;\" class=\"ek-underline\">S&rsquo;inscrire aux portes ouvertes<\/span><\/strong><\/a><\/div>\n<\/div>\n\n\n\n<p><strong>Au programme<\/strong>&nbsp;des soir\u00e9es du 27 avril et 4 mai :<\/p>\n\n\n\n<ul><li>Des <strong>matchs amicaux<\/strong>&nbsp;sur la glace;<\/li><li>Des <strong>rencontres <\/strong>avec les entra\u00eeneurs et le responsable du programme de hockey;<\/li><li>Une <strong>s\u00e9ance d&rsquo;information <\/strong>sur le programme de hockey au Coll\u00e8ge Br\u00e9beuf.<\/li><\/ul>\n\n\n\n<p>Les joueurs doivent apporter leur \u00e9quipement et leurs paires de bas de hockey. Le chandail du Coll\u00e8ge sera pr\u00eat\u00e9 pour les s\u00e9ances sur glace.<\/p>\n\n\n\n<p>Il y a 60 places de disponibles par soir pour un total de 120 places en tout. Premier arriv\u00e9, premier inscrit !&nbsp;<br><br>Les d\u00e9tails plus pr\u00e9cis sur le d\u00e9roulement vous seront envoy\u00e9s le mercredi 23 avril.&nbsp;<br><br>Pour toute information compl\u00e9mentaire, vous pouvez contacter :&nbsp; &nbsp; &nbsp; &nbsp; &nbsp; &nbsp; &nbsp; &nbsp; &nbsp; &nbsp; &nbsp; &nbsp; &nbsp; &nbsp; &nbsp; &nbsp; &nbsp; &nbsp; &nbsp; &nbsp; &nbsp; &nbsp; &nbsp; &nbsp; &nbsp; &nbsp; &nbsp; &nbsp; &nbsp; &nbsp; &nbsp; &nbsp; &nbsp; &nbsp; &nbsp; &nbsp; &nbsp; &nbsp; &nbsp;<\/p>\n\n\n\n<p><strong>Samuel Arseneault<\/strong>, <strong>responsable du<\/strong> <strong>programme de<\/strong> <strong>hockey \u00e9lite<\/strong>&nbsp;: <a href=\"mailto:samuel.arseneault@brebeuf.qc.ca\">samuel.arseneault@brebeuf.qc.ca<\/a><\/p>\n\n\n\n<figure class=\"wp-block-gallery aligncenter columns-4 is-cropped caption-align-center\"><ul class=\"blocks-gallery-grid\"><li class=\"blocks-gallery-item\"><figure><a href=\"https:\/\/www.brebeuf.qc.ca\/secondaire\/wp-content\/uploads\/sites\/4\/2025\/03\/DSC6787-1.jpg\" data-rel=\"lightbox-image-0\" data-rl_title=\"\" data-rl_caption=\"\" title=\"\"><img loading=\"lazy\" width=\"3000\" height=\"2000\" src=\"https:\/\/www.brebeuf.qc.ca\/secondaire\/wp-content\/uploads\/sites\/4\/2025\/03\/DSC6787-1.jpg\" alt=\"\" data-id=\"4672\" data-link=\"https:\/\/www.brebeuf.qc.ca\/secondaire\/portes-ouvertes-hockey\/dsc6787-1-2\/\" class=\"wp-image-4672\"\/><\/a><\/figure><\/li><li class=\"blocks-gallery-item\"><figure><a href=\"https:\/\/www.brebeuf.qc.ca\/secondaire\/wp-content\/uploads\/sites\/4\/2025\/03\/CJB_10_Oct23-1622.jpg\" data-rel=\"lightbox-image-1\" data-rl_title=\"\" data-rl_caption=\"\" title=\"\"><img loading=\"lazy\" width=\"3000\" height=\"2000\" src=\"https:\/\/www.brebeuf.qc.ca\/secondaire\/wp-content\/uploads\/sites\/4\/2025\/03\/CJB_10_Oct23-1622.jpg\" alt=\"\" data-id=\"4674\" data-link=\"https:\/\/www.brebeuf.qc.ca\/secondaire\/portes-ouvertes-hockey\/cjb_10_oct23-1622\/\" class=\"wp-image-4674\"\/><\/a><\/figure><\/li><li class=\"blocks-gallery-item\"><figure><a href=\"https:\/\/www.brebeuf.qc.ca\/secondaire\/wp-content\/uploads\/sites\/4\/2025\/03\/CJB_10_Oct23-1659.jpg\" data-rel=\"lightbox-image-2\" data-rl_title=\"\" data-rl_caption=\"\" title=\"\"><img loading=\"lazy\" width=\"3000\" height=\"2000\" src=\"https:\/\/www.brebeuf.qc.ca\/secondaire\/wp-content\/uploads\/sites\/4\/2025\/03\/CJB_10_Oct23-1659.jpg\" alt=\"\" data-id=\"4676\" data-link=\"https:\/\/www.brebeuf.qc.ca\/secondaire\/portes-ouvertes-hockey\/cjb_10_oct23-1659\/\" class=\"wp-image-4676\"\/><\/a><\/figure><\/li><li class=\"blocks-gallery-item\"><figure><a href=\"https:\/\/www.brebeuf.qc.ca\/secondaire\/wp-content\/uploads\/sites\/4\/2025\/03\/CJB_10_Oct23-1619.jpg\" data-rel=\"lightbox-image-3\" data-rl_title=\"\" data-rl_caption=\"\" title=\"\"><img loading=\"lazy\" width=\"3000\" height=\"2000\" src=\"https:\/\/www.brebeuf.qc.ca\/secondaire\/wp-content\/uploads\/sites\/4\/2025\/03\/CJB_10_Oct23-1619.jpg\" alt=\"\" data-id=\"4673\" data-link=\"https:\/\/www.brebeuf.qc.ca\/secondaire\/portes-ouvertes-hockey\/cjb_10_oct23-1619\/\" class=\"wp-image-4673\"\/><\/a><\/figure><\/li><li class=\"blocks-gallery-item\"><figure><a href=\"https:\/\/www.brebeuf.qc.ca\/secondaire\/wp-content\/uploads\/sites\/4\/2025\/03\/CJB_10_Oct23-1635.jpg\" data-rel=\"lightbox-image-4\" data-rl_title=\"\" data-rl_caption=\"\" title=\"\"><img loading=\"lazy\" width=\"3000\" height=\"2000\" src=\"https:\/\/www.brebeuf.qc.ca\/secondaire\/wp-content\/uploads\/sites\/4\/2025\/03\/CJB_10_Oct23-1635.jpg\" alt=\"\" data-id=\"4675\" data-link=\"https:\/\/www.brebeuf.qc.ca\/secondaire\/portes-ouvertes-hockey\/cjb_10_oct23-1635\/\" class=\"wp-image-4675\"\/><\/a><\/figure><\/li><\/ul><\/figure>\n","protected":false},"excerpt":{"rendered":"<p>Viens patiner avec nous ! Les joueurs de hockey en&nbsp;4e et 5e ann\u00e9e de primaire&nbsp;et leurs parents sont invit\u00e9s \u00e0 l&rsquo;ar\u00e9na Pierre P\u00e9ladeau du Coll\u00e8ge Jean-de-Br\u00e9beuf le lundi 27 avril et le lundi 4 mai 2026 de 18h00 \u00e0 20h00&#8230;.<\/p>\n","protected":false},"author":87,"featured_media":4669,"parent":0,"menu_order":0,"comment_status":"closed","ping_status":"closed","template":"templates\/template-personnalisable.php","meta":{"_editorskit_title_hidden":false,"_editorskit_reading_time":1,"_editorskit_typography_data":[],"_editorskit_blocks_typography":""},"yoast_head":"<!-- This site is optimized with the Yoast SEO plugin v16.3 - https:\/\/yoast.com\/wordpress\/plugins\/seo\/ -->\n<title>Portes ouvertes hockey - Ar\u00e9na Pierre-P\u00e9ladeau le 27 avril et le 4 mai 2026 - Secondaire<\/title>\n<meta name=\"robots\" content=\"index, follow, max-snippet:-1, max-image-preview:large, max-video-preview:-1\" \/>\n<link rel=\"canonical\" href=\"https:\/\/www.brebeuf.qc.ca\/secondaire\/portes-ouvertes-hockey\/\" \/>\n<meta property=\"og:locale\" content=\"fr_FR\" \/>\n<meta property=\"og:type\" content=\"article\" \/>\n<meta property=\"og:title\" content=\"Portes ouvertes hockey - Ar\u00e9na Pierre-P\u00e9ladeau le 27 avril et le 4 mai 2026 - Secondaire\" \/>\n<meta property=\"og:description\" content=\"Viens patiner avec nous ! Les joueurs de hockey en&nbsp;4e et 5e ann\u00e9e de primaire&nbsp;et leurs parents sont invit\u00e9s \u00e0 l&rsquo;ar\u00e9na Pierre P\u00e9ladeau du Coll\u00e8ge Jean-de-Br\u00e9beuf le lundi 27 avril et le lundi 4 mai 2026 de 18h00 \u00e0 20h00....\" \/>\n<meta property=\"og:url\" content=\"https:\/\/www.brebeuf.qc.ca\/secondaire\/portes-ouvertes-hockey\/\" \/>\n<meta property=\"og:site_name\" content=\"Secondaire\" \/>\n<meta property=\"article:modified_time\" content=\"2026-03-23T15:04:25+00:00\" \/>\n<meta property=\"og:image\" content=\"https:\/\/www.brebeuf.qc.ca\/secondaire\/wp-content\/uploads\/sites\/4\/2025\/03\/DSC6787.jpg\" \/>\n\t<meta property=\"og:image:width\" content=\"3000\" \/>\n\t<meta property=\"og:image:height\" content=\"2000\" \/>\n<meta name=\"twitter:label1\" content=\"Dur\u00e9e de lecture est.\">\n\t<meta name=\"twitter:data1\" content=\"2 minutes\">\n<script type=\"application\/ld+json\" class=\"yoast-schema-graph\">{\"@context\":\"https:\/\/schema.org\",\"@graph\":[{\"@type\":\"WebSite\",\"@id\":\"https:\/\/www.brebeuf.qc.ca\/secondaire\/#website\",\"url\":\"https:\/\/www.brebeuf.qc.ca\/secondaire\/\",\"name\":\"Secondaire\",\"description\":\"Coll\\u00e8ge priv\\u00e9 | Secondaire | Coll\\u00e9gial\",\"potentialAction\":[{\"@type\":\"SearchAction\",\"target\":\"https:\/\/www.brebeuf.qc.ca\/secondaire\/?s={search_term_string}\",\"query-input\":\"required name=search_term_string\"}],\"inLanguage\":\"fr-FR\"},{\"@type\":\"ImageObject\",\"@id\":\"https:\/\/www.brebeuf.qc.ca\/secondaire\/portes-ouvertes-hockey\/#primaryimage\",\"inLanguage\":\"fr-FR\",\"url\":\"https:\/\/www.brebeuf.qc.ca\/secondaire\/wp-content\/uploads\/sites\/4\/2025\/03\/DSC6787.jpg\",\"contentUrl\":\"https:\/\/www.brebeuf.qc.ca\/secondaire\/wp-content\/uploads\/sites\/4\/2025\/03\/DSC6787.jpg\",\"width\":3000,\"height\":2000},{\"@type\":\"WebPage\",\"@id\":\"https:\/\/www.brebeuf.qc.ca\/secondaire\/portes-ouvertes-hockey\/#webpage\",\"url\":\"https:\/\/www.brebeuf.qc.ca\/secondaire\/portes-ouvertes-hockey\/\",\"name\":\"Portes ouvertes hockey - Ar\\u00e9na Pierre-P\\u00e9ladeau le 27 avril et le 4 mai 2026 - Secondaire\",\"isPartOf\":{\"@id\":\"https:\/\/www.brebeuf.qc.ca\/secondaire\/#website\"},\"primaryImageOfPage\":{\"@id\":\"https:\/\/www.brebeuf.qc.ca\/secondaire\/portes-ouvertes-hockey\/#primaryimage\"},\"datePublished\":\"2023-03-20T21:04:09+00:00\",\"dateModified\":\"2026-03-23T15:04:25+00:00\",\"breadcrumb\":{\"@id\":\"https:\/\/www.brebeuf.qc.ca\/secondaire\/portes-ouvertes-hockey\/#breadcrumb\"},\"inLanguage\":\"fr-FR\",\"potentialAction\":[{\"@type\":\"ReadAction\",\"target\":[\"https:\/\/www.brebeuf.qc.ca\/secondaire\/portes-ouvertes-hockey\/\"]}]},{\"@type\":\"BreadcrumbList\",\"@id\":\"https:\/\/www.brebeuf.qc.ca\/secondaire\/portes-ouvertes-hockey\/#breadcrumb\",\"itemListElement\":[{\"@type\":\"ListItem\",\"position\":1,\"item\":{\"@type\":\"WebPage\",\"@id\":\"https:\/\/www.brebeuf.qc.ca\/secondaire\/\",\"url\":\"https:\/\/www.brebeuf.qc.ca\/secondaire\/\",\"name\":\"Home\"}},{\"@type\":\"ListItem\",\"position\":2,\"item\":{\"@id\":\"https:\/\/www.brebeuf.qc.ca\/secondaire\/portes-ouvertes-hockey\/#webpage\"}}]}]}<\/script>\n<!-- \/ Yoast SEO plugin. -->","_links":{"self":[{"href":"https:\/\/www.brebeuf.qc.ca\/secondaire\/wp-json\/wp\/v2\/pages\/3699"}],"collection":[{"href":"https:\/\/www.brebeuf.qc.ca\/secondaire\/wp-json\/wp\/v2\/pages"}],"about":[{"href":"https:\/\/www.brebeuf.qc.ca\/secondaire\/wp-json\/wp\/v2\/types\/page"}],"author":[{"embeddable":true,"href":"https:\/\/www.brebeuf.qc.ca\/secondaire\/wp-json\/wp\/v2\/users\/87"}],"replies":[{"embeddable":true,"href":"https:\/\/www.brebeuf.qc.ca\/secondaire\/wp-json\/wp\/v2\/comments?post=3699"}],"version-history":[{"count":37,"href":"https:\/\/www.brebeuf.qc.ca\/secondaire\/wp-json\/wp\/v2\/pages\/3699\/revisions"}],"predecessor-version":[{"id":5265,"href":"https:\/\/www.brebeuf.qc.ca\/secondaire\/wp-json\/wp\/v2\/pages\/3699\/revisions\/5265"}],"wp:featuredmedia":[{"embeddable":true,"href":"https:\/\/www.brebeuf.qc.ca\/secondaire\/wp-json\/wp\/v2\/media\/4669"}],"wp:attachment":[{"href":"https:\/\/www.brebeuf.qc.ca\/secondaire\/wp-json\/wp\/v2\/media?parent=3699"}],"curies":[{"name":"wp","href":"https:\/\/api.w.org\/{rel}","templated":true}]}}