{"id":290,"date":"2014-09-12T14:55:43","date_gmt":"2014-09-12T14:55:43","guid":{"rendered":"https:\/\/www.brebeuf.qc.ca\/secondaire-garcons\/?page_id=290"},"modified":"2025-10-23T18:58:53","modified_gmt":"2025-10-23T18:58:53","slug":"hockey-elite","status":"publish","type":"page","link":"https:\/\/www.brebeuf.qc.ca\/secondaire\/sports-garcons\/hockey-elite\/","title":{"rendered":"Hockey \u00e9lite gar\u00e7ons"},"content":{"rendered":"\n<h2><span id=\"Equipes_2025-2026\"><strong>\u00c9quipes 2025-202<\/strong>6<\/span><\/h2>\n\n\n\n<figure class=\"wp-block-gallery columns-1 is-cropped\"><ul class=\"blocks-gallery-grid\"><li class=\"blocks-gallery-item\"><figure><a href=\"https:\/\/www.brebeuf.qc.ca\/secondaire\/wp-content\/uploads\/sites\/4\/2025\/10\/M13-D1.png\" data-rel=\"lightbox-image-0\" data-rl_title=\"\" data-rl_caption=\"\" title=\"\"><img loading=\"lazy\" width=\"2000\" height=\"1414\" src=\"https:\/\/www.brebeuf.qc.ca\/secondaire\/wp-content\/uploads\/sites\/4\/2025\/10\/M13-D1.png\" alt=\"\" data-id=\"5129\" data-link=\"https:\/\/www.brebeuf.qc.ca\/secondaire\/sports-garcons\/hockey-elite\/m13-d1-3\/\" class=\"wp-image-5129\"\/><\/a><\/figure><\/li><li class=\"blocks-gallery-item\"><figure><a href=\"https:\/\/www.brebeuf.qc.ca\/secondaire\/wp-content\/uploads\/sites\/4\/2025\/10\/M15-D1-1.png\" data-rel=\"lightbox-image-1\" data-rl_title=\"\" data-rl_caption=\"\" title=\"\"><img loading=\"lazy\" width=\"2000\" height=\"1414\" src=\"https:\/\/www.brebeuf.qc.ca\/secondaire\/wp-content\/uploads\/sites\/4\/2025\/10\/M15-D1-1.png\" alt=\"\" data-id=\"5130\" data-link=\"https:\/\/www.brebeuf.qc.ca\/secondaire\/sports-garcons\/hockey-elite\/m15-d1-1-2\/\" class=\"wp-image-5130\"\/><\/a><\/figure><\/li><li class=\"blocks-gallery-item\"><figure><a href=\"https:\/\/www.brebeuf.qc.ca\/secondaire\/wp-content\/uploads\/sites\/4\/2025\/10\/M15-D3.png\" data-rel=\"lightbox-image-2\" data-rl_title=\"\" data-rl_caption=\"\" title=\"\"><img loading=\"lazy\" width=\"2000\" height=\"1414\" src=\"https:\/\/www.brebeuf.qc.ca\/secondaire\/wp-content\/uploads\/sites\/4\/2025\/10\/M15-D3.png\" alt=\"\" data-id=\"5131\" data-link=\"https:\/\/www.brebeuf.qc.ca\/secondaire\/sports-garcons\/hockey-elite\/m15-d3-3\/\" class=\"wp-image-5131\"\/><\/a><\/figure><\/li><li class=\"blocks-gallery-item\"><figure><a href=\"https:\/\/www.brebeuf.qc.ca\/secondaire\/wp-content\/uploads\/sites\/4\/2025\/10\/M18-D1-1.png\" data-rel=\"lightbox-image-3\" data-rl_title=\"\" data-rl_caption=\"\" title=\"\"><img loading=\"lazy\" width=\"2000\" height=\"1414\" src=\"https:\/\/www.brebeuf.qc.ca\/secondaire\/wp-content\/uploads\/sites\/4\/2025\/10\/M18-D1-1.png\" alt=\"\" data-id=\"5132\" data-link=\"https:\/\/www.brebeuf.qc.ca\/secondaire\/sports-garcons\/hockey-elite\/m18-d1-1\/\" class=\"wp-image-5132\"\/><\/a><\/figure><\/li><li class=\"blocks-gallery-item\"><figure><a href=\"https:\/\/www.brebeuf.qc.ca\/secondaire\/wp-content\/uploads\/sites\/4\/2025\/10\/M18-D3.png\" data-rel=\"lightbox-image-4\" data-rl_title=\"\" data-rl_caption=\"\" title=\"\"><img loading=\"lazy\" width=\"2000\" height=\"1414\" src=\"https:\/\/www.brebeuf.qc.ca\/secondaire\/wp-content\/uploads\/sites\/4\/2025\/10\/M18-D3.png\" alt=\"\" data-id=\"5133\" data-link=\"https:\/\/www.brebeuf.qc.ca\/secondaire\/sports-garcons\/hockey-elite\/m18-d3-3\/\" class=\"wp-image-5133\"\/><\/a><\/figure><\/li><\/ul><\/figure>\n\n\n\n<h2><span id=\"Quand_lengagement_sallie_a_la_fierte\"><strong>Quand l\u2019engagement s\u2019allie \u00e0 la fiert\u00e9<\/strong><\/span><\/h2>\n\n\n\n<div class=\"wp-block-group\"><div class=\"wp-block-group__inner-container\">\n<div class=\"wp-block-columns\">\n<div class=\"wp-block-column\" style=\"flex-basis:100%\">\n<figure class=\"wp-block-gallery columns-1 is-cropped caption-align-center\"><ul class=\"blocks-gallery-grid\"><li class=\"blocks-gallery-item\"><figure><a href=\"https:\/\/www.brebeuf.qc.ca\/secondaire\/wp-content\/uploads\/sites\/4\/2024\/12\/DSC6675.jpg\" data-rel=\"lightbox-image-5\" data-rl_title=\"\" data-rl_caption=\"\" title=\"\"><img loading=\"lazy\" width=\"3000\" height=\"2000\" src=\"https:\/\/www.brebeuf.qc.ca\/secondaire\/wp-content\/uploads\/sites\/4\/2024\/12\/DSC6675.jpg\" alt=\"\" data-id=\"4564\" data-link=\"https:\/\/www.brebeuf.qc.ca\/secondaire\/sports-garcons\/hockey-elite\/dsc6675-2\/\" class=\"wp-image-4564\"\/><\/a><\/figure><\/li><\/ul><\/figure>\n<\/div>\n<\/div>\n<\/div><\/div>\n\n\n\n<p>D\u2019aussi loin qu\u2019en t\u00e9moignent les archives, le hockey a toujours fait partie de la vie du Coll\u00e8ge Jean-de-Br\u00e9beuf.<\/p>\n\n\n\n<p>Lors d\u2019\u00e9v\u00e9nements sp\u00e9ciaux, durant les ann\u00e9es 1950, le match de hockey qui opposait le Coll\u00e8ge Br\u00e9beuf au Coll\u00e8ge Sainte-Marie \u00e9tait une attraction \u00e0 ne pas manquer. Depuis la construction d\u2019un ar\u00e9na en 1974, le hockey s\u2019est structur\u00e9 davantage. De plus, la r\u00e9novation de l&rsquo;ar\u00e9na qui a \u00e9t\u00e9 inaugur\u00e9e en 2024 aidera grandement l\u2019\u00e9panouissement du programme hockey en am\u00e9liorant la qualit\u00e9 des installations sportives et sanitaires.<\/p>\n\n\n\n<p>Depuis 1982, le Coll\u00e8ge participe activement au d\u00e9veloppement du hockey scolaire au Qu\u00e9bec. Depuis l\u2019harmonisation des diff\u00e9rentes ligues de hockey scolaire, le Coll\u00e8ge est fier de sa structure unique de <strong>six \u00e9quipes&nbsp;<\/strong>qui regroupent plus de \u00e9l\u00e8ves 120 joueurs au secondaire et au coll\u00e9gial.<\/p>\n\n\n\n<ul><li>M13D1 &#8211; RSEQ (section m\u00e9tropolitaine)<\/li><li>M15D1 &#8211; RSEQ (section m\u00e9tropolitaine)<\/li><li>M15D3 &#8211; RSEQ (section m\u00e9tropolitaine)<\/li><li>M18D1 &#8211; RSEQ (section m\u00e9tropolitaine)<\/li><li>M18D3 &#8211; RSEQ (section m\u00e9tropolitaine)<\/li><li>Coll\u00e9gial D2 \u2013 RSEQ (section sud-ouest)<\/li><\/ul>\n\n\n\n<p><strong>Le hockey scolaire a pris beaucoup d\u2019ampleur au Qu\u00e9bec. Notre programme est donc \u00e0 l\u2019aff\u00fbt des changements et modifications qui pourraient favoriser le d\u00e9veloppement de notre programme, et, par le fait m\u00eame, de nos \u00e9l\u00e8ves\/athl\u00e8tes. Le programme est donc structur\u00e9 de mani\u00e8re \u00e0 conjuguer le rendement acad\u00e9mique et le d\u00e9veloppement sportif.<\/strong><\/p>\n\n\n\n<p><strong>Voici un r\u00e9sum\u00e9 des activit\u00e9s :<\/strong><\/p>\n\n\n\n<ul><li>La saison d\u00e9bute avec les entra\u00eenements fin-ao\u00fbt et se termine avec les s\u00e9ries \u00e9liminatoires et le championnat provincial fin-avril en plus d\u2019un camp d\u2019entra\u00eenement offert au mois de mai.<\/li><li>Trois \u00e9v\u00e9nements sur glace sont organis\u00e9s chaque semaine.<\/li><li>Chaque \u00e9quipe dispute entre&nbsp;<strong>40 et 45&nbsp;<\/strong>parties annuellement.<\/li><li>Chaque \u00e9quipe dispute entre&nbsp;<strong>3 et 4 tournois<\/strong>&nbsp;annuellement.<\/li><li>Chaque joueur participera \u00e0 un voyage d\u2019envergure soit en&nbsp;<strong>Europe<\/strong>&nbsp;ou aux&nbsp;<strong>Etats-Unis<\/strong>&nbsp;lors de son parcours au secondaire.<\/li><li>Les matchs de ligue ont majoritairement lieu en semaine&nbsp;<strong>entre 15 h et 19 h<\/strong>, laissant les soir\u00e9es libres pour l\u2019\u00e9tude. \u00c0 quelques occasions (environ 1 par mois), des tournois ou matchs de saison r\u00e9guli\u00e8re ont lieu les fins de semaine.<\/li><li>Des s\u00e9ances de pr\u00e9paration physique guid\u00e9es par une kin\u00e9siologue ont lieu une fois par semaine sur l\u2019heure du midi.<\/li><li>Possibilit\u00e9 de participer \u00e0 des s\u00e9ances d\u2019entrainement du d\u00e9veloppement des habilet\u00e9s individuelles un matin par semaine, sur inscription.<\/li><li>Possibilit\u00e9 de participer \u00e0 des camps de perfectionnement avant la rentr\u00e9e scolaire en ao\u00fbt<\/li><li>Tous les horaires d\u2019entra\u00eenement et de matchs sont adapt\u00e9s aux exigences scolaires.<\/li><li>Le transport et l\u2019encadrement sont assur\u00e9s pour les matchs.<\/li><li>Les entra\u00eeneurs sont tous qualifi\u00e9s et employ\u00e9s par le Coll\u00e8ge.<\/li><li>L\u2019ar\u00e9na est situ\u00e9 sur le campus et une salle de rangement est disponible pour l\u2019\u00e9quipement de tous les joueurs.<\/li><\/ul>\n\n\n\n<p>Cette salle de rangement comprend&nbsp;<strong>quatre locaux<\/strong>&nbsp;:<\/p>\n\n\n\n<ul><li>Salle de casiers m\u00e9talliques en 1re et 2e secondaire<\/li><li>Salle de casiers m\u00e9talliques en 3e et 4e secondaire<\/li><li>Salle de casiers m\u00e9talliques en 5e secondaire<\/li><li>Chambre de rangement pour l\u2019\u00e9quipe Coll\u00e9gial D2<\/li><\/ul>\n\n\n\n<h2><span id=\"Contacts\">Contacts<\/span><\/h2>\n\n\n\n<div class=\"wp-block-columns\">\n<div class=\"wp-block-column\">\n<figure class=\"wp-block-image size-large is-resized caption-align-center\"><a href=\"https:\/\/www.brebeuf.qc.ca\/secondaire\/wp-content\/uploads\/sites\/4\/2023\/12\/2.png\" data-rel=\"lightbox-image-6\" data-rl_title=\"\" data-rl_caption=\"\" title=\"\"><img loading=\"lazy\" src=\"https:\/\/www.brebeuf.qc.ca\/secondaire\/wp-content\/uploads\/sites\/4\/2023\/12\/2.png\" alt=\"\" class=\"wp-image-3972\" width=\"273\" height=\"408\"\/><\/a><figcaption><strong>Samuel Arseneault<\/strong><br>Responsable du programme de hockey \u00e9lite<br>T\u00e9l : 514-342-9342, poste 5637<br><a href=\"mailto:samuel.arseneault@brebeuf.qc.ca\" class=\"ek-link\">samuel.arseneault@brebeuf.qc.ca<\/a><\/figcaption><\/figure>\n<\/div>\n\n\n\n<div class=\"wp-block-column\">\n<figure class=\"wp-block-image size-large is-resized caption-align-center\"><a href=\"https:\/\/www.brebeuf.qc.ca\/secondaire\/wp-content\/uploads\/sites\/4\/2023\/12\/3.png\" data-rel=\"lightbox-image-7\" data-rl_title=\"\" data-rl_caption=\"\" title=\"\"><img loading=\"lazy\" src=\"https:\/\/www.brebeuf.qc.ca\/secondaire\/wp-content\/uploads\/sites\/4\/2023\/12\/3.png\" alt=\"\" class=\"wp-image-3973\" width=\"271\" height=\"405\"\/><\/a><figcaption><strong>Philippe<\/strong> <strong>Bergeron<\/strong><br>Entra\u00eeneur-chef<br>T\u00e9l : 514-342-9342, poste 5611<br><a href=\"mailto:philippe.bergeron@brebeuf.qc.ca\" class=\"ek-link\">philippe.bergeron@brebeuf.qc.ca<\/a><\/figcaption><\/figure>\n<\/div>\n\n\n\n<div class=\"wp-block-column\">\n<figure class=\"wp-block-image size-large is-resized caption-align-center\"><a href=\"https:\/\/www.brebeuf.qc.ca\/secondaire\/wp-content\/uploads\/sites\/4\/2023\/12\/1.png\" data-rel=\"lightbox-image-8\" data-rl_title=\"\" data-rl_caption=\"\" title=\"\"><img loading=\"lazy\" src=\"https:\/\/www.brebeuf.qc.ca\/secondaire\/wp-content\/uploads\/sites\/4\/2023\/12\/1.png\" alt=\"\" class=\"wp-image-3974\" width=\"269\" height=\"403\"\/><\/a><figcaption><strong>Mathieu Drapeau<\/strong><br>Technicien en loisir<br>T\u00e9l : 514-342-9342, poste 5163<br><a href=\"mailto:mathieu.drapeau@brebeuf.qc.ca\" class=\"ek-link\">mathieu.drapeau@brebeuf.qc.ca<\/a><\/figcaption><\/figure>\n<\/div>\n<\/div>\n\n\n\n<h2><span id=\"Calendriers_et_resultats\">Calendriers et r\u00e9sultats<\/span><\/h2>\n\n\n\n<p><strong><a href=\"https:\/\/www.rseqhockey.com\/\" target=\"_blank\" aria-label=\" (opens in a new tab)\" rel=\"noreferrer noopener\" class=\"ek-link\">Consulter les calendriers et r\u00e9sultats<\/a><\/strong><\/p>\n\n\n\n<h2><span id=\"Historique\">Historique<\/span><\/h2>\n\n\n\n<p><strong>Consulter l&rsquo;historique des <a href=\"https:\/\/docs.google.com\/spreadsheets\/u\/2\/d\/e\/2PACX-1vRXzBjbNfIojyDbpsZ-xXcTXkyhmxnt0ZY6u9iX7tIu37umZ0dPr4q82F2HRNwgRRar_XJbA1k4JkX3\/pubhtml\" target=\"_blank\" rel=\"noopener noreferrer\">banni\u00e8res championnats.<\/a><\/strong><\/p>\n\n\n\n<h2><span id=\"Le_hockey_une_tradition_qui_se_poursuit_avec_les_anciens\">Le hockey, une tradition qui se poursuit avec les anciens.<\/span><\/h2>\n\n\n\n<h5>TOURNOI DES ANCIENS<\/h5>\n\n\n\n<p>Depuis 1993, \u00e0 la fin avril, nous organisons le<em><strong>&nbsp;Tournoi de hockey des Anciens<\/strong><\/em>&nbsp;regroupant 16 \u00e0 20 \u00e9quipes qui participent \u00e0 plusieurs matchs durant une semaine compl\u00e8te. Nous profitons de l\u2019occasion pour r\u00e9unir plusieurs anciens et tisser des liens entre les diff\u00e9rentes g\u00e9n\u00e9rations. Le tournoi des Anciens de Br\u00e9beuf \u2018\u2018Hommage \u00e0 Jacques Boisvert\u2019\u2019 regroupe plus de 200 finissants.<\/p>\n\n\n\n<p><strong><strong>Le tournoi des Anciens 2024 (30<sup>e<\/sup>&nbsp;\u00e9dition) aura lieu du 22 au 27 avril.<\/strong><\/strong><\/p>\n\n\n\n<p>Pour obtenir des renseignements sur le tournoi, veuillez communiquer avec Nicolas Beaudet par courriel \u00e0&nbsp;<a href=\"mailto:nicolas.beaudet@brebeuf.qc.ca\">nicolas.beaudet@brebeuf.qc.ca<\/a>&nbsp;ou par t\u00e9l\u00e9phone au 514-342-9342, poste 5301.<\/p>\n\n\n\n<h5>LIGUE DES ANCIENS<\/h5>\n\n\n\n<p>Depuis 2003, le Coll\u00e8ge Jean-de-Br\u00e9beuf a form\u00e9 la Ligue de hockey des anciens finissants du coll\u00e8ge. Les joueurs doivent obligatoirement \u00eatre des anciens \u00e9l\u00e8ves du Coll\u00e8ge pour s\u2019inscrire dans cette ligue de hockey.<\/p>\n\n\n\n<p>Nous regroupons 17 \u00e9quipes et plus de 200 joueurs \u00e2g\u00e9s entre vingt et cinquante ans. Nous sommes le plus gros conventum au coll\u00e8ge!<\/p>\n\n\n\n<p>Les matchs ont lieu une fois par semaine selon l\u2019horaire suivant&nbsp;:<\/p>\n\n\n\n<ul><li>lundi entre 20h-23h ;<\/li><li>mardi entre 20h-23h ;<\/li><li>jeudi entre 20h-23h ;<\/li><li>dimanche entre 21h-22h30<\/li><\/ul>\n\n\n\n<p>Voici le lien pour le site officiel de la ligue&nbsp;: <a href=\"https:\/\/maligue.ca\/ligue-des-anciens-de-brebeuf-2023-2024\" class=\"ek-link\">https:\/\/maligue.ca\/ligue-des-anciens-de-brebeuf-2023-2024<\/a><\/p>\n\n\n\n<p>Pour obtenir des renseignements sur la ligue, veuillez communiquer par courriel avec Pierre Lopez, pr\u00e9sident de la ligue \u00e0 l&rsquo;adresse <a href=\"mailto:p.lopez@videotron.ca\">p.lopez@videotron.ca<\/a>.<\/p>\n\n\n\n<h5>LIGUE PRESTIGE<\/h5>\n\n\n\n<p>Depuis 2012, la&nbsp;<strong>Ligue Prestige<\/strong>&nbsp;a \u00e9t\u00e9 form\u00e9e pour les joueurs de 45 ans et plus. Cette ligue regroupe des anciens et parents d\u2019actuels ou d\u2019anciens \u00e9l\u00e8ves du Coll\u00e8ge. Les matchs ont lieu tous les mercredis entre 19h30 et 22h30.<\/p>\n\n\n\n<p>Pour obtenir des renseignements sur la ligue, veuillez communiquer avec Denis Demers, pr\u00e9sident de la ligue.<\/p>\n<div id=\"toc_container\" class=\"no_bullets\"><p class=\"toc_title\">Sommaire<\/p><ul class=\"toc_list\"><li><a href=\"#Equipes_2025-2026\">\u00c9quipes 2025-2026<\/a><\/li><li><a href=\"#Quand_lengagement_sallie_a_la_fierte\">Quand l\u2019engagement s\u2019allie \u00e0 la fiert\u00e9<\/a><\/li><li><a href=\"#Contacts\">Contacts<\/a><\/li><li><a href=\"#Calendriers_et_resultats\">Calendriers et r\u00e9sultats<\/a><\/li><li><a href=\"#Historique\">Historique<\/a><\/li><li><a href=\"#Le_hockey_une_tradition_qui_se_poursuit_avec_les_anciens\">Le hockey, une tradition qui se poursuit avec les anciens.<\/a><\/li><\/ul><\/div>\n","protected":false},"excerpt":{"rendered":"<p>\u00c9quipes 2025-2026 Quand l\u2019engagement s\u2019allie \u00e0 la fiert\u00e9 D\u2019aussi loin qu\u2019en t\u00e9moignent les archives, le hockey a toujours fait partie de la vie du Coll\u00e8ge Jean-de-Br\u00e9beuf. Lors d\u2019\u00e9v\u00e9nements sp\u00e9ciaux, durant les ann\u00e9es 1950, le match de hockey qui opposait le&#8230;<\/p>\n","protected":false},"author":3,"featured_media":4334,"parent":64,"menu_order":0,"comment_status":"open","ping_status":"closed","template":"templates\/template-personnalisable.php","meta":{"_editorskit_title_hidden":false,"_editorskit_reading_time":4,"_editorskit_typography_data":[],"_editorskit_blocks_typography":""},"yoast_head":"<!-- This site is optimized with the Yoast SEO plugin v16.3 - https:\/\/yoast.com\/wordpress\/plugins\/seo\/ -->\n<title>Hockey \u00e9lite gar\u00e7ons - Secondaire<\/title>\n<meta name=\"robots\" content=\"index, follow, max-snippet:-1, max-image-preview:large, max-video-preview:-1\" \/>\n<link rel=\"canonical\" href=\"https:\/\/www.brebeuf.qc.ca\/secondaire\/sports-garcons\/hockey-elite\/\" \/>\n<meta property=\"og:locale\" content=\"fr_FR\" \/>\n<meta property=\"og:type\" content=\"article\" \/>\n<meta property=\"og:title\" content=\"Hockey \u00e9lite gar\u00e7ons - Secondaire\" \/>\n<meta property=\"og:description\" content=\"\u00c9quipes 2025-2026 Quand l\u2019engagement s\u2019allie \u00e0 la fiert\u00e9 D\u2019aussi loin qu\u2019en t\u00e9moignent les archives, le hockey a toujours fait partie de la vie du Coll\u00e8ge Jean-de-Br\u00e9beuf. Lors d\u2019\u00e9v\u00e9nements sp\u00e9ciaux, durant les ann\u00e9es 1950, le match de hockey qui opposait le...\" \/>\n<meta property=\"og:url\" content=\"https:\/\/www.brebeuf.qc.ca\/secondaire\/sports-garcons\/hockey-elite\/\" \/>\n<meta property=\"og:site_name\" content=\"Secondaire\" \/>\n<meta property=\"article:modified_time\" content=\"2025-10-23T18:58:53+00:00\" \/>\n<meta property=\"og:image\" content=\"https:\/\/www.brebeuf.qc.ca\/secondaire\/wp-content\/uploads\/sites\/4\/2024\/05\/en_tete_site-5.png\" \/>\n\t<meta property=\"og:image:width\" content=\"1400\" \/>\n\t<meta property=\"og:image:height\" content=\"240\" \/>\n<meta name=\"twitter:label1\" content=\"Dur\u00e9e de lecture est.\">\n\t<meta name=\"twitter:data1\" content=\"6 minutes\">\n<script type=\"application\/ld+json\" class=\"yoast-schema-graph\">{\"@context\":\"https:\/\/schema.org\",\"@graph\":[{\"@type\":\"WebSite\",\"@id\":\"https:\/\/www.brebeuf.qc.ca\/secondaire\/#website\",\"url\":\"https:\/\/www.brebeuf.qc.ca\/secondaire\/\",\"name\":\"Secondaire\",\"description\":\"Coll\\u00e8ge priv\\u00e9 | Secondaire | Coll\\u00e9gial\",\"potentialAction\":[{\"@type\":\"SearchAction\",\"target\":\"https:\/\/www.brebeuf.qc.ca\/secondaire\/?s={search_term_string}\",\"query-input\":\"required name=search_term_string\"}],\"inLanguage\":\"fr-FR\"},{\"@type\":\"ImageObject\",\"@id\":\"https:\/\/www.brebeuf.qc.ca\/secondaire\/sports-garcons\/hockey-elite\/#primaryimage\",\"inLanguage\":\"fr-FR\",\"url\":\"https:\/\/www.brebeuf.qc.ca\/secondaire\/wp-content\/uploads\/sites\/4\/2024\/05\/en_tete_site-5.png\",\"contentUrl\":\"https:\/\/www.brebeuf.qc.ca\/secondaire\/wp-content\/uploads\/sites\/4\/2024\/05\/en_tete_site-5.png\",\"width\":1400,\"height\":240},{\"@type\":\"WebPage\",\"@id\":\"https:\/\/www.brebeuf.qc.ca\/secondaire\/sports-garcons\/hockey-elite\/#webpage\",\"url\":\"https:\/\/www.brebeuf.qc.ca\/secondaire\/sports-garcons\/hockey-elite\/\",\"name\":\"Hockey \\u00e9lite gar\\u00e7ons - Secondaire\",\"isPartOf\":{\"@id\":\"https:\/\/www.brebeuf.qc.ca\/secondaire\/#website\"},\"primaryImageOfPage\":{\"@id\":\"https:\/\/www.brebeuf.qc.ca\/secondaire\/sports-garcons\/hockey-elite\/#primaryimage\"},\"datePublished\":\"2014-09-12T14:55:43+00:00\",\"dateModified\":\"2025-10-23T18:58:53+00:00\",\"breadcrumb\":{\"@id\":\"https:\/\/www.brebeuf.qc.ca\/secondaire\/sports-garcons\/hockey-elite\/#breadcrumb\"},\"inLanguage\":\"fr-FR\",\"potentialAction\":[{\"@type\":\"ReadAction\",\"target\":[\"https:\/\/www.brebeuf.qc.ca\/secondaire\/sports-garcons\/hockey-elite\/\"]}]},{\"@type\":\"BreadcrumbList\",\"@id\":\"https:\/\/www.brebeuf.qc.ca\/secondaire\/sports-garcons\/hockey-elite\/#breadcrumb\",\"itemListElement\":[{\"@type\":\"ListItem\",\"position\":1,\"item\":{\"@type\":\"WebPage\",\"@id\":\"https:\/\/www.brebeuf.qc.ca\/secondaire\/\",\"url\":\"https:\/\/www.brebeuf.qc.ca\/secondaire\/\",\"name\":\"Home\"}},{\"@type\":\"ListItem\",\"position\":2,\"item\":{\"@type\":\"WebPage\",\"@id\":\"https:\/\/www.brebeuf.qc.ca\/secondaire\/sports-garcons\/\",\"url\":\"https:\/\/www.brebeuf.qc.ca\/secondaire\/sports-garcons\/\",\"name\":\"Sports gar\\u00e7ons\"}},{\"@type\":\"ListItem\",\"position\":3,\"item\":{\"@id\":\"https:\/\/www.brebeuf.qc.ca\/secondaire\/sports-garcons\/hockey-elite\/#webpage\"}}]}]}<\/script>\n<!-- \/ Yoast SEO plugin. -->","_links":{"self":[{"href":"https:\/\/www.brebeuf.qc.ca\/secondaire\/wp-json\/wp\/v2\/pages\/290"}],"collection":[{"href":"https:\/\/www.brebeuf.qc.ca\/secondaire\/wp-json\/wp\/v2\/pages"}],"about":[{"href":"https:\/\/www.brebeuf.qc.ca\/secondaire\/wp-json\/wp\/v2\/types\/page"}],"author":[{"embeddable":true,"href":"https:\/\/www.brebeuf.qc.ca\/secondaire\/wp-json\/wp\/v2\/users\/3"}],"replies":[{"embeddable":true,"href":"https:\/\/www.brebeuf.qc.ca\/secondaire\/wp-json\/wp\/v2\/comments?post=290"}],"version-history":[{"count":76,"href":"https:\/\/www.brebeuf.qc.ca\/secondaire\/wp-json\/wp\/v2\/pages\/290\/revisions"}],"predecessor-version":[{"id":5268,"href":"https:\/\/www.brebeuf.qc.ca\/secondaire\/wp-json\/wp\/v2\/pages\/290\/revisions\/5268"}],"up":[{"embeddable":true,"href":"https:\/\/www.brebeuf.qc.ca\/secondaire\/wp-json\/wp\/v2\/pages\/64"}],"wp:featuredmedia":[{"embeddable":true,"href":"https:\/\/www.brebeuf.qc.ca\/secondaire\/wp-json\/wp\/v2\/media\/4334"}],"wp:attachment":[{"href":"https:\/\/www.brebeuf.qc.ca\/secondaire\/wp-json\/wp\/v2\/media?parent=290"}],"curies":[{"name":"wp","href":"https:\/\/api.w.org\/{rel}","templated":true}]}}