{"id":208,"date":"2014-09-02T02:00:20","date_gmt":"2014-09-02T02:00:20","guid":{"rendered":"https:\/\/www.brebeuf.qc.ca\/secondaire-garcons\/?page_id=208"},"modified":"2026-04-28T14:22:55","modified_gmt":"2026-04-28T14:22:55","slug":"admission","status":"publish","type":"page","link":"https:\/\/www.brebeuf.qc.ca\/secondaire\/admission\/","title":{"rendered":"Admission au secondaire"},"content":{"rendered":"\n<h2><span id=\"Demande_dadmission_2e_a_5e_secondaire_2026-2027\"><strong>Demande d\u2019admission \u2013 2<sup>e<\/sup> \u00e0 5<sup>e<\/sup> secondaire 2026-2027<\/strong><\/span><\/h2>\n\n\n\n<p>La p\u00e9riode d\u2019inscription pour l\u2019ann\u00e9e scolaire 2026-2027 est maintenant termin\u00e9e.<\/p>\n\n\n\n<h2><span id=\"Demande_drsquoadmission_8211_1re_secondaire_2027-2028\"><strong>Demande d&rsquo;admission &#8211; 1<sup>re<\/sup> secondaire 2027-20<\/strong>28<\/span><\/h2>\n\n\n\n<p>Pour l\u2019ann\u00e9e scolaire&nbsp;<strong>2027-2028,<\/strong>&nbsp;un lien pour le formulaire de demande d\u2019admission en ligne sera disponible du 28 mai au 2 ao\u00fbt 2026.<\/p>\n\n\n\n<ul><li>Seuls les candidats retenus seront invit\u00e9s aux examens d\u2019admission des 26 et 27 septembre 2026.<\/li><li>Notez que les candidats qui choisissent l\u2019option Sport et monde devront \u00e9galement se pr\u00e9senter les 12 et 13 septembre pour l\u2019\u00e9valuation des habilet\u00e9s sportives.<\/li><\/ul>\n\n\n\n<p><strong>Conditions pour \u00eatre admissible<\/strong><\/p>\n\n\n\n<p>Le comit\u00e9 d\u2019admission analyse chacun des dossiers. En accord avec la politique d\u2019admission, ce ne sont pas uniquement les candidats les plus performants qui sont choisis.<\/p>\n\n\n\n<p>Une attention particuli\u00e8re est port\u00e9e&nbsp;:<\/p>\n\n\n\n<ul><li>aux candidatures ayant un fr\u00e8re ou une s\u0153ur au Coll\u00e8ge;<\/li><li>aux candidatures dont un des deux parents a \u00e9tudi\u00e9 au Coll\u00e8ge;<\/li><li>aux enfants des employ\u00e9s du Coll\u00e8ge;<\/li><li>aux candidatures provenant d\u2019\u00e9coles ayant un fort indice de d\u00e9favorisation;<\/li><li>aux candidatures fr\u00e9quentant les \u00e9coles du quartier.<\/li><\/ul>\n\n\n\n<p>Veuillez cependant noter que le fait d\u2019appartenir \u00e0 l\u2019une de ces cat\u00e9gories ne garantit en rien l\u2019admission.<\/p>\n\n\n\n<p><strong>Proc\u00e9dure d\u2019Inscription en ligne uniquement<\/strong><\/p>\n\n\n\n<ol type=\"1\"><li>Remplir le formulaire d\u2019admission en ligne<\/li><li>T\u00e9l\u00e9verser le bulletin final de la 5<sup>e<\/sup> ann\u00e9e du primaire (2025-2026)<\/li><li>Payer les frais* d\u2019\u00e9tude de dossier de 50 $<\/li><\/ol>\n\n\n\n<p>*Les frais d\u2019\u00e9tude de dossier ne sont pas remboursables, que le candidat soit invit\u00e9 ou non \u00e0 passer l\u2019examen d\u2019admission.<\/p>\n\n\n\n<div class=\"wp-block-buttons\">\n<div class=\"wp-block-button\"><a class=\"wp-block-button__link\" href=\"https:\/\/www.brebeuf.qc.ca\/secondaire\/foire-aux-questions-pour-ladmission-2026-2027\/\">Foire aux questions pour l\u2019admission 2027-2028<\/a><\/div>\n<\/div>\n\n\n\n<div style=\"height:21px\" aria-hidden=\"true\" class=\"wp-block-spacer\"><\/div>\n\n\n\n<h5><strong>Pour toute information suppl\u00e9mentaire, veuillez communiquer avec le Service des admissions par t\u00e9l\u00e9phone au 514&nbsp;342-9342, poste 5231, ou par courriel \u00e0 <a href=\"mailto:admission.secondaire@brebeuf.qc.ca\">admission.secondaire@brebeuf.qc.ca<\/a>.<\/strong><\/h5>\n\n\n\n<h2><span id=\"Bourses_drsquoaide\"><strong>Bourses d&rsquo;aide<\/strong><\/span><\/h2>\n\n\n\n<p>Il est possible d\u2019\u00e9tudier au Coll\u00e8ge Br\u00e9beuf m\u00eame si vos moyens financiers sont limit\u00e9s. Nous vous invitons \u00e0 consulter la <strong><a href=\"https:\/\/www.brebeuf.qc.ca\/aide-financiere-brebeuf\/\">page d\u00e9di\u00e9e \u00e0 l&rsquo;aide financi\u00e8re<\/a><\/strong>.<\/p>\n<div id=\"toc_container\" class=\"no_bullets\"><p class=\"toc_title\">Sommaire<\/p><ul class=\"toc_list\"><li><a href=\"#Demande_dadmission_2e_a_5e_secondaire_2026-2027\">Demande d\u2019admission \u2013 2e \u00e0 5e secondaire 2026-2027<\/a><\/li><li><a href=\"#Demande_drsquoadmission_8211_1re_secondaire_2027-2028\">Demande d&rsquo;admission &#8211; 1re secondaire 2027-2028<\/a><\/li><li><a href=\"#Bourses_drsquoaide\">Bourses d&rsquo;aide<\/a><\/li><\/ul><\/div>\n","protected":false},"excerpt":{"rendered":"<p>Demande d\u2019admission \u2013 2e \u00e0 5e secondaire 2026-2027 La p\u00e9riode d\u2019inscription pour l\u2019ann\u00e9e scolaire 2026-2027 est maintenant termin\u00e9e. Demande d&rsquo;admission &#8211; 1re secondaire 2027-2028 Pour l\u2019ann\u00e9e scolaire&nbsp;2027-2028,&nbsp;un lien pour le formulaire de demande d\u2019admission en ligne sera disponible du 28&#8230;<\/p>\n","protected":false},"author":3,"featured_media":4887,"parent":0,"menu_order":0,"comment_status":"closed","ping_status":"closed","template":"templates\/template-personnalisable.php","meta":{"_editorskit_title_hidden":false,"_editorskit_reading_time":1,"_editorskit_typography_data":[],"_editorskit_blocks_typography":""},"yoast_head":"<!-- This site is optimized with the Yoast SEO plugin v16.3 - https:\/\/yoast.com\/wordpress\/plugins\/seo\/ -->\n<title>Admission au secondaire - Secondaire<\/title>\n<meta name=\"robots\" content=\"index, follow, max-snippet:-1, max-image-preview:large, max-video-preview:-1\" \/>\n<link rel=\"canonical\" href=\"https:\/\/www.brebeuf.qc.ca\/secondaire\/admission\/\" \/>\n<meta property=\"og:locale\" content=\"fr_FR\" \/>\n<meta property=\"og:type\" content=\"article\" \/>\n<meta property=\"og:title\" content=\"Admission au secondaire - Secondaire\" \/>\n<meta property=\"og:description\" content=\"Demande d\u2019admission \u2013 2e \u00e0 5e secondaire 2026-2027 La p\u00e9riode d\u2019inscription pour l\u2019ann\u00e9e scolaire 2026-2027 est maintenant termin\u00e9e. Demande d&rsquo;admission &#8211; 1re secondaire 2027-2028 Pour l\u2019ann\u00e9e scolaire&nbsp;2027-2028,&nbsp;un lien pour le formulaire de demande d\u2019admission en ligne sera disponible du 28...\" \/>\n<meta property=\"og:url\" content=\"https:\/\/www.brebeuf.qc.ca\/secondaire\/admission\/\" \/>\n<meta property=\"og:site_name\" content=\"Secondaire\" \/>\n<meta property=\"article:modified_time\" content=\"2026-04-28T14:22:55+00:00\" \/>\n<meta property=\"og:image\" content=\"https:\/\/www.brebeuf.qc.ca\/secondaire\/wp-content\/uploads\/sites\/4\/2025\/05\/Admissions_site.png\" \/>\n\t<meta property=\"og:image:width\" content=\"1400\" \/>\n\t<meta property=\"og:image:height\" content=\"240\" \/>\n<meta name=\"twitter:label1\" content=\"Dur\u00e9e de lecture est.\">\n\t<meta name=\"twitter:data1\" content=\"2 minutes\">\n<script type=\"application\/ld+json\" class=\"yoast-schema-graph\">{\"@context\":\"https:\/\/schema.org\",\"@graph\":[{\"@type\":\"WebSite\",\"@id\":\"https:\/\/www.brebeuf.qc.ca\/secondaire\/#website\",\"url\":\"https:\/\/www.brebeuf.qc.ca\/secondaire\/\",\"name\":\"Secondaire\",\"description\":\"Coll\\u00e8ge priv\\u00e9 | Secondaire | Coll\\u00e9gial\",\"potentialAction\":[{\"@type\":\"SearchAction\",\"target\":\"https:\/\/www.brebeuf.qc.ca\/secondaire\/?s={search_term_string}\",\"query-input\":\"required name=search_term_string\"}],\"inLanguage\":\"fr-FR\"},{\"@type\":\"ImageObject\",\"@id\":\"https:\/\/www.brebeuf.qc.ca\/secondaire\/admission\/#primaryimage\",\"inLanguage\":\"fr-FR\",\"url\":\"https:\/\/www.brebeuf.qc.ca\/secondaire\/wp-content\/uploads\/sites\/4\/2025\/05\/Admissions_site.png\",\"contentUrl\":\"https:\/\/www.brebeuf.qc.ca\/secondaire\/wp-content\/uploads\/sites\/4\/2025\/05\/Admissions_site.png\",\"width\":1400,\"height\":240},{\"@type\":\"WebPage\",\"@id\":\"https:\/\/www.brebeuf.qc.ca\/secondaire\/admission\/#webpage\",\"url\":\"https:\/\/www.brebeuf.qc.ca\/secondaire\/admission\/\",\"name\":\"Admission au secondaire - Secondaire\",\"isPartOf\":{\"@id\":\"https:\/\/www.brebeuf.qc.ca\/secondaire\/#website\"},\"primaryImageOfPage\":{\"@id\":\"https:\/\/www.brebeuf.qc.ca\/secondaire\/admission\/#primaryimage\"},\"datePublished\":\"2014-09-02T02:00:20+00:00\",\"dateModified\":\"2026-04-28T14:22:55+00:00\",\"breadcrumb\":{\"@id\":\"https:\/\/www.brebeuf.qc.ca\/secondaire\/admission\/#breadcrumb\"},\"inLanguage\":\"fr-FR\",\"potentialAction\":[{\"@type\":\"ReadAction\",\"target\":[\"https:\/\/www.brebeuf.qc.ca\/secondaire\/admission\/\"]}]},{\"@type\":\"BreadcrumbList\",\"@id\":\"https:\/\/www.brebeuf.qc.ca\/secondaire\/admission\/#breadcrumb\",\"itemListElement\":[{\"@type\":\"ListItem\",\"position\":1,\"item\":{\"@type\":\"WebPage\",\"@id\":\"https:\/\/www.brebeuf.qc.ca\/secondaire\/\",\"url\":\"https:\/\/www.brebeuf.qc.ca\/secondaire\/\",\"name\":\"Home\"}},{\"@type\":\"ListItem\",\"position\":2,\"item\":{\"@id\":\"https:\/\/www.brebeuf.qc.ca\/secondaire\/admission\/#webpage\"}}]}]}<\/script>\n<!-- \/ Yoast SEO plugin. -->","_links":{"self":[{"href":"https:\/\/www.brebeuf.qc.ca\/secondaire\/wp-json\/wp\/v2\/pages\/208"}],"collection":[{"href":"https:\/\/www.brebeuf.qc.ca\/secondaire\/wp-json\/wp\/v2\/pages"}],"about":[{"href":"https:\/\/www.brebeuf.qc.ca\/secondaire\/wp-json\/wp\/v2\/types\/page"}],"author":[{"embeddable":true,"href":"https:\/\/www.brebeuf.qc.ca\/secondaire\/wp-json\/wp\/v2\/users\/3"}],"replies":[{"embeddable":true,"href":"https:\/\/www.brebeuf.qc.ca\/secondaire\/wp-json\/wp\/v2\/comments?post=208"}],"version-history":[{"count":456,"href":"https:\/\/www.brebeuf.qc.ca\/secondaire\/wp-json\/wp\/v2\/pages\/208\/revisions"}],"predecessor-version":[{"id":5326,"href":"https:\/\/www.brebeuf.qc.ca\/secondaire\/wp-json\/wp\/v2\/pages\/208\/revisions\/5326"}],"wp:featuredmedia":[{"embeddable":true,"href":"https:\/\/www.brebeuf.qc.ca\/secondaire\/wp-json\/wp\/v2\/media\/4887"}],"wp:attachment":[{"href":"https:\/\/www.brebeuf.qc.ca\/secondaire\/wp-json\/wp\/v2\/media?parent=208"}],"curies":[{"name":"wp","href":"https:\/\/api.w.org\/{rel}","templated":true}]}}