{"id":1355,"date":"2019-08-19T16:29:56","date_gmt":"2019-08-19T16:29:56","guid":{"rendered":"https:\/\/www.brebeuf.qc.ca\/secondaire\/?page_id=1355"},"modified":"2026-01-15T21:20:09","modified_gmt":"2026-01-15T21:20:09","slug":"flag-football","status":"publish","type":"page","link":"https:\/\/www.brebeuf.qc.ca\/secondaire\/sports-filles\/flag-football\/","title":{"rendered":"Flag-football f\u00e9minin"},"content":{"rendered":"\n<p>Le programme de <strong>flag-football f\u00e9minin<\/strong> du coll\u00e8ge s\u2019adresse aux \u00e9l\u00e8ves de la <strong>1re \u00e0 la 5e secondaire<\/strong> qui souhaitent pratiquer un sport dynamique dans un environnement structur\u00e9, s\u00e9curitaire et comp\u00e9titif. Les \u00e9quipes \u00e9voluent au sein de la <strong>ligue ext\u00e9rieure du R\u00e9seau du sport \u00e9tudiant du Qu\u00e9bec (RSEQ), section Montr\u00e9al<\/strong>, durant la saison printani\u00e8re, en <strong>format de jeu 7 contre 7<\/strong>.<\/p>\n\n\n\n<hr class=\"wp-block-separator\"\/>\n\n\n\n<h2><span id=\"Equipes_offertes\"><strong>\u00c9quipes offertes<\/strong><\/span><\/h2>\n\n\n\n<p>Le programme compte <strong>6 \u00e9quipes<\/strong>, r\u00e9parties selon les niveaux scolaires :<\/p>\n\n\n\n<ul><li><strong>Atome<\/strong> (secondaire 1) : saison disput\u00e9e sous forme de <strong>2 tournois<\/strong>, r\u00e9partis sur <strong>deux journ\u00e9es<\/strong><\/li><li><strong>Benjamines<\/strong> (secondaire 2) &#8211;<strong> 2 \u00e9quipes<\/strong><\/li><li><strong>Cadettes<\/strong> (secondaire 3 et 4) \u2013 <strong>2 \u00e9quipes<\/strong><\/li><li><strong>Juv\u00e9nile<\/strong> (secondaire 5)<\/li><\/ul>\n\n\n\n<p>Lors de la saison 2025, 110 athl\u00e8tes f\u00e9minines du Coll\u00e8ge ont particip\u00e9 aux diff\u00e9rentes \u00e9quipes.<\/p>\n\n\n\n<hr class=\"wp-block-separator\"\/>\n\n\n\n<h2><span id=\"Organisation_et_encadrement\"><strong>Organisation et encadrement<\/strong><\/span><\/h2>\n\n\n\n<ul><li>Programme <strong>saisonnier (printemps seulement)<\/strong><\/li><li><strong>Division 4 \u2013 RSEQ Montr\u00e9al<\/strong><\/li><li><strong>Format de jeu : 7 vs 7<\/strong><\/li><li><strong>2 entra\u00eenements par semaine<\/strong><\/li><li>Chaque \u00e9quipe dispute <strong>un minimum de 6 matchs<\/strong> <em>(sauf les \u00e9quipes Atome, qui \u00e9voluent en format tournoi)<\/em><\/li><li>Sport <strong>ext\u00e9rieur<\/strong><\/li><li><strong>Camp de s\u00e9lection au mois de mars<\/strong><\/li><li>Chaque niveau est encadr\u00e9 par <strong>2 \u00e0 4 entra\u00eeneurs qualifi\u00e9s<\/strong><\/li><li>Programme favorisant le <strong>d\u00e9veloppement sportif<\/strong>, le <strong>travail d\u2019\u00e9quipe<\/strong> et le <strong>sentiment d\u2019appartenance<\/strong><\/li><\/ul>\n\n\n\n<hr class=\"wp-block-separator\"\/>\n\n\n\n<h2><span id=\"Responsabilite_du_programme\"><strong>Responsabilit\u00e9 du programme<\/strong><\/span><\/h2>\n\n\n\n<p>Le programme est <strong>chapeaut\u00e9 par Karine Sen\u00e9cal<\/strong>, enseignante en \u00e9ducation physique et <strong>responsable du programme de flag-football f\u00e9minin<\/strong>.<\/p>\n\n\n\n<p><strong>Karine Sen\u00e9cal<\/strong><br>T\u00e9l\u00e9phone : 514-342-9342, poste 5624<br>Courriel : <a href=\"mailto:karine.senecal@brebeuf.qc.ca\" class=\"ek-link\">karine.senecal@brebeuf.qc.ca<\/a><\/p>\n<div id=\"toc_container\" class=\"no_bullets\"><p class=\"toc_title\">Sommaire<\/p><ul class=\"toc_list\"><li><a href=\"#Equipes_offertes\">\u00c9quipes offertes<\/a><\/li><li><a href=\"#Organisation_et_encadrement\">Organisation et encadrement<\/a><\/li><li><a href=\"#Responsabilite_du_programme\">Responsabilit\u00e9 du programme<\/a><\/li><\/ul><\/div>\n","protected":false},"excerpt":{"rendered":"<p>Le programme de flag-football f\u00e9minin du coll\u00e8ge s\u2019adresse aux \u00e9l\u00e8ves de la 1re \u00e0 la 5e secondaire qui souhaitent pratiquer un sport dynamique dans un environnement structur\u00e9, s\u00e9curitaire et comp\u00e9titif. Les \u00e9quipes \u00e9voluent au sein de la ligue ext\u00e9rieure du&#8230;<\/p>\n","protected":false},"author":1,"featured_media":5189,"parent":1341,"menu_order":0,"comment_status":"closed","ping_status":"closed","template":"templates\/template-personnalisable.php","meta":{"_editorskit_title_hidden":false,"_editorskit_reading_time":0,"_editorskit_typography_data":[],"_editorskit_blocks_typography":""},"yoast_head":"<!-- This site is optimized with the Yoast SEO plugin v16.3 - https:\/\/yoast.com\/wordpress\/plugins\/seo\/ -->\n<title>Flag-football f\u00e9minin - Secondaire<\/title>\n<meta name=\"robots\" content=\"index, follow, max-snippet:-1, max-image-preview:large, max-video-preview:-1\" \/>\n<link rel=\"canonical\" href=\"https:\/\/www.brebeuf.qc.ca\/secondaire\/sports-filles\/flag-football\/\" \/>\n<meta property=\"og:locale\" content=\"fr_FR\" \/>\n<meta property=\"og:type\" content=\"article\" \/>\n<meta property=\"og:title\" content=\"Flag-football f\u00e9minin - Secondaire\" \/>\n<meta property=\"og:description\" content=\"Le programme de flag-football f\u00e9minin du coll\u00e8ge s\u2019adresse aux \u00e9l\u00e8ves de la 1re \u00e0 la 5e secondaire qui souhaitent pratiquer un sport dynamique dans un environnement structur\u00e9, s\u00e9curitaire et comp\u00e9titif. Les \u00e9quipes \u00e9voluent au sein de la ligue ext\u00e9rieure du...\" \/>\n<meta property=\"og:url\" content=\"https:\/\/www.brebeuf.qc.ca\/secondaire\/sports-filles\/flag-football\/\" \/>\n<meta property=\"og:site_name\" content=\"Secondaire\" \/>\n<meta property=\"article:modified_time\" content=\"2026-01-15T21:20:09+00:00\" \/>\n<meta property=\"og:image\" content=\"https:\/\/www.brebeuf.qc.ca\/secondaire\/wp-content\/uploads\/sites\/4\/2026\/01\/Flag-football-feminin-secondaire-.png\" \/>\n\t<meta property=\"og:image:width\" content=\"1400\" \/>\n\t<meta property=\"og:image:height\" content=\"240\" \/>\n<meta name=\"twitter:label1\" content=\"Dur\u00e9e de lecture est.\">\n\t<meta name=\"twitter:data1\" content=\"1 minute\">\n<script type=\"application\/ld+json\" class=\"yoast-schema-graph\">{\"@context\":\"https:\/\/schema.org\",\"@graph\":[{\"@type\":\"WebSite\",\"@id\":\"https:\/\/www.brebeuf.qc.ca\/secondaire\/#website\",\"url\":\"https:\/\/www.brebeuf.qc.ca\/secondaire\/\",\"name\":\"Secondaire\",\"description\":\"Coll\\u00e8ge priv\\u00e9 | Secondaire | Coll\\u00e9gial\",\"potentialAction\":[{\"@type\":\"SearchAction\",\"target\":\"https:\/\/www.brebeuf.qc.ca\/secondaire\/?s={search_term_string}\",\"query-input\":\"required name=search_term_string\"}],\"inLanguage\":\"fr-FR\"},{\"@type\":\"ImageObject\",\"@id\":\"https:\/\/www.brebeuf.qc.ca\/secondaire\/sports-filles\/flag-football\/#primaryimage\",\"inLanguage\":\"fr-FR\",\"url\":\"https:\/\/www.brebeuf.qc.ca\/secondaire\/wp-content\/uploads\/sites\/4\/2026\/01\/Flag-football-feminin-secondaire-.png\",\"contentUrl\":\"https:\/\/www.brebeuf.qc.ca\/secondaire\/wp-content\/uploads\/sites\/4\/2026\/01\/Flag-football-feminin-secondaire-.png\",\"width\":1400,\"height\":240},{\"@type\":\"WebPage\",\"@id\":\"https:\/\/www.brebeuf.qc.ca\/secondaire\/sports-filles\/flag-football\/#webpage\",\"url\":\"https:\/\/www.brebeuf.qc.ca\/secondaire\/sports-filles\/flag-football\/\",\"name\":\"Flag-football f\\u00e9minin - Secondaire\",\"isPartOf\":{\"@id\":\"https:\/\/www.brebeuf.qc.ca\/secondaire\/#website\"},\"primaryImageOfPage\":{\"@id\":\"https:\/\/www.brebeuf.qc.ca\/secondaire\/sports-filles\/flag-football\/#primaryimage\"},\"datePublished\":\"2019-08-19T16:29:56+00:00\",\"dateModified\":\"2026-01-15T21:20:09+00:00\",\"breadcrumb\":{\"@id\":\"https:\/\/www.brebeuf.qc.ca\/secondaire\/sports-filles\/flag-football\/#breadcrumb\"},\"inLanguage\":\"fr-FR\",\"potentialAction\":[{\"@type\":\"ReadAction\",\"target\":[\"https:\/\/www.brebeuf.qc.ca\/secondaire\/sports-filles\/flag-football\/\"]}]},{\"@type\":\"BreadcrumbList\",\"@id\":\"https:\/\/www.brebeuf.qc.ca\/secondaire\/sports-filles\/flag-football\/#breadcrumb\",\"itemListElement\":[{\"@type\":\"ListItem\",\"position\":1,\"item\":{\"@type\":\"WebPage\",\"@id\":\"https:\/\/www.brebeuf.qc.ca\/secondaire\/\",\"url\":\"https:\/\/www.brebeuf.qc.ca\/secondaire\/\",\"name\":\"Home\"}},{\"@type\":\"ListItem\",\"position\":2,\"item\":{\"@type\":\"WebPage\",\"@id\":\"https:\/\/www.brebeuf.qc.ca\/secondaire\/sports-filles\/\",\"url\":\"https:\/\/www.brebeuf.qc.ca\/secondaire\/sports-filles\/\",\"name\":\"Sports filles\"}},{\"@type\":\"ListItem\",\"position\":3,\"item\":{\"@id\":\"https:\/\/www.brebeuf.qc.ca\/secondaire\/sports-filles\/flag-football\/#webpage\"}}]}]}<\/script>\n<!-- \/ Yoast SEO plugin. -->","_links":{"self":[{"href":"https:\/\/www.brebeuf.qc.ca\/secondaire\/wp-json\/wp\/v2\/pages\/1355"}],"collection":[{"href":"https:\/\/www.brebeuf.qc.ca\/secondaire\/wp-json\/wp\/v2\/pages"}],"about":[{"href":"https:\/\/www.brebeuf.qc.ca\/secondaire\/wp-json\/wp\/v2\/types\/page"}],"author":[{"embeddable":true,"href":"https:\/\/www.brebeuf.qc.ca\/secondaire\/wp-json\/wp\/v2\/users\/1"}],"replies":[{"embeddable":true,"href":"https:\/\/www.brebeuf.qc.ca\/secondaire\/wp-json\/wp\/v2\/comments?post=1355"}],"version-history":[{"count":13,"href":"https:\/\/www.brebeuf.qc.ca\/secondaire\/wp-json\/wp\/v2\/pages\/1355\/revisions"}],"predecessor-version":[{"id":5193,"href":"https:\/\/www.brebeuf.qc.ca\/secondaire\/wp-json\/wp\/v2\/pages\/1355\/revisions\/5193"}],"up":[{"embeddable":true,"href":"https:\/\/www.brebeuf.qc.ca\/secondaire\/wp-json\/wp\/v2\/pages\/1341"}],"wp:featuredmedia":[{"embeddable":true,"href":"https:\/\/www.brebeuf.qc.ca\/secondaire\/wp-json\/wp\/v2\/media\/5189"}],"wp:attachment":[{"href":"https:\/\/www.brebeuf.qc.ca\/secondaire\/wp-json\/wp\/v2\/media?parent=1355"}],"curies":[{"name":"wp","href":"https:\/\/api.w.org\/{rel}","templated":true}]}}