{"id":92,"date":"2014-07-30T16:25:00","date_gmt":"2014-07-30T16:25:00","guid":{"rendered":"http:\/\/www.brebeuf.qc.ca\/collegial\/?page_id=92"},"modified":"2025-10-23T15:40:18","modified_gmt":"2025-10-23T15:40:18","slug":"activites_socioculturelles_comites","status":"publish","type":"page","link":"https:\/\/www.brebeuf.qc.ca\/collegial\/vie-etudiante\/activites_socioculturelles_comites\/","title":{"rendered":"Activit\u00e9s socioculturelles et comit\u00e9s"},"content":{"rendered":"\n<figure class=\"wp-block-embed is-type-video is-provider-youtube wp-block-embed-youtube wp-embed-aspect-16-9 wp-has-aspect-ratio\"><div class=\"wp-block-embed__wrapper\">\n<iframe loading=\"lazy\" title=\"Le socioculturel \u00e0 Br\u00e9beuf\" width=\"1140\" height=\"641\" src=\"https:\/\/www.youtube.com\/embed\/YgUUNNPAfp8?feature=oembed\" frameborder=\"0\" allow=\"accelerometer; autoplay; clipboard-write; encrypted-media; gyroscope; picture-in-picture; web-share\" referrerpolicy=\"strict-origin-when-cross-origin\" allowfullscreen><\/iframe>\n<\/div><\/figure>\n\n\n\n<h2>Plus de 80 comit\u00e9s et activit\u00e9s<\/h2>\n\n\n\n<p>Avec une offre dynamique de plus de 80 comit\u00e9s et activit\u00e9s socioculturelles, les \u00e9tudiants peuvent d\u00e9velopper toutes les facettes de leur personnalit\u00e9, favoriser leur d\u00e9passement personnel et encourager leur autonomie.<\/p>\n\n\n\n<p>Cette grande vari\u00e9t\u00e9 d\u2019occupations couvre une multitude de domaines entre autres les arts, les communaut\u00e9s culturelles, la culture g\u00e9n\u00e9rale, l&rsquo;\u00e9conomie et les sciences.<\/p>\n\n\n\n<p>Au d\u00e9but du mois de septembre lors la <strong><em>Foire des comit\u00e9<\/em>s<\/strong>, les \u00e9tudiants rencontrent les responsables de chaque comit\u00e9 et activit\u00e9s socioculturelles pour s&rsquo;informer. En fonction de leur int\u00e9r\u00eat, ils peuvent faire le choix de s&rsquo;investir dans un ou plusieurs comit\u00e9s et\/ou dans une ou plusieurs activit\u00e9s.<\/p>\n\n\n\n<h3>L&rsquo;\u00e9quipe<\/h3>\n\n\n\n<p class=\"has-text-align-left\">Le Coll\u00e8ge Br\u00e9beuf compte parmi son \u00e9quipe d\u2019intervenants des personnes dynamiques, motiv\u00e9es et professionnelles, pr\u00eates \u00e0 vous aider et rendre votre exp\u00e9rience au coll\u00e9gial unique.<\/p>\n\n\n\n<p><strong>Les personnes-ressources pour les comit\u00e9s et activit\u00e9s socioculturelles<\/strong> :<\/p>\n\n\n\n<p class=\"has-text-align-left\"><strong>Responsable des activit\u00e9s socioculturelles et de la r\u00e9sidence<\/strong><\/p>\n\n\n\n<ul><li><strong>M\u00e9lanie Bougie<\/strong><\/li><li><a href=\"mailto:Melanie.bougie@brebeuf.qc.ca\" target=\"_blank\" aria-label=\"Melanie.bougie@brebeuf.qc.ca (opens in a new tab)\" rel=\"noreferrer noopener\" class=\"ek-link\">Melanie.bougie@brebeuf.qc.ca<\/a><\/li><li>514\u202f342-9342, poste 5240<\/li><\/ul>\n\n\n\n<p class=\"has-text-align-left\"><strong>Conseill\u00e8re \u00e0 la vie \u00e9tudiante et \u00e0 la r\u00e9sidence<\/strong><\/p>\n\n\n\n<ul><li><strong>Marie-Eve St-Charles<\/strong><\/li><li><a href=\"mailto:marie-eve.st-charles@brebeuf.qc.ca\">Marie-eve.st-charles@brebeuf.qc.ca<\/a><\/li><li>514 342-9342, poste 5240<\/li><\/ul>\n\n\n\n<p class=\"has-text-align-left\"><strong>Conseiller \u00e0 la vie \u00e9tudiante et communautaire<\/strong><\/p>\n\n\n\n<ul><li><strong>Fran\u00e7ois Morissette<\/strong><\/li><li><a href=\"mailto:Francois.Morissette@brebeuf.qc.ca\">Francois.Morissette@brebeuf.qc.ca<\/a><\/li><li>514 342-9342, poste 5287<\/li><\/ul>\n\n\n\n<p><strong>Conseill\u00e8re \u00e0 l&rsquo;environnement<\/strong>&nbsp;<\/p>\n\n\n\n<ul><li><strong>Marietta Corcuera<\/strong>&nbsp;<\/li><li><a href=\"mailto:marie-eve.st-charles@brebeuf.qc.ca\" target=\"_blank\" rel=\"noreferrer noopener\">Marietta.corcuera@brebeuf.qc.ca<\/a>&nbsp;<\/li><li>514 342-9342, poste 5142&nbsp;<\/li><\/ul>\n","protected":false},"excerpt":{"rendered":"<p>Plus de 80 comit\u00e9s et activit\u00e9s Avec une offre dynamique de plus de 80 comit\u00e9s et activit\u00e9s socioculturelles, les \u00e9tudiants peuvent d\u00e9velopper toutes les facettes de leur personnalit\u00e9, favoriser leur d\u00e9passement personnel et encourager leur autonomie. Cette grande vari\u00e9t\u00e9 d\u2019occupations&#8230;<\/p>\n","protected":false},"author":2,"featured_media":646,"parent":31,"menu_order":1,"comment_status":"open","ping_status":"closed","template":"templates\/template-personnalisable.php","meta":{"_editorskit_title_hidden":false,"_editorskit_reading_time":1,"_editorskit_typography_data":[],"_editorskit_blocks_typography":""},"yoast_head":"<!-- This site is optimized with the Yoast SEO plugin v16.3 - https:\/\/yoast.com\/wordpress\/plugins\/seo\/ -->\n<title>Activit\u00e9s socioculturelles et comit\u00e9s - Coll\u00e9gial<\/title>\n<meta name=\"description\" content=\"Plus de 60 comit\u00e9s et activit\u00e9s socioculturelles pour d\u00e9velopper ta personnalit\u00e9, favoriser ton d\u00e9passement personnel et encourager ton autonomie.\" \/>\n<meta name=\"robots\" content=\"index, follow, max-snippet:-1, max-image-preview:large, max-video-preview:-1\" \/>\n<link rel=\"canonical\" href=\"https:\/\/www.brebeuf.qc.ca\/collegial\/vie-etudiante\/activites_socioculturelles_comites\/\" \/>\n<meta property=\"og:locale\" content=\"fr_FR\" \/>\n<meta property=\"og:type\" content=\"article\" \/>\n<meta property=\"og:title\" content=\"Activit\u00e9s socioculturelles et comit\u00e9s - Coll\u00e9gial\" \/>\n<meta property=\"og:description\" content=\"Plus de 60 comit\u00e9s et activit\u00e9s socioculturelles pour d\u00e9velopper ta personnalit\u00e9, favoriser ton d\u00e9passement personnel et encourager ton autonomie.\" \/>\n<meta property=\"og:url\" content=\"https:\/\/www.brebeuf.qc.ca\/collegial\/vie-etudiante\/activites_socioculturelles_comites\/\" \/>\n<meta property=\"og:site_name\" content=\"Coll\u00e9gial\" \/>\n<meta property=\"article:modified_time\" content=\"2025-10-23T15:40:18+00:00\" \/>\n<meta property=\"og:image\" content=\"https:\/\/www.brebeuf.qc.ca\/collegial\/wp-content\/uploads\/sites\/2\/2014\/07\/beaudeau_art.jpg\" \/>\n\t<meta property=\"og:image:width\" content=\"1400\" \/>\n\t<meta property=\"og:image:height\" content=\"240\" \/>\n<meta name=\"twitter:label1\" content=\"Dur\u00e9e de lecture est.\">\n\t<meta name=\"twitter:data1\" content=\"1 minute\">\n<script type=\"application\/ld+json\" class=\"yoast-schema-graph\">{\"@context\":\"https:\/\/schema.org\",\"@graph\":[{\"@type\":\"WebSite\",\"@id\":\"https:\/\/www.brebeuf.qc.ca\/collegial\/#website\",\"url\":\"https:\/\/www.brebeuf.qc.ca\/collegial\/\",\"name\":\"Coll\\u00e9gial\",\"description\":\"Coll\\u00e8ge priv\\u00e9 | Secondaire | Coll\\u00e9gial\",\"potentialAction\":[{\"@type\":\"SearchAction\",\"target\":\"https:\/\/www.brebeuf.qc.ca\/collegial\/?s={search_term_string}\",\"query-input\":\"required name=search_term_string\"}],\"inLanguage\":\"fr-FR\"},{\"@type\":\"ImageObject\",\"@id\":\"https:\/\/www.brebeuf.qc.ca\/collegial\/vie-etudiante\/activites_socioculturelles_comites\/#primaryimage\",\"inLanguage\":\"fr-FR\",\"url\":\"https:\/\/www.brebeuf.qc.ca\/collegial\/wp-content\/uploads\/sites\/2\/2014\/07\/beaudeau_art.jpg\",\"contentUrl\":\"https:\/\/www.brebeuf.qc.ca\/collegial\/wp-content\/uploads\/sites\/2\/2014\/07\/beaudeau_art.jpg\",\"width\":1400,\"height\":240},{\"@type\":\"WebPage\",\"@id\":\"https:\/\/www.brebeuf.qc.ca\/collegial\/vie-etudiante\/activites_socioculturelles_comites\/#webpage\",\"url\":\"https:\/\/www.brebeuf.qc.ca\/collegial\/vie-etudiante\/activites_socioculturelles_comites\/\",\"name\":\"Activit\\u00e9s socioculturelles et comit\\u00e9s - Coll\\u00e9gial\",\"isPartOf\":{\"@id\":\"https:\/\/www.brebeuf.qc.ca\/collegial\/#website\"},\"primaryImageOfPage\":{\"@id\":\"https:\/\/www.brebeuf.qc.ca\/collegial\/vie-etudiante\/activites_socioculturelles_comites\/#primaryimage\"},\"datePublished\":\"2014-07-30T16:25:00+00:00\",\"dateModified\":\"2025-10-23T15:40:18+00:00\",\"description\":\"Plus de 60 comit\\u00e9s et activit\\u00e9s socioculturelles pour d\\u00e9velopper ta personnalit\\u00e9, favoriser ton d\\u00e9passement personnel et encourager ton autonomie.\",\"breadcrumb\":{\"@id\":\"https:\/\/www.brebeuf.qc.ca\/collegial\/vie-etudiante\/activites_socioculturelles_comites\/#breadcrumb\"},\"inLanguage\":\"fr-FR\",\"potentialAction\":[{\"@type\":\"ReadAction\",\"target\":[\"https:\/\/www.brebeuf.qc.ca\/collegial\/vie-etudiante\/activites_socioculturelles_comites\/\"]}]},{\"@type\":\"BreadcrumbList\",\"@id\":\"https:\/\/www.brebeuf.qc.ca\/collegial\/vie-etudiante\/activites_socioculturelles_comites\/#breadcrumb\",\"itemListElement\":[{\"@type\":\"ListItem\",\"position\":1,\"item\":{\"@type\":\"WebPage\",\"@id\":\"https:\/\/www.brebeuf.qc.ca\/collegial\/\",\"url\":\"https:\/\/www.brebeuf.qc.ca\/collegial\/\",\"name\":\"Home\"}},{\"@type\":\"ListItem\",\"position\":2,\"item\":{\"@type\":\"WebPage\",\"@id\":\"https:\/\/www.brebeuf.qc.ca\/collegial\/vie-etudiante\/\",\"url\":\"https:\/\/www.brebeuf.qc.ca\/collegial\/vie-etudiante\/\",\"name\":\"Vie \\u00e9tudiante\"}},{\"@type\":\"ListItem\",\"position\":3,\"item\":{\"@id\":\"https:\/\/www.brebeuf.qc.ca\/collegial\/vie-etudiante\/activites_socioculturelles_comites\/#webpage\"}}]}]}<\/script>\n<!-- \/ Yoast SEO plugin. -->","_links":{"self":[{"href":"https:\/\/www.brebeuf.qc.ca\/collegial\/wp-json\/wp\/v2\/pages\/92"}],"collection":[{"href":"https:\/\/www.brebeuf.qc.ca\/collegial\/wp-json\/wp\/v2\/pages"}],"about":[{"href":"https:\/\/www.brebeuf.qc.ca\/collegial\/wp-json\/wp\/v2\/types\/page"}],"author":[{"embeddable":true,"href":"https:\/\/www.brebeuf.qc.ca\/collegial\/wp-json\/wp\/v2\/users\/2"}],"replies":[{"embeddable":true,"href":"https:\/\/www.brebeuf.qc.ca\/collegial\/wp-json\/wp\/v2\/comments?post=92"}],"version-history":[{"count":27,"href":"https:\/\/www.brebeuf.qc.ca\/collegial\/wp-json\/wp\/v2\/pages\/92\/revisions"}],"predecessor-version":[{"id":9175,"href":"https:\/\/www.brebeuf.qc.ca\/collegial\/wp-json\/wp\/v2\/pages\/92\/revisions\/9175"}],"up":[{"embeddable":true,"href":"https:\/\/www.brebeuf.qc.ca\/collegial\/wp-json\/wp\/v2\/pages\/31"}],"wp:featuredmedia":[{"embeddable":true,"href":"https:\/\/www.brebeuf.qc.ca\/collegial\/wp-json\/wp\/v2\/media\/646"}],"wp:attachment":[{"href":"https:\/\/www.brebeuf.qc.ca\/collegial\/wp-json\/wp\/v2\/media?parent=92"}],"curies":[{"name":"wp","href":"https:\/\/api.w.org\/{rel}","templated":true}]}}