{"id":826,"date":"2014-10-30T16:37:16","date_gmt":"2014-10-30T16:37:16","guid":{"rendered":"http:\/\/www.brebeuf.qc.ca\/collegial\/?page_id=826"},"modified":"2020-10-19T19:24:41","modified_gmt":"2020-10-19T19:24:41","slug":"professeurs","status":"publish","type":"page","link":"https:\/\/www.brebeuf.qc.ca\/collegial\/vie-academique\/arts-visuels\/professeurs\/","title":{"rendered":"Professeurs"},"content":{"rendered":"<p><strong>Sophie Lanct\u00f4t<\/strong><\/p>\n<p style=\"text-align: justify;\">Sophie Lanct\u00f4t est professeure au Coll\u00e8ge Jean-de-Br\u00e9beuf en arts visuels et design. Elle d\u00e9tient une Ma\u00eetrise en Arts visuels (peinture) de l\u2019universit\u00e9 Concordia. Depuis plusieurs ann\u00e9es, elle s\u2019int\u00e9resse au domaine du design graphique et s\u2019occupe \u00a0du suivi individuel des \u00e9tudiants pour la mise en forme des portfolios. Parall\u00e8lement \u00e0 son travail d\u2019enseignante, elle a une pratique artistique en peinture et dessin. Elle participe de fa\u00e7on r\u00e9guli\u00e8re \u00e0 des expositions individuelles et collectives. Elle a aussi r\u00e9alis\u00e9 de nombreux projets d\u2019int\u00e9gration des arts \u00e0 l\u2019architecture.<\/p>\n<figure id=\"attachment_1998\" aria-describedby=\"caption-attachment-1998\" style=\"width: 150px\" class=\"wp-caption alignnone\"><a href=\"http:\/\/www.brebeuf.qc.ca\/collegial\/wp-content\/uploads\/sites\/2\/2014\/10\/sophie-final-e1446124745392.jpg\" data-rel=\"lightbox-image-0\" data-rl_title=\"\" data-rl_caption=\"\" title=\"\"><img loading=\"lazy\" class=\"wp-image-1998 size-thumbnail\" src=\"http:\/\/www.brebeuf.qc.ca\/collegial\/wp-content\/uploads\/sites\/2\/2014\/10\/sophie-final-150x150.jpg\" alt=\"sophie final\" width=\"150\" height=\"150\" \/><\/a><figcaption id=\"caption-attachment-1998\" class=\"wp-caption-text\">Sophie Lanct\u00f4t<\/figcaption><\/figure>\n<p><strong>sophie.lanctot@brebeuf.qc.ca<\/strong><br \/>\n(514) 342-9342 poste : 5464<\/p>\n<hr \/>\n<p><strong>Audrey-Maude McDuff<\/strong><\/p>\n<p style=\"text-align: justify;\">Audrey-Maude McDuff est titulaire d\u2019un baccalaur\u00e9at en arts visuels et m\u00e9diatiques de l\u2019UQAM, d\u2019une ma\u00eetrise en Beaux-Arts, profil Intermedia, de l\u2019Universit\u00e9 Concordia et d\u2019une formation en \u00e9ducation de l\u2019Universit\u00e9 du Qu\u00e9bec \u00e0 Montr\u00e9al. Elle a travaill\u00e9 durant trois ans \u00e0 Hexagram, Centre de recherche en arts m\u00e9diatiques, pour explorer le potentiel artistique des technologies 3D st\u00e9r\u00e9oscopiques. Elle a \u00e9galement travaill\u00e9 comme illustratrice.\u00a0Elle r\u00e9alise des \u0153uvres installatives qui associent dessin et vid\u00e9o. Celles-ci portent un questionnement sur le temps, l\u2019apparition et la disparition de l\u2019image et le d\u00e9ploiement de la pens\u00e9e. Son travail a \u00e9t\u00e9 pr\u00e9sent\u00e9 dans plusieurs expositions individuelles et collectives, notamment \u00e0 l\u2019Agence Topo, \u00e0 la galerie Art M\u00fbr, \u00e0 la S.A.T. (Soci\u00e9t\u00e9 des arts technologiques) et \u00e0 plusieurs \u00e9ditions de la Nuit Blanche de Montr\u00e9al.<\/p>\n<figure id=\"attachment_2942\" aria-describedby=\"caption-attachment-2942\" style=\"width: 150px\" class=\"wp-caption alignnone\"><img loading=\"lazy\" class=\"wp-image-2942 size-thumbnail\" src=\"http:\/\/www.brebeuf.qc.ca\/collegial\/wp-content\/uploads\/sites\/2\/2014\/10\/AMMC-150x150.jpg\" alt=\"ammc\" width=\"150\" height=\"150\" \/><figcaption id=\"caption-attachment-2942\" class=\"wp-caption-text\">Audrey-Maude McDuff<\/figcaption><\/figure>\n<p><strong>audrey-maude.mcduff@brebeuf.qc.ca<br \/>\n<\/strong>(514) 342-9342 poste: 5464<\/p>\n<hr \/>\n<p><strong>S\u00e9bastien Worsnip<\/strong><\/p>\n<p style=\"text-align: justify;\">S\u00e9bastien Worsnip est dipl\u00f4m\u00e9 en Arts visuels de l\u2019universit\u00e9 NSCAD. Il expose au Canada et \u00e0 l\u2019\u00e9tranger depuis 1995. Entre autres, il a \u00e9t\u00e9\u00a0r\u00e9cipiendaire de la bourse Brucebo en Su\u00e8de et il a\u00a0particip\u00e9 au Symposium de la nouvelle peinture de Baie St-Paul. Ces \u0153uvres font partie de nombreuses collections dont Loto-Qu\u00e9bec et le Mus\u00e9e des beaux Arts de Qu\u00e9bec. Il est repr\u00e9sent\u00e9 par la galerie Joyce Yahouda ainsi que la galerie Michel Guimont.\u00a0Parall\u00e8lement \u00e0 ceci, il a \u00e9tudi\u00e9 le Design industriel \u00e0 l\u2019Universit\u00e9 de Montr\u00e9al. Entre 1999 et 2008 il a dirig\u00e9\u00a0une entreprise de conception et fabrication de d\u00e9cors et d\u2019effets sp\u00e9ciaux pour l\u2019industrie du cin\u00e9ma, le Garage Atomique.<\/p>\n<figure id=\"attachment_1999\" aria-describedby=\"caption-attachment-1999\" style=\"width: 150px\" class=\"wp-caption alignnone\"><a href=\"http:\/\/www.brebeuf.qc.ca\/collegial\/wp-content\/uploads\/sites\/2\/2014\/10\/SW-e1446124819777.jpg\" data-rel=\"lightbox-image-1\" data-rl_title=\"\" data-rl_caption=\"\" title=\"\"><img loading=\"lazy\" class=\"wp-image-1999\" src=\"http:\/\/www.brebeuf.qc.ca\/collegial\/wp-content\/uploads\/sites\/2\/2014\/10\/SW-e1477591025153.jpg\" alt=\"\" width=\"150\" height=\"188\" \/><\/a><figcaption id=\"caption-attachment-1999\" class=\"wp-caption-text\">S\u00e9bastien Worsnip<\/figcaption><\/figure>\n<p><strong>sebastien.worsnip@brebeuf.qc.ca<\/strong><br \/>\n(514) 342-9342 poste: 5464<\/p>\n","protected":false},"excerpt":{"rendered":"<p>Sophie Lanct\u00f4t Sophie Lanct\u00f4t est professeure au Coll\u00e8ge Jean-de-Br\u00e9beuf en arts visuels et design. Elle d\u00e9tient une Ma\u00eetrise en Arts visuels (peinture) de l\u2019universit\u00e9 Concordia. Depuis plusieurs ann\u00e9es, elle s\u2019int\u00e9resse au domaine du design graphique et s\u2019occupe \u00a0du suivi individuel&#8230;<\/p>\n","protected":false},"author":3,"featured_media":2934,"parent":547,"menu_order":0,"comment_status":"open","ping_status":"closed","template":"templates\/template-personnalisable.php","meta":{"_editorskit_title_hidden":false,"_editorskit_reading_time":0,"_editorskit_typography_data":[],"_editorskit_blocks_typography":""},"yoast_head":"<!-- This site is optimized with the Yoast SEO plugin v16.3 - https:\/\/yoast.com\/wordpress\/plugins\/seo\/ -->\n<title>Professeurs - Coll\u00e9gial<\/title>\n<meta name=\"robots\" content=\"index, follow, max-snippet:-1, max-image-preview:large, max-video-preview:-1\" \/>\n<link rel=\"canonical\" href=\"https:\/\/www.brebeuf.qc.ca\/collegial\/vie-academique\/arts-visuels\/professeurs\/\" \/>\n<meta property=\"og:locale\" content=\"fr_FR\" \/>\n<meta property=\"og:type\" content=\"article\" \/>\n<meta property=\"og:title\" content=\"Professeurs - Coll\u00e9gial\" \/>\n<meta property=\"og:description\" content=\"Sophie Lanct\u00f4t Sophie Lanct\u00f4t est professeure au Coll\u00e8ge Jean-de-Br\u00e9beuf en arts visuels et design. Elle d\u00e9tient une Ma\u00eetrise en Arts visuels (peinture) de l\u2019universit\u00e9 Concordia. Depuis plusieurs ann\u00e9es, elle s\u2019int\u00e9resse au domaine du design graphique et s\u2019occupe \u00a0du suivi individuel...\" \/>\n<meta property=\"og:url\" content=\"https:\/\/www.brebeuf.qc.ca\/collegial\/vie-academique\/arts-visuels\/professeurs\/\" \/>\n<meta property=\"og:site_name\" content=\"Coll\u00e9gial\" \/>\n<meta property=\"article:modified_time\" content=\"2020-10-19T19:24:41+00:00\" \/>\n<meta property=\"og:image\" content=\"https:\/\/www.brebeuf.qc.ca\/collegial\/wp-content\/uploads\/sites\/2\/2014\/10\/banderole_web_artdesign_1440x240.jpg\" \/>\n\t<meta property=\"og:image:width\" content=\"1400\" \/>\n\t<meta property=\"og:image:height\" content=\"240\" \/>\n<meta name=\"twitter:label1\" content=\"Dur\u00e9e de lecture est.\">\n\t<meta name=\"twitter:data1\" content=\"2 minutes\">\n<script type=\"application\/ld+json\" class=\"yoast-schema-graph\">{\"@context\":\"https:\/\/schema.org\",\"@graph\":[{\"@type\":\"WebSite\",\"@id\":\"https:\/\/www.brebeuf.qc.ca\/collegial\/#website\",\"url\":\"https:\/\/www.brebeuf.qc.ca\/collegial\/\",\"name\":\"Coll\\u00e9gial\",\"description\":\"Coll\\u00e8ge priv\\u00e9 | Secondaire | Coll\\u00e9gial\",\"potentialAction\":[{\"@type\":\"SearchAction\",\"target\":\"https:\/\/www.brebeuf.qc.ca\/collegial\/?s={search_term_string}\",\"query-input\":\"required name=search_term_string\"}],\"inLanguage\":\"fr-FR\"},{\"@type\":\"ImageObject\",\"@id\":\"https:\/\/www.brebeuf.qc.ca\/collegial\/vie-academique\/arts-visuels\/professeurs\/#primaryimage\",\"inLanguage\":\"fr-FR\",\"url\":\"https:\/\/www.brebeuf.qc.ca\/collegial\/wp-content\/uploads\/sites\/2\/2014\/10\/banderole_web_artdesign_1440x240.jpg\",\"contentUrl\":\"https:\/\/www.brebeuf.qc.ca\/collegial\/wp-content\/uploads\/sites\/2\/2014\/10\/banderole_web_artdesign_1440x240.jpg\",\"width\":1400,\"height\":240},{\"@type\":\"WebPage\",\"@id\":\"https:\/\/www.brebeuf.qc.ca\/collegial\/vie-academique\/arts-visuels\/professeurs\/#webpage\",\"url\":\"https:\/\/www.brebeuf.qc.ca\/collegial\/vie-academique\/arts-visuels\/professeurs\/\",\"name\":\"Professeurs - Coll\\u00e9gial\",\"isPartOf\":{\"@id\":\"https:\/\/www.brebeuf.qc.ca\/collegial\/#website\"},\"primaryImageOfPage\":{\"@id\":\"https:\/\/www.brebeuf.qc.ca\/collegial\/vie-academique\/arts-visuels\/professeurs\/#primaryimage\"},\"datePublished\":\"2014-10-30T16:37:16+00:00\",\"dateModified\":\"2020-10-19T19:24:41+00:00\",\"breadcrumb\":{\"@id\":\"https:\/\/www.brebeuf.qc.ca\/collegial\/vie-academique\/arts-visuels\/professeurs\/#breadcrumb\"},\"inLanguage\":\"fr-FR\",\"potentialAction\":[{\"@type\":\"ReadAction\",\"target\":[\"https:\/\/www.brebeuf.qc.ca\/collegial\/vie-academique\/arts-visuels\/professeurs\/\"]}]},{\"@type\":\"BreadcrumbList\",\"@id\":\"https:\/\/www.brebeuf.qc.ca\/collegial\/vie-academique\/arts-visuels\/professeurs\/#breadcrumb\",\"itemListElement\":[{\"@type\":\"ListItem\",\"position\":1,\"item\":{\"@type\":\"WebPage\",\"@id\":\"https:\/\/www.brebeuf.qc.ca\/collegial\/\",\"url\":\"https:\/\/www.brebeuf.qc.ca\/collegial\/\",\"name\":\"Home\"}},{\"@type\":\"ListItem\",\"position\":2,\"item\":{\"@type\":\"WebPage\",\"@id\":\"https:\/\/www.brebeuf.qc.ca\/collegial\/vie-academique\/\",\"url\":\"https:\/\/www.brebeuf.qc.ca\/collegial\/vie-academique\/\",\"name\":\"Vie acad\\u00e9mique\"}},{\"@type\":\"ListItem\",\"position\":3,\"item\":{\"@type\":\"WebPage\",\"@id\":\"https:\/\/www.brebeuf.qc.ca\/collegial\/vie-academique\/arts-visuels\/\",\"url\":\"https:\/\/www.brebeuf.qc.ca\/collegial\/vie-academique\/arts-visuels\/\",\"name\":\"Art et Design\"}},{\"@type\":\"ListItem\",\"position\":4,\"item\":{\"@id\":\"https:\/\/www.brebeuf.qc.ca\/collegial\/vie-academique\/arts-visuels\/professeurs\/#webpage\"}}]}]}<\/script>\n<!-- \/ Yoast SEO plugin. -->","_links":{"self":[{"href":"https:\/\/www.brebeuf.qc.ca\/collegial\/wp-json\/wp\/v2\/pages\/826"}],"collection":[{"href":"https:\/\/www.brebeuf.qc.ca\/collegial\/wp-json\/wp\/v2\/pages"}],"about":[{"href":"https:\/\/www.brebeuf.qc.ca\/collegial\/wp-json\/wp\/v2\/types\/page"}],"author":[{"embeddable":true,"href":"https:\/\/www.brebeuf.qc.ca\/collegial\/wp-json\/wp\/v2\/users\/3"}],"replies":[{"embeddable":true,"href":"https:\/\/www.brebeuf.qc.ca\/collegial\/wp-json\/wp\/v2\/comments?post=826"}],"version-history":[{"count":12,"href":"https:\/\/www.brebeuf.qc.ca\/collegial\/wp-json\/wp\/v2\/pages\/826\/revisions"}],"predecessor-version":[{"id":5219,"href":"https:\/\/www.brebeuf.qc.ca\/collegial\/wp-json\/wp\/v2\/pages\/826\/revisions\/5219"}],"up":[{"embeddable":true,"href":"https:\/\/www.brebeuf.qc.ca\/collegial\/wp-json\/wp\/v2\/pages\/547"}],"wp:featuredmedia":[{"embeddable":true,"href":"https:\/\/www.brebeuf.qc.ca\/collegial\/wp-json\/wp\/v2\/media\/2934"}],"wp:attachment":[{"href":"https:\/\/www.brebeuf.qc.ca\/collegial\/wp-json\/wp\/v2\/media?parent=826"}],"curies":[{"name":"wp","href":"https:\/\/api.w.org\/{rel}","templated":true}]}}