{"id":7579,"date":"2023-09-28T13:24:34","date_gmt":"2023-09-28T13:24:34","guid":{"rendered":"https:\/\/www.brebeuf.qc.ca\/collegial\/?page_id=7579"},"modified":"2024-09-18T16:00:29","modified_gmt":"2024-09-18T16:00:29","slug":"procedures-pour-faire-une-demande-de-plan-dintervention-ou-plan-de-service","status":"publish","type":"page","link":"https:\/\/www.brebeuf.qc.ca\/collegial\/aide-la-reussite\/procedures-pour-faire-une-demande-de-plan-dintervention-ou-plan-de-service\/","title":{"rendered":"Proc\u00e9dures pour faire une demande de plan d\u2019intervention ou plan de service"},"content":{"rendered":"\n<p>Entre les semaines 13 et 15 de la session, l\u2019\u00e9quipe des services adapt\u00e9s pourrait ne pas \u00eatre en mesure de r\u00e9pondre \u00e0 votre demande avant la tenue de vos examens finaux. Votre demande pourrait \u00eatre prise en compte pour la session suivante.<\/p>\n\n\n\n<h3><strong>\u00c9tape 1<\/strong><\/h3>\n\n\n\n<p>1.1 \u00c9tudiant.e ayant un diagnostic avec rapport d\u2019\u00e9valuation ou billet m\u00e9dical<\/p>\n\n\n\n<p>Pour l\u2019ouverture du dossier aux services adapt\u00e9s, vous devez nous faire parvenir \u00e0 l\u2019adresse courriel des services adapt\u00e9s du coll\u00e8ge (<a href=\"mailto:servicesadaptes@brebeuf.qc.ca\">servicesadaptes@brebeuf.qc.ca<\/a>) une copie du rapport d\u2019\u00e9valuation (m\u00e9dical, neuropsychologique, orthophonique, psychologique) afin de permettre aux services adapt\u00e9s de d\u00e9terminer si des accommodements scolaires peuvent \u00eatre accord\u00e9s.<\/p>\n\n\n\n<ul><li>Le document doit \u00eatre conforme \u00e0 l\u2019original et soumis dans son enti\u00e8ret\u00e9.<\/li><li>Le rapport ou l\u2019\u00e9valuation diagnostique doit mettre en relief les besoins de l\u2019\u00e9tudiant et les mesures d\u2019accommodement recommand\u00e9es.<\/li><li>Le document est obligatoire pour l\u2019obtention de mesures d\u2019aide.<\/li><li>Il est possible de joindre le plan d\u2019intervention du secondaire, mais veuillez noter que les mesures inscrites au plan d\u2019intervention du secondaire ne sont pas automatiquement reconduites.<\/li><\/ul>\n\n\n\n<p>1.2 \u00c9tudiant.e ayant seulement un plan d\u2019intervention du secondaire<\/p>\n\n\n\n<p>Pour l\u2019ouverture du dossier aux services adapt\u00e9s, vous devez nous faire parvenir \u00e0 l\u2019adresse courriel des services adapt\u00e9s du coll\u00e8ge (<a href=\"mailto:servicesadaptes@brebeuf.qc.ca\">servicesadaptes@brebeuf.qc.ca<\/a>), le plan d\u2019intervention du secondaire. Tel que stipul\u00e9 pr\u00e9c\u00e9demment, la personne \u00e9tudiante sans diagnostic clairement \u00e9tabli se verra offrir un plan de service. Pour obtenir des mesures d\u2019accommodement pour la personne \u00e9tudiante en situation de handicap, faire remplir le <a href=\"https:\/\/www.brebeuf.qc.ca\/collegial\/wp-content\/uploads\/sites\/2\/2024\/03\/Formulaire_evaluation_diagnostique_Brebeuf_mars2024.pdf\" class=\"ek-link\">document d\u2019\u00e9valuation diagnostique<\/a> par un professionnel de la sant\u00e9 (m\u00e9decin, psychologue, orthophoniste, audiologiste, optom\u00e9triste) afin de permettre aux services adapt\u00e9s de d\u00e9terminer si des accommodements scolaires peuvent \u00eatre accord\u00e9s.<\/p>\n\n\n\n<ul><li>Les documents doivent \u00eatre conformes \u00e0 l\u2019original et soumis dans leur enti\u00e8ret\u00e9.<\/li><li>L\u2019\u00e9valuation diagnostique doit mettre en relief les besoins de l\u2019\u00e9tudiant et les mesures d\u2019accommodement recommand\u00e9es.<\/li><li>Ces documents sont obligatoires pour l\u2019obtention de mesures d\u2019aide.<\/li><li>Veuillez noter que les mesures inscrites au plan d\u2019intervention du secondaire ne sont pas automatiquement reconduites.<\/li><\/ul>\n\n\n\n<h3><strong>\u00c9tape 2 : Rencontre d\u2019\u00e9valuation de besoins<\/strong><\/h3>\n\n\n\n<p>Par la suite, une rencontre obligatoire d\u2019une dur\u00e9e approximative d\u2019une heure et demie sera planifi\u00e9e par une personne habilit\u00e9e des services adapt\u00e9s afin d\u2019identifier les besoins ainsi que les limitations v\u00e9cues. Le plan d\u2019intervention ou le plan de services sera \u00e9labor\u00e9 \u00e0 partir des \u00e9l\u00e9ments soulev\u00e9s en entrevue et le cas \u00e9ch\u00e9ant, des informations qui se trouvent dans le rapport d\u2019\u00e9valuation du professionnel de la sant\u00e9 et de ceux qui seront exprim\u00e9s durant l\u2019entrevue.<\/p>\n\n\n\n<p>La pr\u00e9sence des parents n\u2019est pas recommand\u00e9e \u00e0 cette rencontre. Nous visons \u00e0 accompagner les jeunes vers le d\u00e9veloppement de leur autonomie. Prendre note que les communications se feront principalement aupr\u00e8s de la personne \u00e9tudiante, et au besoin, aupr\u00e8s du parent.<\/p>\n\n\n\n<p>Une fois sign\u00e9, le plan d\u2019intervention ou le plan de services sera activ\u00e9 dans un d\u00e9lai maximal de 10 jours.<\/p>\n\n\n\n<p>Pour toute question, vous pouvez communiquer par courriel avec les services adapt\u00e9s : <a href=\"mailto:servicesadaptes@brebeuf.qc.ca\">servicesadaptes@brebeuf.qc.ca<\/a><\/p>\n\n\n\n<h3><strong><a href=\"https:\/\/www.brebeuf.qc.ca\/collegial\/aide-la-reussite\/particularites-pour-les-etudiants-es-du-baccalaureat-international-bi\/\" class=\"ek-link\">Particularit\u00e9s pour les \u00e9tudiants.es du Baccalaur\u00e9at international (BI)<\/a><\/strong><\/h3>\n\n\n\n<h2><strong>Priorit\u00e9 du traitement des demandes<\/strong><\/h2>\n\n\n\n<p>Les demandes sont trait\u00e9es selon l\u2019ordre de priorit\u00e9 suivant :<\/p>\n\n\n\n<ul><li>\u00c9tudiant.e avec un diagnostic ou une \u00e9valuation diagnostique clairement \u00e9tabli par une personne professionnelle habilit\u00e9e*<\/li><li>\u00c9tudiant.e avec une hypoth\u00e8se diagnostique \u00e9mise par une personne professionnelle habilit\u00e9e et plan d\u2019intervention au secondaire<\/li><li>\u00c9tudiant.e avec une hypoth\u00e8se diagnostique \u00e9mise par une personne professionnelle habilit\u00e9e et en processus d\u2019\u00e9valuation<\/li><li>\u00c9tudiant.e avec une hypoth\u00e8se diagnostique \u00e9mise par une personne professionnelle habilit\u00e9e<\/li><li>\u00c9tudiant.e ayant uniquement un plan d\u2019intervention secondaire<\/li><\/ul>\n\n\n\n<p>* <em>Les personnes \u00e9tudiantes en situation de handicap prises en consid\u00e9ration pour l\u2019\u00e9laboration d\u2019un plan d\u2019intervention doivent r\u00e9pondre \u00e0 certaines conditions et parmi celles-ci, leur situation de handicap doit \u00eatre confirm\u00e9e par un diagnostic, ou une \u00e9valuation diagnostique, \u00e9tabli par une personne professionnelle habilit\u00e9e en vertu du <\/em><a href=\"https:\/\/www.brebeuf.qc.ca\/collegial\/wp-content\/uploads\/sites\/2\/2023\/09\/Tableau_professionnels_habilites_CCSI-2023-05-09-F.pdf\" class=\"ek-link\"><em>Code des professions<\/em><\/a><em>. Les \u00e9valuations r\u00e9serv\u00e9es par les personnes professionnelles sont mentionn\u00e9es dans le tableau joint.<\/em><\/p>\n","protected":false},"excerpt":{"rendered":"<p>Entre les semaines 13 et 15 de la session, l\u2019\u00e9quipe des services adapt\u00e9s pourrait ne pas \u00eatre en mesure de r\u00e9pondre \u00e0 votre demande avant la tenue de vos examens finaux. Votre demande pourrait \u00eatre prise en compte pour la&#8230;<\/p>\n","protected":false},"author":87,"featured_media":0,"parent":357,"menu_order":0,"comment_status":"closed","ping_status":"closed","template":"templates\/template-personnalisable.php","meta":{"_editorskit_title_hidden":false,"_editorskit_reading_time":2,"_editorskit_typography_data":[],"_editorskit_blocks_typography":""},"yoast_head":"<!-- This site is optimized with the Yoast SEO plugin v16.3 - https:\/\/yoast.com\/wordpress\/plugins\/seo\/ -->\n<title>Proc\u00e9dures pour faire une demande de plan d\u2019intervention ou plan de service - Coll\u00e9gial<\/title>\n<meta name=\"robots\" content=\"index, follow, max-snippet:-1, max-image-preview:large, max-video-preview:-1\" \/>\n<link rel=\"canonical\" href=\"https:\/\/www.brebeuf.qc.ca\/collegial\/aide-la-reussite\/procedures-pour-faire-une-demande-de-plan-dintervention-ou-plan-de-service\/\" \/>\n<meta property=\"og:locale\" content=\"fr_FR\" \/>\n<meta property=\"og:type\" content=\"article\" \/>\n<meta property=\"og:title\" content=\"Proc\u00e9dures pour faire une demande de plan d\u2019intervention ou plan de service - Coll\u00e9gial\" \/>\n<meta property=\"og:description\" content=\"Entre les semaines 13 et 15 de la session, l\u2019\u00e9quipe des services adapt\u00e9s pourrait ne pas \u00eatre en mesure de r\u00e9pondre \u00e0 votre demande avant la tenue de vos examens finaux. Votre demande pourrait \u00eatre prise en compte pour la...\" \/>\n<meta property=\"og:url\" content=\"https:\/\/www.brebeuf.qc.ca\/collegial\/aide-la-reussite\/procedures-pour-faire-une-demande-de-plan-dintervention-ou-plan-de-service\/\" \/>\n<meta property=\"og:site_name\" content=\"Coll\u00e9gial\" \/>\n<meta property=\"article:modified_time\" content=\"2024-09-18T16:00:29+00:00\" \/>\n<meta name=\"twitter:label1\" content=\"Dur\u00e9e de lecture est.\">\n\t<meta name=\"twitter:data1\" content=\"3 minutes\">\n<script type=\"application\/ld+json\" class=\"yoast-schema-graph\">{\"@context\":\"https:\/\/schema.org\",\"@graph\":[{\"@type\":\"WebSite\",\"@id\":\"https:\/\/www.brebeuf.qc.ca\/collegial\/#website\",\"url\":\"https:\/\/www.brebeuf.qc.ca\/collegial\/\",\"name\":\"Coll\\u00e9gial\",\"description\":\"Coll\\u00e8ge priv\\u00e9 | Secondaire | Coll\\u00e9gial\",\"potentialAction\":[{\"@type\":\"SearchAction\",\"target\":\"https:\/\/www.brebeuf.qc.ca\/collegial\/?s={search_term_string}\",\"query-input\":\"required name=search_term_string\"}],\"inLanguage\":\"fr-FR\"},{\"@type\":\"WebPage\",\"@id\":\"https:\/\/www.brebeuf.qc.ca\/collegial\/aide-la-reussite\/procedures-pour-faire-une-demande-de-plan-dintervention-ou-plan-de-service\/#webpage\",\"url\":\"https:\/\/www.brebeuf.qc.ca\/collegial\/aide-la-reussite\/procedures-pour-faire-une-demande-de-plan-dintervention-ou-plan-de-service\/\",\"name\":\"Proc\\u00e9dures pour faire une demande de plan d\\u2019intervention ou plan de service - Coll\\u00e9gial\",\"isPartOf\":{\"@id\":\"https:\/\/www.brebeuf.qc.ca\/collegial\/#website\"},\"datePublished\":\"2023-09-28T13:24:34+00:00\",\"dateModified\":\"2024-09-18T16:00:29+00:00\",\"breadcrumb\":{\"@id\":\"https:\/\/www.brebeuf.qc.ca\/collegial\/aide-la-reussite\/procedures-pour-faire-une-demande-de-plan-dintervention-ou-plan-de-service\/#breadcrumb\"},\"inLanguage\":\"fr-FR\",\"potentialAction\":[{\"@type\":\"ReadAction\",\"target\":[\"https:\/\/www.brebeuf.qc.ca\/collegial\/aide-la-reussite\/procedures-pour-faire-une-demande-de-plan-dintervention-ou-plan-de-service\/\"]}]},{\"@type\":\"BreadcrumbList\",\"@id\":\"https:\/\/www.brebeuf.qc.ca\/collegial\/aide-la-reussite\/procedures-pour-faire-une-demande-de-plan-dintervention-ou-plan-de-service\/#breadcrumb\",\"itemListElement\":[{\"@type\":\"ListItem\",\"position\":1,\"item\":{\"@type\":\"WebPage\",\"@id\":\"https:\/\/www.brebeuf.qc.ca\/collegial\/\",\"url\":\"https:\/\/www.brebeuf.qc.ca\/collegial\/\",\"name\":\"Home\"}},{\"@type\":\"ListItem\",\"position\":2,\"item\":{\"@type\":\"WebPage\",\"@id\":\"https:\/\/www.brebeuf.qc.ca\/collegial\/aide-la-reussite\/\",\"url\":\"https:\/\/www.brebeuf.qc.ca\/collegial\/aide-la-reussite\/\",\"name\":\"Aides \\u00e0 la r\\u00e9ussite et information scolaire\"}},{\"@type\":\"ListItem\",\"position\":3,\"item\":{\"@id\":\"https:\/\/www.brebeuf.qc.ca\/collegial\/aide-la-reussite\/procedures-pour-faire-une-demande-de-plan-dintervention-ou-plan-de-service\/#webpage\"}}]}]}<\/script>\n<!-- \/ Yoast SEO plugin. -->","_links":{"self":[{"href":"https:\/\/www.brebeuf.qc.ca\/collegial\/wp-json\/wp\/v2\/pages\/7579"}],"collection":[{"href":"https:\/\/www.brebeuf.qc.ca\/collegial\/wp-json\/wp\/v2\/pages"}],"about":[{"href":"https:\/\/www.brebeuf.qc.ca\/collegial\/wp-json\/wp\/v2\/types\/page"}],"author":[{"embeddable":true,"href":"https:\/\/www.brebeuf.qc.ca\/collegial\/wp-json\/wp\/v2\/users\/87"}],"replies":[{"embeddable":true,"href":"https:\/\/www.brebeuf.qc.ca\/collegial\/wp-json\/wp\/v2\/comments?post=7579"}],"version-history":[{"count":8,"href":"https:\/\/www.brebeuf.qc.ca\/collegial\/wp-json\/wp\/v2\/pages\/7579\/revisions"}],"predecessor-version":[{"id":8404,"href":"https:\/\/www.brebeuf.qc.ca\/collegial\/wp-json\/wp\/v2\/pages\/7579\/revisions\/8404"}],"up":[{"embeddable":true,"href":"https:\/\/www.brebeuf.qc.ca\/collegial\/wp-json\/wp\/v2\/pages\/357"}],"wp:attachment":[{"href":"https:\/\/www.brebeuf.qc.ca\/collegial\/wp-json\/wp\/v2\/media?parent=7579"}],"curies":[{"name":"wp","href":"https:\/\/api.w.org\/{rel}","templated":true}]}}