{"id":365,"date":"2014-08-27T19:28:51","date_gmt":"2014-08-27T19:28:51","guid":{"rendered":"http:\/\/www.brebeuf.qc.ca\/collegial\/?page_id=365"},"modified":"2026-01-21T18:54:33","modified_gmt":"2026-01-21T18:54:33","slug":"cout-des-etudes-collegiales","status":"publish","type":"page","link":"https:\/\/www.brebeuf.qc.ca\/collegial\/cout-des-etudes-collegiales\/","title":{"rendered":"Co\u00fbt des \u00e9tudes coll\u00e9giales"},"content":{"rendered":"\n<h2><span id=\"Tarification\">Tarification<\/span><\/h2>\n\n\n\n<p>\u00c0 titre d&rsquo;information, nous vous pr\u00e9sentons un aper\u00e7u des frais financiers de notre \u00e9tablissement. <strong>Ces prix sont en vigueur pour l&rsquo;ann\u00e9e scolaire 2026-2027<\/strong>. Ils ne comprennent pas les frais pour la cotisation \u00e9tudiante, l&rsquo;Association des parents et les autres frais relatifs \u00e0 certains cours.<\/p>\n\n\n\n<p>Il est \u00e0 noter que des grilles tarifaires diff\u00e9rentes s&rsquo;appliquent pour les \u00e9tudiants \u00e9trangers et pour les citoyens canadiens ou immigrants re\u00e7us, non-r\u00e9sidents du Qu\u00e9bec.<\/p>\n\n\n\n<p>Saviez-vous que les d\u00e9ductions fiscales peuvent entra\u00eener des r\u00e9ductions d&rsquo;imp\u00f4ts pouvant aller jusqu&rsquo;\u00e0 50&nbsp;% des frais de scolarit\u00e9? Consulter notre document : <strong><a href=\"https:\/\/www.brebeuf.qc.ca\/collegial\/wp-content\/uploads\/sites\/2\/2025\/12\/Les-frais-de-scolarite-et-impots-2025_VF-1.pdf\" class=\"ek-link\">les frais de scolarit\u00e9 et vos imp\u00f4ts (PDF)<\/a><\/strong><\/p>\n\n\n\n<p>Par ailleurs, il est possible d&rsquo;avoir recours \u00e0 une bourse d&rsquo;aide du MES et\/ou \u00e0 une bourse d&rsquo;aide Br\u00e9beuf. Le Coll\u00e8ge offre \u00e0 ses \u00e9tudiantes et \u00e0 ses \u00e9tudiants plusieurs bourses d&rsquo;aide financi\u00e8re pouvant atteindre jusqu&rsquo;\u00e0 5&nbsp;000$.<\/p>\n\n\n\n<p>Notez enfin que les \u00e9tudiants qui se pr\u00e9sentent aux examens du Baccalaur\u00e9at International \u00e0 la fin de leurs \u00e9tudes coll\u00e9giales doivent d\u00e9frayer des co\u00fbts d&rsquo;inscription \u00e0 ces examens d&rsquo;environ 1250&nbsp;$ et aussi des frais pour m\u00e9moire et exploration BI de 550$.<\/p>\n\n\n\n<h2><span id=\"Principaux_frais_financiers\">Principaux frais financiers<\/span><\/h2>\n\n\n\n<div class=\"wp-block-group\"><div class=\"wp-block-group__inner-container\">\n<figure class=\"wp-block-table caption-align-left is-style-stripes\"><table><tbody><tr><td>Droits d&rsquo;admission<\/td><td> 50 $<\/td><\/tr><tr><td>Droits d&rsquo;inscription (autres qu&rsquo;au baccalaur\u00e9at international)<\/td><td> 200 $<\/td><\/tr><tr><td>Droits de scolarit\u00e9 annuels<\/td><td> 7859 $<\/td><\/tr><tr><td>Frais g\u00e9n\u00e9raux (fonds de modernisation, association des parents, association \u00e9tudiante, etc.)<\/td><td> 1501,84$<\/td><\/tr><tr><td><strong>Service de r\u00e9sidence pour 34 semaines 5 jours par semaine<\/strong><\/td><td>&nbsp;<\/td><\/tr><tr><td>&#8211; Chambre occupation double<\/td><td> 3698 $<\/td><\/tr><tr><td>&#8211; Chambre occupation simple<\/td><td> 4582 $<\/td><\/tr><tr><td>&#8211; Repas (3 repas par jour, 164 jours) <\/td><td>2836 $<\/td><\/tr><tr><td>&#8211; Repas du midi seulement (164 jours)<\/td><td>1216 $<\/td><\/tr><\/tbody><\/table><figcaption><em>    <\/em><\/figcaption><\/figure>\n\n\n\n<hr class=\"wp-block-separator\"\/>\n\n\n\n<h2><span id=\"Documents_PDF\">Documents (PDF)<\/span><\/h2>\n<\/div><\/div>\n\n\n\n<ul><li>Renseignement financiers coll\u00e9gial <strong>(<a href=\"https:\/\/www.brebeuf.qc.ca\/wp-content\/uploads\/2026\/01\/Renseignements-financiers-collegial-2026-2027.pdf\" class=\"ek-link\">PDF<\/a>)<\/strong><\/li><li>Grille tarifaire pour les citoyens canadiens ou immigrants re\u00e7us, non-r\u00e9sidents du Qu\u00e9bec <strong>(<a href=\"https:\/\/www.brebeuf.qc.ca\/wp-content\/uploads\/2025\/04\/Grille-tarifaire-pour-les-citoyens-canadiens-ou-immigrants-recus-non-residents-du-Quebec-2025-2026.pdf\" class=\"ek-link\">PDF<\/a>)<\/strong><\/li><li>Grille tarifaire pour les \u00e9tudiants \u00e9trangers <strong>(<a href=\"https:\/\/www.brebeuf.qc.ca\/wp-content\/uploads\/2025\/04\/Grille-tarifaire-pour-les-etudiants-etrangers-2025-2026-collegial.pdf\" class=\"ek-link\">PDF<\/a>)<\/strong><\/li><li>Aide financi\u00e8re Br\u00e9beuf :<a href=\"https:\/\/www.brebeuf.qc.ca\/collegial\/wp-content\/uploads\/sites\/2\/2025\/12\/Bourse-d-aide-collegial-2026-2027.pdf\" class=\"ek-link\"> <strong>formulaire Bourse d&rsquo;aide coll\u00e9gial 2026-2027<\/strong><\/a><\/li><li>Aide financi\u00e8re du <a href=\"http:\/\/www.afe.gouv.qc.ca\/prets-et-boursesetudes-a-temps-plein\/programme-de-prets-et-bourses\/\" target=\"_blank\" rel=\"noopener noreferrer\" class=\"ek-link\"><strong>MES<\/strong><\/a><\/li><li>Les frais de scolarit\u00e9 et vos imp\u00f4ts &#8211; Ann\u00e9e fiscale 2024 <strong>(<a href=\"https:\/\/www.brebeuf.qc.ca\/collegial\/wp-content\/uploads\/sites\/2\/2025\/12\/Les-frais-de-scolarite-et-impots-2025_VF-1.pdf\" class=\"ek-link\">PDF<\/a>)<\/strong><\/li><li>M\u00e9thodes de paiement au coll\u00e9gial <strong>(<a href=\"https:\/\/www.brebeuf.qc.ca\/wp-content\/uploads\/2025\/07\/Instructions_Modes_paiement-COLLEGIAL-2025-2026-pour-Omnivox.pdf\" class=\"ek-link\">PDF<\/a>)<\/strong><\/li><\/ul>\n<div id=\"toc_container\" class=\"no_bullets\"><p class=\"toc_title\">Sommaire<\/p><ul class=\"toc_list\"><li><a href=\"#Tarification\">Tarification<\/a><\/li><li><a href=\"#Principaux_frais_financiers\">Principaux frais financiers<\/a><\/li><li><a href=\"#Documents_PDF\">Documents (PDF)<\/a><\/li><\/ul><\/div>\n","protected":false},"excerpt":{"rendered":"<p>Tarification \u00c0 titre d&rsquo;information, nous vous pr\u00e9sentons un aper\u00e7u des frais financiers de notre \u00e9tablissement. Ces prix sont en vigueur pour l&rsquo;ann\u00e9e scolaire 2026-2027. Ils ne comprennent pas les frais pour la cotisation \u00e9tudiante, l&rsquo;Association des parents et les autres&#8230;<\/p>\n","protected":false},"author":3,"featured_media":8314,"parent":0,"menu_order":12,"comment_status":"open","ping_status":"closed","template":"templates\/template-personnalisable.php","meta":{"_editorskit_title_hidden":false,"_editorskit_reading_time":1,"_editorskit_typography_data":[],"_editorskit_blocks_typography":""},"yoast_head":"<!-- This site is optimized with the Yoast SEO plugin v16.3 - https:\/\/yoast.com\/wordpress\/plugins\/seo\/ -->\n<title>Co\u00fbt des \u00e9tudes coll\u00e9giales - Coll\u00e9gial<\/title>\n<meta name=\"description\" content=\"Principaux frais financiers : droits d&#039;admission, d&#039;inscription et de scolarit\u00e9 annuels; entretien des infrastructures; service de r\u00e9sidence.\" \/>\n<meta name=\"robots\" content=\"index, follow, max-snippet:-1, max-image-preview:large, max-video-preview:-1\" \/>\n<link rel=\"canonical\" href=\"https:\/\/www.brebeuf.qc.ca\/collegial\/cout-des-etudes-collegiales\/\" \/>\n<meta property=\"og:locale\" content=\"fr_FR\" \/>\n<meta property=\"og:type\" content=\"article\" \/>\n<meta property=\"og:title\" content=\"Co\u00fbt des \u00e9tudes coll\u00e9giales - Coll\u00e9gial\" \/>\n<meta property=\"og:description\" content=\"Principaux frais financiers : droits d&#039;admission, d&#039;inscription et de scolarit\u00e9 annuels; entretien des infrastructures; service de r\u00e9sidence.\" \/>\n<meta property=\"og:url\" content=\"https:\/\/www.brebeuf.qc.ca\/collegial\/cout-des-etudes-collegiales\/\" \/>\n<meta property=\"og:site_name\" content=\"Coll\u00e9gial\" \/>\n<meta property=\"article:modified_time\" content=\"2026-01-21T18:54:33+00:00\" \/>\n<meta property=\"og:image\" content=\"https:\/\/www.brebeuf.qc.ca\/collegial\/wp-content\/uploads\/sites\/2\/2024\/07\/Cout-etudes-Coll.png\" \/>\n\t<meta property=\"og:image:width\" content=\"1400\" \/>\n\t<meta property=\"og:image:height\" content=\"240\" \/>\n<meta name=\"twitter:label1\" content=\"Dur\u00e9e de lecture est.\">\n\t<meta name=\"twitter:data1\" content=\"2 minutes\">\n<script type=\"application\/ld+json\" class=\"yoast-schema-graph\">{\"@context\":\"https:\/\/schema.org\",\"@graph\":[{\"@type\":\"WebSite\",\"@id\":\"https:\/\/www.brebeuf.qc.ca\/collegial\/#website\",\"url\":\"https:\/\/www.brebeuf.qc.ca\/collegial\/\",\"name\":\"Coll\\u00e9gial\",\"description\":\"Coll\\u00e8ge priv\\u00e9 | Secondaire | Coll\\u00e9gial\",\"potentialAction\":[{\"@type\":\"SearchAction\",\"target\":\"https:\/\/www.brebeuf.qc.ca\/collegial\/?s={search_term_string}\",\"query-input\":\"required name=search_term_string\"}],\"inLanguage\":\"fr-FR\"},{\"@type\":\"ImageObject\",\"@id\":\"https:\/\/www.brebeuf.qc.ca\/collegial\/cout-des-etudes-collegiales\/#primaryimage\",\"inLanguage\":\"fr-FR\",\"url\":\"https:\/\/www.brebeuf.qc.ca\/collegial\/wp-content\/uploads\/sites\/2\/2024\/07\/Cout-etudes-Coll.png\",\"contentUrl\":\"https:\/\/www.brebeuf.qc.ca\/collegial\/wp-content\/uploads\/sites\/2\/2024\/07\/Cout-etudes-Coll.png\",\"width\":1400,\"height\":240},{\"@type\":\"WebPage\",\"@id\":\"https:\/\/www.brebeuf.qc.ca\/collegial\/cout-des-etudes-collegiales\/#webpage\",\"url\":\"https:\/\/www.brebeuf.qc.ca\/collegial\/cout-des-etudes-collegiales\/\",\"name\":\"Co\\u00fbt des \\u00e9tudes coll\\u00e9giales - Coll\\u00e9gial\",\"isPartOf\":{\"@id\":\"https:\/\/www.brebeuf.qc.ca\/collegial\/#website\"},\"primaryImageOfPage\":{\"@id\":\"https:\/\/www.brebeuf.qc.ca\/collegial\/cout-des-etudes-collegiales\/#primaryimage\"},\"datePublished\":\"2014-08-27T19:28:51+00:00\",\"dateModified\":\"2026-01-21T18:54:33+00:00\",\"description\":\"Principaux frais financiers : droits d'admission, d'inscription et de scolarit\\u00e9 annuels; entretien des infrastructures; service de r\\u00e9sidence.\",\"breadcrumb\":{\"@id\":\"https:\/\/www.brebeuf.qc.ca\/collegial\/cout-des-etudes-collegiales\/#breadcrumb\"},\"inLanguage\":\"fr-FR\",\"potentialAction\":[{\"@type\":\"ReadAction\",\"target\":[\"https:\/\/www.brebeuf.qc.ca\/collegial\/cout-des-etudes-collegiales\/\"]}]},{\"@type\":\"BreadcrumbList\",\"@id\":\"https:\/\/www.brebeuf.qc.ca\/collegial\/cout-des-etudes-collegiales\/#breadcrumb\",\"itemListElement\":[{\"@type\":\"ListItem\",\"position\":1,\"item\":{\"@type\":\"WebPage\",\"@id\":\"https:\/\/www.brebeuf.qc.ca\/collegial\/\",\"url\":\"https:\/\/www.brebeuf.qc.ca\/collegial\/\",\"name\":\"Home\"}},{\"@type\":\"ListItem\",\"position\":2,\"item\":{\"@id\":\"https:\/\/www.brebeuf.qc.ca\/collegial\/cout-des-etudes-collegiales\/#webpage\"}}]}]}<\/script>\n<!-- \/ Yoast SEO plugin. -->","_links":{"self":[{"href":"https:\/\/www.brebeuf.qc.ca\/collegial\/wp-json\/wp\/v2\/pages\/365"}],"collection":[{"href":"https:\/\/www.brebeuf.qc.ca\/collegial\/wp-json\/wp\/v2\/pages"}],"about":[{"href":"https:\/\/www.brebeuf.qc.ca\/collegial\/wp-json\/wp\/v2\/types\/page"}],"author":[{"embeddable":true,"href":"https:\/\/www.brebeuf.qc.ca\/collegial\/wp-json\/wp\/v2\/users\/3"}],"replies":[{"embeddable":true,"href":"https:\/\/www.brebeuf.qc.ca\/collegial\/wp-json\/wp\/v2\/comments?post=365"}],"version-history":[{"count":167,"href":"https:\/\/www.brebeuf.qc.ca\/collegial\/wp-json\/wp\/v2\/pages\/365\/revisions"}],"predecessor-version":[{"id":9506,"href":"https:\/\/www.brebeuf.qc.ca\/collegial\/wp-json\/wp\/v2\/pages\/365\/revisions\/9506"}],"wp:featuredmedia":[{"embeddable":true,"href":"https:\/\/www.brebeuf.qc.ca\/collegial\/wp-json\/wp\/v2\/media\/8314"}],"wp:attachment":[{"href":"https:\/\/www.brebeuf.qc.ca\/collegial\/wp-json\/wp\/v2\/media?parent=365"}],"curies":[{"name":"wp","href":"https:\/\/api.w.org\/{rel}","templated":true}]}}