{"id":3625,"date":"2018-09-01T17:22:15","date_gmt":"2018-09-01T17:22:15","guid":{"rendered":"http:\/\/www.brebeuf.qc.ca\/collegial\/?page_id=3625"},"modified":"2022-01-13T21:12:53","modified_gmt":"2022-01-13T21:12:53","slug":"ecole-de-musique","status":"publish","type":"page","link":"https:\/\/www.brebeuf.qc.ca\/collegial\/vie-etudiante\/ecole-de-musique\/","title":{"rendered":"\u00c9cole de musique &#8211; Coll\u00e9gial"},"content":{"rendered":"\n<h2><span id=\"Des_cours_de_musique_de_qualite\">Des cours de musique de qualit\u00e9<\/span><\/h2>\n\n\n\n<p>Une excellente \u00e9quipe de professeurs de musique offrent des cours de qualit\u00e9s sur place au Coll\u00e8ge. Nos cours priv\u00e9s, semi-priv\u00e9s, d\u2019ensemble et d\u2019initiation sont offerts \u00e0 tous et de tous les niveaux. N&rsquo;h\u00e9sitez pas \u00e0 contactez la responsable, Mme. Charbonneau, pour planifier un appel t\u00e9l\u00e9phonique ou une rencontre en personne.<\/p>\n\n\n\n<h2><span id=\"Spectacles_et_Disctinction_Brebeuf\">Spectacles et Disctinction Br\u00e9beuf<\/span><\/h2>\n\n\n\n<p>\u00c0 chaque fin d\u2019ann\u00e9e, l\u2019\u00e9cole de musique pr\u00e9sente un spectacle gratuit \u00e0 la Salle Jacques Maurice. Les \u00e9l\u00e8ves sont accompagn\u00e9s par une \u00e9quipe de production et des musiciens professionnels. De plus un \u00e9l\u00e8ve inscrit \u00e0 des cours de musique \u00e0 notre \u00e9cole, obtiendra tous les points n\u00e9cessaire \u00e0 l\u2019obtention de sa distinction.<\/p>\n\n\n\n<h2><span id=\"Cours_et_services\">Cours et services<\/span><\/h2>\n\n\n\n<ul><li>Cours priv\u00e9s et semi-priv\u00e9s de: piano, guitare, ukulele, saxophone, trompette, batterie, clarinette, fl\u00fbte traversi\u00e8re, piano, chant, violon et violoncelle.<\/li><li>Cours d\u2019ensemble : Initiation \u00e0 la musique pour les petits, Combo classique, jazz et pop, Ensemble vocal(chorale).<\/li><li>Pratique Libre : permet \u00e0 un \u00e9l\u00e8ve de pratiquer dans nos locaux au Coll\u00e8ge.<\/li><\/ul>\n\n\n\n<h2><span id=\"Responsable\">Responsable<\/span><\/h2>\n\n\n\n<p><a href=\"https:\/\/sites.google.com\/laclassedesophie.com\/emb\/contact\" target=\"_blank\" rel=\"noopener noreferrer\" class=\"ek-link\"><strong>Sophie Charbonneau<\/strong><\/a><\/p>\n\n\n\n<h2><span id=\"Notre_histoire\">Notre histoire<\/span><\/h2>\n\n\n\n<p>L\u2019\u00e9cole de musique op\u00e8re depuis 1999 au Coll\u00e8ge. La qualit\u00e9 de ses professeurs est bien connue dans le milieu de la musique \u00e0 Montr\u00e9al. Il est \u00e9galement possible pour un \u00e9l\u00e8ve de poursuivre ses accr\u00e9ditations officielles de Vincent d\u2019Indy (ou Mc Gill) tout en prenant ses cours d\u2019instrument ici m\u00eame au Coll\u00e8ge.<\/p>\n\n\n\n<h2><span id=\"Informations\">Informations<\/span><\/h2>\n\n\n\n<ul><li>Courriel de l\u2019\u00e9cole : ecoledemusiquebrebeuf@gmail.com<\/li><li>Site Web : <strong><a href=\"https:\/\/sites.google.com\/laclassedesophie.com\/emb\/accueil\" target=\"_blank\" rel=\"noopener noreferrer\">ecoledemusiquebrebeuf.com<\/a><\/strong><\/li><\/ul>\n<div id=\"toc_container\" class=\"no_bullets\"><p class=\"toc_title\">Sommaire<\/p><ul class=\"toc_list\"><li><a href=\"#Des_cours_de_musique_de_qualite\">Des cours de musique de qualit\u00e9<\/a><\/li><li><a href=\"#Spectacles_et_Disctinction_Brebeuf\">Spectacles et Disctinction Br\u00e9beuf<\/a><\/li><li><a href=\"#Cours_et_services\">Cours et services<\/a><\/li><li><a href=\"#Responsable\">Responsable<\/a><\/li><li><a href=\"#Notre_histoire\">Notre histoire<\/a><\/li><li><a href=\"#Informations\">Informations<\/a><\/li><\/ul><\/div>\n","protected":false},"excerpt":{"rendered":"<p>Des cours de musique de qualit\u00e9 Une excellente \u00e9quipe de professeurs de musique offrent des cours de qualit\u00e9s sur place au Coll\u00e8ge. Nos cours priv\u00e9s, semi-priv\u00e9s, d\u2019ensemble et d\u2019initiation sont offerts \u00e0 tous et de tous les niveaux. N&rsquo;h\u00e9sitez pas&#8230;<\/p>\n","protected":false},"author":3,"featured_media":5158,"parent":31,"menu_order":0,"comment_status":"closed","ping_status":"closed","template":"templates\/template-personnalisable.php","meta":{"_editorskit_title_hidden":false,"_editorskit_reading_time":1,"_editorskit_typography_data":[],"_editorskit_blocks_typography":""},"yoast_head":"<!-- This site is optimized with the Yoast SEO plugin v16.3 - https:\/\/yoast.com\/wordpress\/plugins\/seo\/ -->\n<title>\u00c9cole de musique - Coll\u00e9gial - Coll\u00e9gial<\/title>\n<meta name=\"robots\" content=\"index, follow, max-snippet:-1, max-image-preview:large, max-video-preview:-1\" \/>\n<link rel=\"canonical\" href=\"https:\/\/www.brebeuf.qc.ca\/collegial\/vie-etudiante\/ecole-de-musique\/\" \/>\n<meta property=\"og:locale\" content=\"fr_FR\" \/>\n<meta property=\"og:type\" content=\"article\" \/>\n<meta property=\"og:title\" content=\"\u00c9cole de musique - Coll\u00e9gial - Coll\u00e9gial\" \/>\n<meta property=\"og:description\" content=\"Des cours de musique de qualit\u00e9 Une excellente \u00e9quipe de professeurs de musique offrent des cours de qualit\u00e9s sur place au Coll\u00e8ge. Nos cours priv\u00e9s, semi-priv\u00e9s, d\u2019ensemble et d\u2019initiation sont offerts \u00e0 tous et de tous les niveaux. N&rsquo;h\u00e9sitez pas...\" \/>\n<meta property=\"og:url\" content=\"https:\/\/www.brebeuf.qc.ca\/collegial\/vie-etudiante\/ecole-de-musique\/\" \/>\n<meta property=\"og:site_name\" content=\"Coll\u00e9gial\" \/>\n<meta property=\"article:modified_time\" content=\"2022-01-13T21:12:53+00:00\" \/>\n<meta property=\"og:image\" content=\"https:\/\/www.brebeuf.qc.ca\/collegial\/wp-content\/uploads\/sites\/2\/2020\/09\/entete_section_ecole_musique.jpg\" \/>\n\t<meta property=\"og:image:width\" content=\"1400\" \/>\n\t<meta property=\"og:image:height\" content=\"240\" \/>\n<meta name=\"twitter:label1\" content=\"Dur\u00e9e de lecture est.\">\n\t<meta name=\"twitter:data1\" content=\"1 minute\">\n<script type=\"application\/ld+json\" class=\"yoast-schema-graph\">{\"@context\":\"https:\/\/schema.org\",\"@graph\":[{\"@type\":\"WebSite\",\"@id\":\"https:\/\/www.brebeuf.qc.ca\/collegial\/#website\",\"url\":\"https:\/\/www.brebeuf.qc.ca\/collegial\/\",\"name\":\"Coll\\u00e9gial\",\"description\":\"Coll\\u00e8ge priv\\u00e9 | Secondaire | Coll\\u00e9gial\",\"potentialAction\":[{\"@type\":\"SearchAction\",\"target\":\"https:\/\/www.brebeuf.qc.ca\/collegial\/?s={search_term_string}\",\"query-input\":\"required name=search_term_string\"}],\"inLanguage\":\"fr-FR\"},{\"@type\":\"ImageObject\",\"@id\":\"https:\/\/www.brebeuf.qc.ca\/collegial\/vie-etudiante\/ecole-de-musique\/#primaryimage\",\"inLanguage\":\"fr-FR\",\"url\":\"https:\/\/www.brebeuf.qc.ca\/collegial\/wp-content\/uploads\/sites\/2\/2020\/09\/entete_section_ecole_musique.jpg\",\"contentUrl\":\"https:\/\/www.brebeuf.qc.ca\/collegial\/wp-content\/uploads\/sites\/2\/2020\/09\/entete_section_ecole_musique.jpg\",\"width\":1400,\"height\":240},{\"@type\":\"WebPage\",\"@id\":\"https:\/\/www.brebeuf.qc.ca\/collegial\/vie-etudiante\/ecole-de-musique\/#webpage\",\"url\":\"https:\/\/www.brebeuf.qc.ca\/collegial\/vie-etudiante\/ecole-de-musique\/\",\"name\":\"\\u00c9cole de musique - Coll\\u00e9gial - Coll\\u00e9gial\",\"isPartOf\":{\"@id\":\"https:\/\/www.brebeuf.qc.ca\/collegial\/#website\"},\"primaryImageOfPage\":{\"@id\":\"https:\/\/www.brebeuf.qc.ca\/collegial\/vie-etudiante\/ecole-de-musique\/#primaryimage\"},\"datePublished\":\"2018-09-01T17:22:15+00:00\",\"dateModified\":\"2022-01-13T21:12:53+00:00\",\"breadcrumb\":{\"@id\":\"https:\/\/www.brebeuf.qc.ca\/collegial\/vie-etudiante\/ecole-de-musique\/#breadcrumb\"},\"inLanguage\":\"fr-FR\",\"potentialAction\":[{\"@type\":\"ReadAction\",\"target\":[\"https:\/\/www.brebeuf.qc.ca\/collegial\/vie-etudiante\/ecole-de-musique\/\"]}]},{\"@type\":\"BreadcrumbList\",\"@id\":\"https:\/\/www.brebeuf.qc.ca\/collegial\/vie-etudiante\/ecole-de-musique\/#breadcrumb\",\"itemListElement\":[{\"@type\":\"ListItem\",\"position\":1,\"item\":{\"@type\":\"WebPage\",\"@id\":\"https:\/\/www.brebeuf.qc.ca\/collegial\/\",\"url\":\"https:\/\/www.brebeuf.qc.ca\/collegial\/\",\"name\":\"Home\"}},{\"@type\":\"ListItem\",\"position\":2,\"item\":{\"@type\":\"WebPage\",\"@id\":\"https:\/\/www.brebeuf.qc.ca\/collegial\/vie-etudiante\/\",\"url\":\"https:\/\/www.brebeuf.qc.ca\/collegial\/vie-etudiante\/\",\"name\":\"Vie \\u00e9tudiante\"}},{\"@type\":\"ListItem\",\"position\":3,\"item\":{\"@id\":\"https:\/\/www.brebeuf.qc.ca\/collegial\/vie-etudiante\/ecole-de-musique\/#webpage\"}}]}]}<\/script>\n<!-- \/ Yoast SEO plugin. -->","_links":{"self":[{"href":"https:\/\/www.brebeuf.qc.ca\/collegial\/wp-json\/wp\/v2\/pages\/3625"}],"collection":[{"href":"https:\/\/www.brebeuf.qc.ca\/collegial\/wp-json\/wp\/v2\/pages"}],"about":[{"href":"https:\/\/www.brebeuf.qc.ca\/collegial\/wp-json\/wp\/v2\/types\/page"}],"author":[{"embeddable":true,"href":"https:\/\/www.brebeuf.qc.ca\/collegial\/wp-json\/wp\/v2\/users\/3"}],"replies":[{"embeddable":true,"href":"https:\/\/www.brebeuf.qc.ca\/collegial\/wp-json\/wp\/v2\/comments?post=3625"}],"version-history":[{"count":12,"href":"https:\/\/www.brebeuf.qc.ca\/collegial\/wp-json\/wp\/v2\/pages\/3625\/revisions"}],"predecessor-version":[{"id":6518,"href":"https:\/\/www.brebeuf.qc.ca\/collegial\/wp-json\/wp\/v2\/pages\/3625\/revisions\/6518"}],"up":[{"embeddable":true,"href":"https:\/\/www.brebeuf.qc.ca\/collegial\/wp-json\/wp\/v2\/pages\/31"}],"wp:featuredmedia":[{"embeddable":true,"href":"https:\/\/www.brebeuf.qc.ca\/collegial\/wp-json\/wp\/v2\/media\/5158"}],"wp:attachment":[{"href":"https:\/\/www.brebeuf.qc.ca\/collegial\/wp-json\/wp\/v2\/media?parent=3625"}],"curies":[{"name":"wp","href":"https:\/\/api.w.org\/{rel}","templated":true}]}}