{"id":2391,"date":"2016-01-15T15:39:47","date_gmt":"2016-01-15T15:39:47","guid":{"rendered":"http:\/\/www.brebeuf.qc.ca\/collegial\/?page_id=2391"},"modified":"2026-02-12T16:30:42","modified_gmt":"2026-02-12T16:30:42","slug":"basketball-masculin-division-2","status":"publish","type":"page","link":"https:\/\/www.brebeuf.qc.ca\/collegial\/vie-etudiante\/sports\/basketball-masculin-division-2\/","title":{"rendered":"Basketball masculin &#8211; Division 2"},"content":{"rendered":"\n<h2><span id=\"Equipe_2025-2026\">\u00c9quipe 2025-2026<\/span><\/h2>\n\n\n\n<figure class=\"wp-block-image size-large is-resized\"><a href=\"https:\/\/www.brebeuf.qc.ca\/collegial\/wp-content\/uploads\/sites\/2\/2025\/10\/BBM21.jpg\" data-rel=\"lightbox-image-0\" data-rl_title=\"\" data-rl_caption=\"\" title=\"\"><img loading=\"lazy\" src=\"https:\/\/www.brebeuf.qc.ca\/collegial\/wp-content\/uploads\/sites\/2\/2025\/10\/BBM21.jpg\" alt=\"\" class=\"wp-image-9108\" width=\"816\" height=\"544\"\/><\/a><\/figure>\n\n\n\n<figure class=\"wp-block-embed is-type-video is-provider-youtube wp-block-embed-youtube wp-embed-aspect-16-9 wp-has-aspect-ratio\"><div class=\"wp-block-embed__wrapper\">\n<iframe loading=\"lazy\" title=\"Pr\u00e9sentation du basketball par Michael Chmielewski, entra\u00eeneur-chef\" width=\"1140\" height=\"641\" src=\"https:\/\/www.youtube.com\/embed\/nHvq6OAwK6M?feature=oembed\" frameborder=\"0\" allow=\"accelerometer; autoplay; clipboard-write; encrypted-media; gyroscope; picture-in-picture; web-share\" referrerpolicy=\"strict-origin-when-cross-origin\" allowfullscreen><\/iframe>\n<\/div><\/figure>\n\n\n\n<h2><span id=\"Ligue\">Ligue<\/span><\/h2>\n\n\n\n<p>Depuis la saison 2016-2017, le Coll\u00e8ge accueille une nouvelle \u00e9quipe de basketball masculin de division 2 du RSEQ, r\u00e9seau du sport \u00e9tudiant du Qu\u00e9bec. L&rsquo;ajout d&rsquo;une \u00e9quipe de division 2 permet d&rsquo;offrir aux \u00e9tudiants-athl\u00e8tes une possibilit\u00e9 additionnelle de faire partie d&rsquo;une \u00e9quipe de basketball coll\u00e9gial \u00e0 Br\u00e9beuf.<\/p>\n\n\n\n<h2><span id=\"Engagement\">Engagement<\/span><\/h2>\n\n\n\n<p>L\u2019\u00e9quipe a 2 entra\u00eenements collectifs par semaine. Les \u00e9tudiants-athl\u00e8tes doivent \u00e9galement \u00eatre disponibles 2 heures par semaine pour l\u2019entra\u00eenement physique personnel \u00e0 la salle d\u2019entra\u00eenement. L\u2019entra\u00eeneur de la salle d\u2019entra\u00eenement pr\u00e9sentera un programme sp\u00e9cifique au basketball, qui aidera l\u2019\u00e9tudiant-athl\u00e8te \u00e0 am\u00e9liorer son d\u00e9veloppement pour atteindre ses objectifs.<\/p>\n\n\n\n<h2><span id=\"La_saison\">La saison<\/span><\/h2>\n\n\n\n<p>La saison d\u00e9bute en octobre et comporte 16 parties de ligue. Les six premi\u00e8res \u00e9quipes du classement cumulatif de la saison r\u00e9guli\u00e8re de la section A et les gagnants des \u00e9liminatoires de la section B participent au championnat de conf\u00e9rence qui se d\u00e9roule en mars. La saison se termine au mois d\u2019avril avec le championnat provincial.<\/p>\n\n\n\n<p>L\u2019\u00e9quipe peut \u00e9galement participer \u00e0 quelques tournois Invitation et parties hors-concours hors de l\u2019horaire r\u00e9gulier de la saison coll\u00e9giale.<\/p>\n\n\n\n<hr class=\"wp-block-separator\"\/>\n\n\n\n<h2><span id=\"Resultats_et_classement\">R\u00e9sultats et classement<\/span><\/h2>\n\n\n\n<figure class=\"wp-block-image\"><a href=\"http:\/\/www.rseq-stats.ca\/collegial\/so\/basketball-m-d2\/\" target=\"_blank\" rel=\"noreferrer noopener\"><img src=\"https:\/\/www.brebeuf.qc.ca\/collegial\/wp-content\/uploads\/sites\/2\/2019\/09\/box_acc_rseq_statsp.jpg\" alt=\"\"\/><\/a><\/figure>\n\n\n\n<p><strong>2024-2025<\/strong><\/p>\n\n\n\n<ul><li>7e position de la saison r\u00e9guli\u00e8re<\/li><\/ul>\n\n\n\n<p><strong>2023-2024<\/strong><\/p>\n\n\n\n<ul><li>3<sup>e<\/sup> position de la saison r\u00e9guli\u00e8re<\/li><\/ul>\n\n\n\n<p><strong>2022-2023<\/strong><\/p>\n\n\n\n<ul><li>6<sup>e<\/sup> position de la saison r\u00e9guli\u00e8re<\/li><li>8<sup>e<\/sup> de finale au championnat de conf\u00e9rence<\/li><\/ul>\n\n\n\n<p><strong>2019-2020<\/strong><\/p>\n\n\n\n<ul><li>8e position saison r\u00e9guli\u00e8re<\/li><\/ul>\n\n\n\n<p><strong>2018-2019<\/strong><\/p>\n\n\n\n<ul><li>4e position saison r\u00e9guli\u00e8re<\/li><li>2e position au championnat de conf\u00e9rence<\/li><li>3e position au championnat provincial<\/li><\/ul>\n\n\n\n<p><strong>2017-2018<\/strong><\/p>\n\n\n\n<ul><li>1re position saison r\u00e9guli\u00e8re section B<\/li><li>4e position au championnat de conf\u00e9rence<\/li><li>Participation au championnat provincial<\/li><li>Promotion dans la section A saison 2018-2019<\/li><\/ul>\n\n\n\n<p><strong>2016-2017<\/strong><\/p>\n\n\n\n<ul><li>Retour dans la ligue coll\u00e9giale division 2<\/li><li>3e position de la section B2<\/li><\/ul>\n\n\n\n<p><strong>2015-2016&nbsp;<\/strong><\/p>\n\n\n\n<ul><li>Pas d\u2019\u00e9quipe<\/li><\/ul>\n\n\n\n<p><strong>2014-2015&nbsp;<\/strong><\/p>\n\n\n\n<ul><li>1re position saison r\u00e9guli\u00e8re<\/li><li>1re position au championnat de conf\u00e9rence<\/li><li>1re position au championnat provincial<\/li><li>Banni\u00e8re de l\u2019\u00e9thique sportive<\/li><\/ul>\n\n\n\n<h2><span id=\"Equipe_dentraineurs\">\u00c9quipe d\u2019entra\u00eeneurs<\/span><\/h2>\n\n\n\n<p><strong>Entraineur-chef<\/strong><br>Brandon Robinson <\/p>\n\n\n\n<p><a href=\"mailto:brob131313@gmail.com\" class=\"ek-link\">brob131313@gmail.com<\/a><\/p>\n\n\n\n<p><strong>Entraineurs adjoints<\/strong><br>Roy Kingslay<br>Jordan Fishman<br>Ray Ntagarina<\/p>\n\n\n\n<hr class=\"wp-block-separator\"\/>\n\n\n\n<h2><span id=\"Formulaire_de_recrutement_8211_Basketball_masculin_D2\"><a href=\"https:\/\/forms.office.com\/Pages\/ResponsePage.aspx?id=kq86T4T8I0uEGcc4oYPGquKzTWBgdvpMsGuzYfQMwKJUMko5REVGSTdIMUVEQTI4VjdHUURaU09NUS4u\" class=\"ek-link\">Formulaire de recrutement &#8211; Basketball masculin D2<\/a><\/span><\/h2>\n\n\n\n<hr class=\"wp-block-separator\"\/>\n\n\n\n<h2><span id=\"Les_joueurs\">Les joueurs<\/span><\/h2>\n\n\n\n<figure class=\"wp-block-gallery columns-4 is-cropped\"><ul class=\"blocks-gallery-grid\"><li class=\"blocks-gallery-item\"><figure><a href=\"https:\/\/www.brebeuf.qc.ca\/collegial\/wp-content\/uploads\/sites\/2\/2025\/10\/1-2.png\" data-rel=\"lightbox-image-1\" data-rl_title=\"\" data-rl_caption=\"\" title=\"\"><img loading=\"lazy\" width=\"350\" height=\"500\" src=\"https:\/\/www.brebeuf.qc.ca\/collegial\/wp-content\/uploads\/sites\/2\/2025\/10\/1-2.png\" alt=\"\" data-id=\"9214\" data-link=\"https:\/\/www.brebeuf.qc.ca\/collegial\/vie-etudiante\/sports\/basketball-masculin-division-2\/1-2-3\/\" class=\"wp-image-9214\"\/><\/a><\/figure><\/li><li class=\"blocks-gallery-item\"><figure><a href=\"https:\/\/www.brebeuf.qc.ca\/collegial\/wp-content\/uploads\/sites\/2\/2025\/10\/2-2.png\" data-rel=\"lightbox-image-2\" data-rl_title=\"\" data-rl_caption=\"\" title=\"\"><img loading=\"lazy\" width=\"350\" height=\"500\" src=\"https:\/\/www.brebeuf.qc.ca\/collegial\/wp-content\/uploads\/sites\/2\/2025\/10\/2-2.png\" alt=\"\" data-id=\"9215\" data-link=\"https:\/\/www.brebeuf.qc.ca\/collegial\/vie-etudiante\/sports\/basketball-masculin-division-2\/2-2-3\/\" class=\"wp-image-9215\"\/><\/a><\/figure><\/li><li class=\"blocks-gallery-item\"><figure><a href=\"https:\/\/www.brebeuf.qc.ca\/collegial\/wp-content\/uploads\/sites\/2\/2025\/10\/3-2.png\" data-rel=\"lightbox-image-3\" data-rl_title=\"\" data-rl_caption=\"\" title=\"\"><img loading=\"lazy\" width=\"350\" height=\"500\" src=\"https:\/\/www.brebeuf.qc.ca\/collegial\/wp-content\/uploads\/sites\/2\/2025\/10\/3-2.png\" alt=\"\" data-id=\"9216\" data-link=\"https:\/\/www.brebeuf.qc.ca\/collegial\/vie-etudiante\/sports\/basketball-masculin-division-2\/3-2-3\/\" class=\"wp-image-9216\"\/><\/a><\/figure><\/li><li class=\"blocks-gallery-item\"><figure><a href=\"https:\/\/www.brebeuf.qc.ca\/collegial\/wp-content\/uploads\/sites\/2\/2025\/10\/4-2.png\" data-rel=\"lightbox-image-4\" data-rl_title=\"\" data-rl_caption=\"\" title=\"\"><img loading=\"lazy\" width=\"350\" height=\"500\" src=\"https:\/\/www.brebeuf.qc.ca\/collegial\/wp-content\/uploads\/sites\/2\/2025\/10\/4-2.png\" alt=\"\" data-id=\"9217\" data-link=\"https:\/\/www.brebeuf.qc.ca\/collegial\/vie-etudiante\/sports\/basketball-masculin-division-2\/4-2-3\/\" class=\"wp-image-9217\"\/><\/a><\/figure><\/li><li class=\"blocks-gallery-item\"><figure><a href=\"https:\/\/www.brebeuf.qc.ca\/collegial\/wp-content\/uploads\/sites\/2\/2025\/10\/5-2.png\" data-rel=\"lightbox-image-5\" data-rl_title=\"\" data-rl_caption=\"\" title=\"\"><img loading=\"lazy\" width=\"350\" height=\"500\" src=\"https:\/\/www.brebeuf.qc.ca\/collegial\/wp-content\/uploads\/sites\/2\/2025\/10\/5-2.png\" alt=\"\" data-id=\"9218\" data-link=\"https:\/\/www.brebeuf.qc.ca\/collegial\/vie-etudiante\/sports\/basketball-masculin-division-2\/5-2-3\/\" class=\"wp-image-9218\"\/><\/a><\/figure><\/li><li class=\"blocks-gallery-item\"><figure><a href=\"https:\/\/www.brebeuf.qc.ca\/collegial\/wp-content\/uploads\/sites\/2\/2025\/10\/6-2.png\" data-rel=\"lightbox-image-6\" data-rl_title=\"\" data-rl_caption=\"\" title=\"\"><img loading=\"lazy\" width=\"350\" height=\"500\" src=\"https:\/\/www.brebeuf.qc.ca\/collegial\/wp-content\/uploads\/sites\/2\/2025\/10\/6-2.png\" alt=\"\" data-id=\"9219\" data-link=\"https:\/\/www.brebeuf.qc.ca\/collegial\/vie-etudiante\/sports\/basketball-masculin-division-2\/6-2-3\/\" class=\"wp-image-9219\"\/><\/a><\/figure><\/li><li class=\"blocks-gallery-item\"><figure><a href=\"https:\/\/www.brebeuf.qc.ca\/collegial\/wp-content\/uploads\/sites\/2\/2025\/10\/7-2.png\" data-rel=\"lightbox-image-7\" data-rl_title=\"\" data-rl_caption=\"\" title=\"\"><img loading=\"lazy\" width=\"350\" height=\"500\" src=\"https:\/\/www.brebeuf.qc.ca\/collegial\/wp-content\/uploads\/sites\/2\/2025\/10\/7-2.png\" alt=\"\" data-id=\"9220\" data-link=\"https:\/\/www.brebeuf.qc.ca\/collegial\/vie-etudiante\/sports\/basketball-masculin-division-2\/7-2-3\/\" class=\"wp-image-9220\"\/><\/a><\/figure><\/li><li class=\"blocks-gallery-item\"><figure><a href=\"https:\/\/www.brebeuf.qc.ca\/collegial\/wp-content\/uploads\/sites\/2\/2025\/10\/8-2.png\" data-rel=\"lightbox-image-8\" data-rl_title=\"\" data-rl_caption=\"\" title=\"\"><img loading=\"lazy\" width=\"350\" height=\"500\" src=\"https:\/\/www.brebeuf.qc.ca\/collegial\/wp-content\/uploads\/sites\/2\/2025\/10\/8-2.png\" alt=\"\" data-id=\"9221\" data-link=\"https:\/\/www.brebeuf.qc.ca\/collegial\/vie-etudiante\/sports\/basketball-masculin-division-2\/8-2-3\/\" class=\"wp-image-9221\"\/><\/a><\/figure><\/li><li class=\"blocks-gallery-item\"><figure><a href=\"https:\/\/www.brebeuf.qc.ca\/collegial\/wp-content\/uploads\/sites\/2\/2025\/10\/9-2.png\" data-rel=\"lightbox-image-9\" data-rl_title=\"\" data-rl_caption=\"\" title=\"\"><img loading=\"lazy\" width=\"350\" height=\"500\" src=\"https:\/\/www.brebeuf.qc.ca\/collegial\/wp-content\/uploads\/sites\/2\/2025\/10\/9-2.png\" alt=\"\" data-id=\"9222\" data-link=\"https:\/\/www.brebeuf.qc.ca\/collegial\/vie-etudiante\/sports\/basketball-masculin-division-2\/9-2-3\/\" class=\"wp-image-9222\"\/><\/a><\/figure><\/li><li class=\"blocks-gallery-item\"><figure><a href=\"https:\/\/www.brebeuf.qc.ca\/collegial\/wp-content\/uploads\/sites\/2\/2025\/10\/10-2.png\" data-rel=\"lightbox-image-10\" data-rl_title=\"\" data-rl_caption=\"\" title=\"\"><img loading=\"lazy\" width=\"350\" height=\"500\" src=\"https:\/\/www.brebeuf.qc.ca\/collegial\/wp-content\/uploads\/sites\/2\/2025\/10\/10-2.png\" alt=\"\" data-id=\"9223\" data-link=\"https:\/\/www.brebeuf.qc.ca\/collegial\/vie-etudiante\/sports\/basketball-masculin-division-2\/10-2-3\/\" class=\"wp-image-9223\"\/><\/a><\/figure><\/li><li class=\"blocks-gallery-item\"><figure><a href=\"https:\/\/www.brebeuf.qc.ca\/collegial\/wp-content\/uploads\/sites\/2\/2025\/10\/11-2.png\" data-rel=\"lightbox-image-11\" data-rl_title=\"\" data-rl_caption=\"\" title=\"\"><img loading=\"lazy\" width=\"350\" height=\"500\" src=\"https:\/\/www.brebeuf.qc.ca\/collegial\/wp-content\/uploads\/sites\/2\/2025\/10\/11-2.png\" alt=\"\" data-id=\"9224\" data-link=\"https:\/\/www.brebeuf.qc.ca\/collegial\/vie-etudiante\/sports\/basketball-masculin-division-2\/11-2-3\/\" class=\"wp-image-9224\"\/><\/a><\/figure><\/li><li class=\"blocks-gallery-item\"><figure><a href=\"https:\/\/www.brebeuf.qc.ca\/collegial\/wp-content\/uploads\/sites\/2\/2025\/10\/12-2.png\" data-rel=\"lightbox-image-12\" data-rl_title=\"\" data-rl_caption=\"\" title=\"\"><img loading=\"lazy\" width=\"350\" height=\"500\" src=\"https:\/\/www.brebeuf.qc.ca\/collegial\/wp-content\/uploads\/sites\/2\/2025\/10\/12-2.png\" alt=\"\" data-id=\"9225\" data-link=\"https:\/\/www.brebeuf.qc.ca\/collegial\/vie-etudiante\/sports\/basketball-masculin-division-2\/12-2-3\/\" class=\"wp-image-9225\"\/><\/a><\/figure><\/li><li class=\"blocks-gallery-item\"><figure><a href=\"https:\/\/www.brebeuf.qc.ca\/collegial\/wp-content\/uploads\/sites\/2\/2025\/10\/13-1.png\" data-rel=\"lightbox-image-13\" data-rl_title=\"\" data-rl_caption=\"\" title=\"\"><img loading=\"lazy\" width=\"350\" height=\"500\" src=\"https:\/\/www.brebeuf.qc.ca\/collegial\/wp-content\/uploads\/sites\/2\/2025\/10\/13-1.png\" alt=\"\" data-id=\"9226\" data-link=\"https:\/\/www.brebeuf.qc.ca\/collegial\/vie-etudiante\/sports\/basketball-masculin-division-2\/13-1-3\/\" class=\"wp-image-9226\"\/><\/a><\/figure><\/li><li class=\"blocks-gallery-item\"><figure><a href=\"https:\/\/www.brebeuf.qc.ca\/collegial\/wp-content\/uploads\/sites\/2\/2025\/10\/14-1.png\" data-rel=\"lightbox-image-14\" data-rl_title=\"\" data-rl_caption=\"\" title=\"\"><img loading=\"lazy\" width=\"350\" height=\"500\" src=\"https:\/\/www.brebeuf.qc.ca\/collegial\/wp-content\/uploads\/sites\/2\/2025\/10\/14-1.png\" alt=\"\" data-id=\"9227\" data-link=\"https:\/\/www.brebeuf.qc.ca\/collegial\/vie-etudiante\/sports\/basketball-masculin-division-2\/14-1-3\/\" class=\"wp-image-9227\"\/><\/a><\/figure><\/li><li class=\"blocks-gallery-item\"><figure><a href=\"https:\/\/www.brebeuf.qc.ca\/collegial\/wp-content\/uploads\/sites\/2\/2025\/10\/15-1.png\" data-rel=\"lightbox-image-15\" data-rl_title=\"\" data-rl_caption=\"\" title=\"\"><img loading=\"lazy\" width=\"350\" height=\"500\" src=\"https:\/\/www.brebeuf.qc.ca\/collegial\/wp-content\/uploads\/sites\/2\/2025\/10\/15-1.png\" alt=\"\" data-id=\"9228\" data-link=\"https:\/\/www.brebeuf.qc.ca\/collegial\/vie-etudiante\/sports\/basketball-masculin-division-2\/15-1-3\/\" class=\"wp-image-9228\"\/><\/a><\/figure><\/li><\/ul><\/figure>\n\n\n\n<hr class=\"wp-block-separator\"\/>\n<div id=\"toc_container\" class=\"no_bullets\"><p class=\"toc_title\">Sommaire<\/p><ul class=\"toc_list\"><li><a href=\"#Equipe_2025-2026\">\u00c9quipe 2025-2026<\/a><\/li><li><a href=\"#Ligue\">Ligue<\/a><\/li><li><a href=\"#Engagement\">Engagement<\/a><\/li><li><a href=\"#La_saison\">La saison<\/a><\/li><li><a href=\"#Resultats_et_classement\">R\u00e9sultats et classement<\/a><\/li><li><a href=\"#Equipe_dentraineurs\">\u00c9quipe d\u2019entra\u00eeneurs<\/a><\/li><li><a href=\"#Formulaire_de_recrutement_8211_Basketball_masculin_D2\">Formulaire de recrutement &#8211; Basketball masculin D2<\/a><\/li><li><a href=\"#Les_joueurs\">Les joueurs<\/a><\/li><\/ul><\/div>\n","protected":false},"excerpt":{"rendered":"<p>\u00c9quipe 2025-2026 Ligue Depuis la saison 2016-2017, le Coll\u00e8ge accueille une nouvelle \u00e9quipe de basketball masculin de division 2 du RSEQ, r\u00e9seau du sport \u00e9tudiant du Qu\u00e9bec. L&rsquo;ajout d&rsquo;une \u00e9quipe de division 2 permet d&rsquo;offrir aux \u00e9tudiants-athl\u00e8tes une possibilit\u00e9 additionnelle&#8230;<\/p>\n","protected":false},"author":3,"featured_media":8351,"parent":100,"menu_order":0,"comment_status":"closed","ping_status":"closed","template":"templates\/template-personnalisable.php","meta":{"_editorskit_title_hidden":false,"_editorskit_reading_time":2,"_editorskit_typography_data":[],"_editorskit_blocks_typography":""},"yoast_head":"<!-- This site is optimized with the Yoast SEO plugin v16.3 - https:\/\/yoast.com\/wordpress\/plugins\/seo\/ -->\n<title>Basketball masculin - Division 2 - Coll\u00e9gial<\/title>\n<meta name=\"robots\" content=\"index, follow, max-snippet:-1, max-image-preview:large, max-video-preview:-1\" \/>\n<link rel=\"canonical\" href=\"https:\/\/www.brebeuf.qc.ca\/collegial\/vie-etudiante\/sports\/basketball-masculin-division-2\/\" \/>\n<meta property=\"og:locale\" content=\"fr_FR\" \/>\n<meta property=\"og:type\" content=\"article\" \/>\n<meta property=\"og:title\" content=\"Basketball masculin - Division 2 - Coll\u00e9gial\" \/>\n<meta property=\"og:description\" content=\"\u00c9quipe 2025-2026 Ligue Depuis la saison 2016-2017, le Coll\u00e8ge accueille une nouvelle \u00e9quipe de basketball masculin de division 2 du RSEQ, r\u00e9seau du sport \u00e9tudiant du Qu\u00e9bec. L&rsquo;ajout d&rsquo;une \u00e9quipe de division 2 permet d&rsquo;offrir aux \u00e9tudiants-athl\u00e8tes une possibilit\u00e9 additionnelle...\" \/>\n<meta property=\"og:url\" content=\"https:\/\/www.brebeuf.qc.ca\/collegial\/vie-etudiante\/sports\/basketball-masculin-division-2\/\" \/>\n<meta property=\"og:site_name\" content=\"Coll\u00e9gial\" \/>\n<meta property=\"article:modified_time\" content=\"2026-02-12T16:30:42+00:00\" \/>\n<meta property=\"og:image\" content=\"https:\/\/www.brebeuf.qc.ca\/collegial\/wp-content\/uploads\/sites\/2\/2024\/07\/Basketball-masculin-D2.png\" \/>\n\t<meta property=\"og:image:width\" content=\"1400\" \/>\n\t<meta property=\"og:image:height\" content=\"240\" \/>\n<meta name=\"twitter:label1\" content=\"Dur\u00e9e de lecture est.\">\n\t<meta name=\"twitter:data1\" content=\"5 minutes\">\n<script type=\"application\/ld+json\" class=\"yoast-schema-graph\">{\"@context\":\"https:\/\/schema.org\",\"@graph\":[{\"@type\":\"WebSite\",\"@id\":\"https:\/\/www.brebeuf.qc.ca\/collegial\/#website\",\"url\":\"https:\/\/www.brebeuf.qc.ca\/collegial\/\",\"name\":\"Coll\\u00e9gial\",\"description\":\"Coll\\u00e8ge priv\\u00e9 | Secondaire | Coll\\u00e9gial\",\"potentialAction\":[{\"@type\":\"SearchAction\",\"target\":\"https:\/\/www.brebeuf.qc.ca\/collegial\/?s={search_term_string}\",\"query-input\":\"required name=search_term_string\"}],\"inLanguage\":\"fr-FR\"},{\"@type\":\"ImageObject\",\"@id\":\"https:\/\/www.brebeuf.qc.ca\/collegial\/vie-etudiante\/sports\/basketball-masculin-division-2\/#primaryimage\",\"inLanguage\":\"fr-FR\",\"url\":\"https:\/\/www.brebeuf.qc.ca\/collegial\/wp-content\/uploads\/sites\/2\/2024\/07\/Basketball-masculin-D2.png\",\"contentUrl\":\"https:\/\/www.brebeuf.qc.ca\/collegial\/wp-content\/uploads\/sites\/2\/2024\/07\/Basketball-masculin-D2.png\",\"width\":1400,\"height\":240},{\"@type\":\"WebPage\",\"@id\":\"https:\/\/www.brebeuf.qc.ca\/collegial\/vie-etudiante\/sports\/basketball-masculin-division-2\/#webpage\",\"url\":\"https:\/\/www.brebeuf.qc.ca\/collegial\/vie-etudiante\/sports\/basketball-masculin-division-2\/\",\"name\":\"Basketball masculin - Division 2 - Coll\\u00e9gial\",\"isPartOf\":{\"@id\":\"https:\/\/www.brebeuf.qc.ca\/collegial\/#website\"},\"primaryImageOfPage\":{\"@id\":\"https:\/\/www.brebeuf.qc.ca\/collegial\/vie-etudiante\/sports\/basketball-masculin-division-2\/#primaryimage\"},\"datePublished\":\"2016-01-15T15:39:47+00:00\",\"dateModified\":\"2026-02-12T16:30:42+00:00\",\"breadcrumb\":{\"@id\":\"https:\/\/www.brebeuf.qc.ca\/collegial\/vie-etudiante\/sports\/basketball-masculin-division-2\/#breadcrumb\"},\"inLanguage\":\"fr-FR\",\"potentialAction\":[{\"@type\":\"ReadAction\",\"target\":[\"https:\/\/www.brebeuf.qc.ca\/collegial\/vie-etudiante\/sports\/basketball-masculin-division-2\/\"]}]},{\"@type\":\"BreadcrumbList\",\"@id\":\"https:\/\/www.brebeuf.qc.ca\/collegial\/vie-etudiante\/sports\/basketball-masculin-division-2\/#breadcrumb\",\"itemListElement\":[{\"@type\":\"ListItem\",\"position\":1,\"item\":{\"@type\":\"WebPage\",\"@id\":\"https:\/\/www.brebeuf.qc.ca\/collegial\/\",\"url\":\"https:\/\/www.brebeuf.qc.ca\/collegial\/\",\"name\":\"Home\"}},{\"@type\":\"ListItem\",\"position\":2,\"item\":{\"@type\":\"WebPage\",\"@id\":\"https:\/\/www.brebeuf.qc.ca\/collegial\/vie-etudiante\/\",\"url\":\"https:\/\/www.brebeuf.qc.ca\/collegial\/vie-etudiante\/\",\"name\":\"Vie \\u00e9tudiante\"}},{\"@type\":\"ListItem\",\"position\":3,\"item\":{\"@type\":\"WebPage\",\"@id\":\"https:\/\/www.brebeuf.qc.ca\/collegial\/vie-etudiante\/sports\/\",\"url\":\"https:\/\/www.brebeuf.qc.ca\/collegial\/vie-etudiante\/sports\/\",\"name\":\"Sports au coll\\u00e9gial\"}},{\"@type\":\"ListItem\",\"position\":4,\"item\":{\"@id\":\"https:\/\/www.brebeuf.qc.ca\/collegial\/vie-etudiante\/sports\/basketball-masculin-division-2\/#webpage\"}}]}]}<\/script>\n<!-- \/ Yoast SEO plugin. -->","_links":{"self":[{"href":"https:\/\/www.brebeuf.qc.ca\/collegial\/wp-json\/wp\/v2\/pages\/2391"}],"collection":[{"href":"https:\/\/www.brebeuf.qc.ca\/collegial\/wp-json\/wp\/v2\/pages"}],"about":[{"href":"https:\/\/www.brebeuf.qc.ca\/collegial\/wp-json\/wp\/v2\/types\/page"}],"author":[{"embeddable":true,"href":"https:\/\/www.brebeuf.qc.ca\/collegial\/wp-json\/wp\/v2\/users\/3"}],"replies":[{"embeddable":true,"href":"https:\/\/www.brebeuf.qc.ca\/collegial\/wp-json\/wp\/v2\/comments?post=2391"}],"version-history":[{"count":92,"href":"https:\/\/www.brebeuf.qc.ca\/collegial\/wp-json\/wp\/v2\/pages\/2391\/revisions"}],"predecessor-version":[{"id":9733,"href":"https:\/\/www.brebeuf.qc.ca\/collegial\/wp-json\/wp\/v2\/pages\/2391\/revisions\/9733"}],"up":[{"embeddable":true,"href":"https:\/\/www.brebeuf.qc.ca\/collegial\/wp-json\/wp\/v2\/pages\/100"}],"wp:featuredmedia":[{"embeddable":true,"href":"https:\/\/www.brebeuf.qc.ca\/collegial\/wp-json\/wp\/v2\/media\/8351"}],"wp:attachment":[{"href":"https:\/\/www.brebeuf.qc.ca\/collegial\/wp-json\/wp\/v2\/media?parent=2391"}],"curies":[{"name":"wp","href":"https:\/\/api.w.org\/{rel}","templated":true}]}}