{"id":1897,"date":"2015-09-06T12:48:07","date_gmt":"2015-09-06T12:48:07","guid":{"rendered":"http:\/\/www.brebeuf.qc.ca\/collegial\/?page_id=1897"},"modified":"2025-02-06T21:11:22","modified_gmt":"2025-02-06T21:11:22","slug":"cote-de-rendement-collegial-cote-r","status":"publish","type":"page","link":"https:\/\/www.brebeuf.qc.ca\/collegial\/cote-de-rendement-collegial-cote-r\/","title":{"rendered":"Cote de rendement au coll\u00e9gial (Cote R)"},"content":{"rendered":"\n<h2><span id=\"Quest-ce_que_la_cote_R\">Qu\u2019est-ce que la cote R?<\/span><\/h2>\n\n\n\n<figure class=\"wp-block-embed is-type-video is-provider-youtube wp-block-embed-youtube wp-embed-aspect-16-9 wp-has-aspect-ratio\"><div class=\"wp-block-embed__wrapper\">\n<iframe loading=\"lazy\" title=\"La cote R au coll\u00e9gial\" width=\"1140\" height=\"641\" src=\"https:\/\/www.youtube.com\/embed\/dESiGs9jOvo?feature=oembed\" frameborder=\"0\" allow=\"accelerometer; autoplay; clipboard-write; encrypted-media; gyroscope; picture-in-picture; web-share\" referrerpolicy=\"strict-origin-when-cross-origin\" allowfullscreen><\/iframe>\n<\/div><\/figure>\n\n\n\n<p>La cote de rendement au coll\u00e9gial (cote R), adopt\u00e9e en 1995, est une m\u00e9thode de classement permettant aux universit\u00e9s de s\u00e9lectionner les candidat.e.s afin de rendre leur verdict d\u2019admission. Dans certains programmes universitaires, le seul crit\u00e8re de s\u00e9lection est la cote R. Pour d\u2019autres programmes, des crit\u00e8res comme l\u2019entrevue ou le portfolio peuvent s\u2019ajouter.<\/p>\n\n\n\n<p>La cote R vise \u00e0 classer les candidats de la mani\u00e8re la plus objective et la plus \u00e9quitable possible. Elle est bas\u00e9e sur un calcul qui tient compte non seulement de la performance de l\u2019\u00e9tudiant par rapport \u00e0 son groupe mais aussi de la force et de la dispersion des \u00e9tudiant.e.s formant le groupe.<\/p>\n\n\n\n<h2><span id=\"Le_dernier_ajustement_au_calcul_de_la_cote_R\">Le dernier ajustement au calcul de la cote R<\/span><\/h2>\n\n\n\n<p>Pour chaque cours suivi par l\u2019\u00e9tudiant au coll\u00e9gial, une cote R est calcul\u00e9e. Au moment de la demande d\u2019admission \u00e0 l\u2019universit\u00e9, la cote R utilis\u00e9e par les universit\u00e9s est une moyenne de toutes les cotes R obtenues par l\u2019\u00e9tudiant pendant son cursus coll\u00e9gial.<\/p>\n\n\n\n<p>Le calcul de la cote R de chaque cours suivi par l\u2019\u00e9tudiant s\u2019appuie sur trois param\u00e8tres : la performance individuelle dans le cours (la cote Z), la force du groupe dans lequel se trouve l\u2019\u00e9tudiant au coll\u00e9gial mais aussi de la dispersion de la force des \u00e9tudiants formant ce groupe.<\/p>\n\n\n\n<p>Ces deux derniers param\u00e8tres, appel\u00e9s indice de force du groupe et indice de dispersion du groupe, sont calcul\u00e9s \u00e0 partir des r\u00e9sultats que les \u00e9tudiants qui font partie du groupe ont obtenus au secondaire. Plus pr\u00e9cis\u00e9ment, ce ne sont pas simplement les notes obtenues par les \u00e9l\u00e8ves dans toutes les mati\u00e8res suivies au secondaire qui sont consid\u00e9r\u00e9es mais plut\u00f4t la performance de chaque \u00e9l\u00e8ve au secondaire, et ce, seulement pour les mati\u00e8res o\u00f9 il y a des \u00e9valuations minist\u00e9rielles (\u00e9preuves uniques). Ainsi, la performance au secondaire des \u00e9l\u00e8ves formant le groupe au coll\u00e9gial est mesur\u00e9e par rapport \u00e0 l\u2019ensemble du r\u00e9seau secondaire qu\u00e9b\u00e9cois, et non seulement par rapport \u00e0 sa classe.<\/p>\n\n\n\n<p>Cela permet de contrer les diff\u00e9rences de notation que l\u2019on peut rencontrer d\u2019une \u00e9cole \u00e0 l\u2019autre et d\u2019\u00e9valuer de mani\u00e8re plus fine et plus juste la force de chaque \u00e9l\u00e8ve, de m\u00eame que la force du groupe dans lequel se trouve l\u2019\u00e9tudiant au coll\u00e9gial.<\/p>\n\n\n\n<p class=\"has-text-align-left\"><strong>Pour le d\u00e9tail de la formule et des calculs, voir le site <a href=\"https:\/\/www.bci-qc.ca\/\" class=\"ek-link\">www.<\/a><a href=\"https:\/\/www.bci-qc.ca\/cote-r\/\" class=\"ek-link\">bci<\/a><a href=\"https:\/\/www.bci-qc.ca\/\" class=\"ek-link\">-qc.ca<\/a><\/strong><\/p>\n\n\n\n<hr class=\"wp-block-separator\"\/>\n\n\n\n<h2><span id=\"FAQ_8211_Ladmission_en_facultes_contingentees_et_la_cote_R\">FAQ &#8211; L\u2019admission en facult\u00e9s contingent\u00e9es et la cote R<\/span><\/h2>\n\n\n\n<p><strong>La passation d\u2019examens pour aller \u00e9tudier \u00e0 l\u2019\u00e9tranger est-elle uniquement possible pour les \u00e9tudiants au Baccalaur\u00e9at international (BI)?<\/strong><\/p>\n\n\n\n<p>Non. Les \u00e9tudiants du DEC peuvent \u00e9galement passer ces examens.<\/p>\n\n\n\n<p><strong>En Sciences de la nature, le Baccalaur\u00e9at international (BI) permet-il d\u2019avoir une meilleure cote R que le DEC?<\/strong><\/p>\n\n\n\n<p>Non. Le BI attire g\u00e9n\u00e9ralement des \u00e9tudiants plus forts, car ce programme est plus exigeant. Les cotes R des \u00e9tudiants ont tendance \u00e0 \u00eatre plus \u00e9lev\u00e9es puisque ceux-ci \u00e9voluent dans des groupes de force plus ou moins \u00e9gale. Il n\u2019y a donc ni avantage ni d\u00e9savantage \u00e0 choisir le BI en ce qui concerne la cote R. L\u2019important est d\u2019\u00eatre motiv\u00e9 par son programme et de s\u2019y sentir \u00e0 l\u2019aise : vous aurez ainsi de meilleures chances d\u2019avoir une cote R \u00e9lev\u00e9e.<\/p>\n\n\n\n<p><strong>Est-ce que Br\u00e9beuf envoie plus d\u2019\u00e9tudiants en m\u00e9decine que les autres coll\u00e8ges?<\/strong><\/p>\n\n\n\n<p>Sur l\u2019\u00eele de Montr\u00e9al, Br\u00e9beuf est le coll\u00e8ge qui envoie le plus d\u2019\u00e9tudiants en m\u00e9decine, coll\u00e8ges publics et priv\u00e9s confondus.<\/p>\n\n\n\n<p><strong>Avoir fait du b\u00e9n\u00e9volat est-il important pour augmenter ses chances d\u2019\u00eatre admis dans une facult\u00e9 contingent\u00e9e?<\/strong><\/p>\n\n\n\n<p>Oui, particuli\u00e8rement \u00e0 l\u2019Universit\u00e9 McGill et dans les programmes de Sciences de la sant\u00e9. Le processus de s\u00e9lection et les crit\u00e8res pris en compte varient toutefois d\u2019une institution \u00e0 l\u2019autre. Il est donc important d\u2019assister aux \u00e9v\u00e8nements d\u2019information des facult\u00e9s qui vous int\u00e9ressent.<\/p>\n\n\n\n<p><strong>Est-il possible de suivre des cours suppl\u00e9mentaires pour am\u00e9liorer mes notes\/ma cote R?<\/strong><\/p>\n\n\n\n<p>Oui, mais il y a une limite. Le nombre de cours suivi par les \u00e9tudiants est soumis au r\u00e8glement sur le r\u00e9gime des \u00e9tudes coll\u00e9giales. Un \u00e9tudiant ne peut d\u00e9passer un certain nombre d\u2019unit\u00e9s de cours. S\u2019il est tr\u00e8s motiv\u00e9, un \u00e9tudiant peut suivre davantage de cours des programmes (ex. tous les cours de Sciences pures et de la sant\u00e9), mais ceux-ci devront remplacer les cours compl\u00e9mentaires au choix. Informez-vous aupr\u00e8s de votre aide p\u00e9dagogique individuelle (API) pour conna\u00eetre les arrangements possibles.<\/p>\n\n\n\n<p><strong>Est-ce que faire partie d\u2019une \u00e9quipe sportive peut me p\u00e9naliser dans ma demande d\u2019admission dans une facult\u00e9 contingent\u00e9e?<\/strong><\/p>\n\n\n\n<p>Au contraire! Si vous g\u00e9rez bien votre temps et que vous avez de bons r\u00e9sultats scolaires, faire partie d\u2019une \u00e9quipe sportive est un bel ajout \u00e0 avoir sur votre curriculum vitae. Plus ce dernier est bien garni, plus vous augmentez vos chances de succ\u00e8s.<\/p>\n<div id=\"toc_container\" class=\"no_bullets\"><p class=\"toc_title\">Sommaire<\/p><ul class=\"toc_list\"><li><a href=\"#Quest-ce_que_la_cote_R\">Qu\u2019est-ce que la cote R?<\/a><\/li><li><a href=\"#Le_dernier_ajustement_au_calcul_de_la_cote_R\">Le dernier ajustement au calcul de la cote R<\/a><\/li><li><a href=\"#FAQ_8211_Ladmission_en_facultes_contingentees_et_la_cote_R\">FAQ &#8211; L\u2019admission en facult\u00e9s contingent\u00e9es et la cote R<\/a><\/li><\/ul><\/div>\n","protected":false},"excerpt":{"rendered":"<p>Qu\u2019est-ce que la cote R? La cote de rendement au coll\u00e9gial (cote R), adopt\u00e9e en 1995, est une m\u00e9thode de classement permettant aux universit\u00e9s de s\u00e9lectionner les candidat.e.s afin de rendre leur verdict d\u2019admission. Dans certains programmes universitaires, le seul&#8230;<\/p>\n","protected":false},"author":15,"featured_media":8323,"parent":0,"menu_order":10,"comment_status":"closed","ping_status":"closed","template":"templates\/template-generique.php","meta":{"_editorskit_title_hidden":false,"_editorskit_reading_time":3,"_editorskit_typography_data":[],"_editorskit_blocks_typography":""},"yoast_head":"<!-- This site is optimized with the Yoast SEO plugin v16.3 - https:\/\/yoast.com\/wordpress\/plugins\/seo\/ -->\n<title>Cote de rendement au coll\u00e9gial (Cote R) - Coll\u00e9gial<\/title>\n<meta name=\"robots\" content=\"index, follow, max-snippet:-1, max-image-preview:large, max-video-preview:-1\" \/>\n<link rel=\"canonical\" href=\"https:\/\/www.brebeuf.qc.ca\/collegial\/cote-de-rendement-collegial-cote-r\/\" \/>\n<meta property=\"og:locale\" content=\"fr_FR\" \/>\n<meta property=\"og:type\" content=\"article\" \/>\n<meta property=\"og:title\" content=\"Cote de rendement au coll\u00e9gial (Cote R) - Coll\u00e9gial\" \/>\n<meta property=\"og:description\" content=\"Qu\u2019est-ce que la cote R? La cote de rendement au coll\u00e9gial (cote R), adopt\u00e9e en 1995, est une m\u00e9thode de classement permettant aux universit\u00e9s de s\u00e9lectionner les candidat.e.s afin de rendre leur verdict d\u2019admission. Dans certains programmes universitaires, le seul...\" \/>\n<meta property=\"og:url\" content=\"https:\/\/www.brebeuf.qc.ca\/collegial\/cote-de-rendement-collegial-cote-r\/\" \/>\n<meta property=\"og:site_name\" content=\"Coll\u00e9gial\" \/>\n<meta property=\"article:modified_time\" content=\"2025-02-06T21:11:22+00:00\" \/>\n<meta property=\"og:image\" content=\"https:\/\/www.brebeuf.qc.ca\/collegial\/wp-content\/uploads\/sites\/2\/2024\/07\/Cote-R.png\" \/>\n\t<meta property=\"og:image:width\" content=\"1400\" \/>\n\t<meta property=\"og:image:height\" content=\"240\" \/>\n<meta name=\"twitter:label1\" content=\"Dur\u00e9e de lecture est.\">\n\t<meta name=\"twitter:data1\" content=\"4 minutes\">\n<script type=\"application\/ld+json\" class=\"yoast-schema-graph\">{\"@context\":\"https:\/\/schema.org\",\"@graph\":[{\"@type\":\"WebSite\",\"@id\":\"https:\/\/www.brebeuf.qc.ca\/collegial\/#website\",\"url\":\"https:\/\/www.brebeuf.qc.ca\/collegial\/\",\"name\":\"Coll\\u00e9gial\",\"description\":\"Coll\\u00e8ge priv\\u00e9 | Secondaire | Coll\\u00e9gial\",\"potentialAction\":[{\"@type\":\"SearchAction\",\"target\":\"https:\/\/www.brebeuf.qc.ca\/collegial\/?s={search_term_string}\",\"query-input\":\"required name=search_term_string\"}],\"inLanguage\":\"fr-FR\"},{\"@type\":\"ImageObject\",\"@id\":\"https:\/\/www.brebeuf.qc.ca\/collegial\/cote-de-rendement-collegial-cote-r\/#primaryimage\",\"inLanguage\":\"fr-FR\",\"url\":\"https:\/\/www.brebeuf.qc.ca\/collegial\/wp-content\/uploads\/sites\/2\/2024\/07\/Cote-R.png\",\"contentUrl\":\"https:\/\/www.brebeuf.qc.ca\/collegial\/wp-content\/uploads\/sites\/2\/2024\/07\/Cote-R.png\",\"width\":1400,\"height\":240},{\"@type\":\"WebPage\",\"@id\":\"https:\/\/www.brebeuf.qc.ca\/collegial\/cote-de-rendement-collegial-cote-r\/#webpage\",\"url\":\"https:\/\/www.brebeuf.qc.ca\/collegial\/cote-de-rendement-collegial-cote-r\/\",\"name\":\"Cote de rendement au coll\\u00e9gial (Cote R) - Coll\\u00e9gial\",\"isPartOf\":{\"@id\":\"https:\/\/www.brebeuf.qc.ca\/collegial\/#website\"},\"primaryImageOfPage\":{\"@id\":\"https:\/\/www.brebeuf.qc.ca\/collegial\/cote-de-rendement-collegial-cote-r\/#primaryimage\"},\"datePublished\":\"2015-09-06T12:48:07+00:00\",\"dateModified\":\"2025-02-06T21:11:22+00:00\",\"breadcrumb\":{\"@id\":\"https:\/\/www.brebeuf.qc.ca\/collegial\/cote-de-rendement-collegial-cote-r\/#breadcrumb\"},\"inLanguage\":\"fr-FR\",\"potentialAction\":[{\"@type\":\"ReadAction\",\"target\":[\"https:\/\/www.brebeuf.qc.ca\/collegial\/cote-de-rendement-collegial-cote-r\/\"]}]},{\"@type\":\"BreadcrumbList\",\"@id\":\"https:\/\/www.brebeuf.qc.ca\/collegial\/cote-de-rendement-collegial-cote-r\/#breadcrumb\",\"itemListElement\":[{\"@type\":\"ListItem\",\"position\":1,\"item\":{\"@type\":\"WebPage\",\"@id\":\"https:\/\/www.brebeuf.qc.ca\/collegial\/\",\"url\":\"https:\/\/www.brebeuf.qc.ca\/collegial\/\",\"name\":\"Home\"}},{\"@type\":\"ListItem\",\"position\":2,\"item\":{\"@id\":\"https:\/\/www.brebeuf.qc.ca\/collegial\/cote-de-rendement-collegial-cote-r\/#webpage\"}}]}]}<\/script>\n<!-- \/ Yoast SEO plugin. -->","_links":{"self":[{"href":"https:\/\/www.brebeuf.qc.ca\/collegial\/wp-json\/wp\/v2\/pages\/1897"}],"collection":[{"href":"https:\/\/www.brebeuf.qc.ca\/collegial\/wp-json\/wp\/v2\/pages"}],"about":[{"href":"https:\/\/www.brebeuf.qc.ca\/collegial\/wp-json\/wp\/v2\/types\/page"}],"author":[{"embeddable":true,"href":"https:\/\/www.brebeuf.qc.ca\/collegial\/wp-json\/wp\/v2\/users\/15"}],"replies":[{"embeddable":true,"href":"https:\/\/www.brebeuf.qc.ca\/collegial\/wp-json\/wp\/v2\/comments?post=1897"}],"version-history":[{"count":28,"href":"https:\/\/www.brebeuf.qc.ca\/collegial\/wp-json\/wp\/v2\/pages\/1897\/revisions"}],"predecessor-version":[{"id":8828,"href":"https:\/\/www.brebeuf.qc.ca\/collegial\/wp-json\/wp\/v2\/pages\/1897\/revisions\/8828"}],"wp:featuredmedia":[{"embeddable":true,"href":"https:\/\/www.brebeuf.qc.ca\/collegial\/wp-json\/wp\/v2\/media\/8323"}],"wp:attachment":[{"href":"https:\/\/www.brebeuf.qc.ca\/collegial\/wp-json\/wp\/v2\/media?parent=1897"}],"curies":[{"name":"wp","href":"https:\/\/api.w.org\/{rel}","templated":true}]}}