{"id":1862,"date":"2015-09-02T14:40:41","date_gmt":"2015-09-02T14:40:41","guid":{"rendered":"http:\/\/www.brebeuf.qc.ca\/collegial\/?page_id=1862"},"modified":"2017-10-10T18:42:25","modified_gmt":"2017-10-10T18:42:25","slug":"les-mesures-adaptees","status":"publish","type":"page","link":"https:\/\/www.brebeuf.qc.ca\/collegial\/vie-academique\/les-mesures-adaptees\/","title":{"rendered":"Les mesures adapt\u00e9es"},"content":{"rendered":"<p>Le Coll\u00e8ge offre, par le biais des services adapt\u00e9s, des mesures d\u2019aide pour les \u00e9tudiants ayant des besoins particuliers ou pr\u00e9sentant des limitations fonctionnelles tels un trouble d\u00e9ficitaire de l\u2019attention, un trouble d\u2019apprentissage, un probl\u00e8me de sant\u00e9 mentale, une d\u00e9ficience physique, sensorielle ou neurologique. Les mesures d\u2019appoint peuvent consister en de l\u2019encadrement p\u00e9dagogique, du temps suppl\u00e9mentaire aux examens, de l\u2019acc\u00e8s \u00e0 des logiciels de r\u00e9daction ou toute autre mesure visant \u00e0 pallier une limitation.<\/p>\n<p>Les \u00e9tudiants ayant re\u00e7u un diagnostic \u00e9mis par un professionnel de la sant\u00e9 (m\u00e9decin, psychologue, orthophoniste, audiologiste, optom\u00e9triste) peuvent se pr\u00e9valoir de mesures d\u2019accommodement pour la dur\u00e9e de leurs \u00e9tudes coll\u00e9giales. Les mesures mises en place sont confidentielles et non discriminatoires pour l\u2019admission universitaire.<\/p>\n<p>Pour ce faire, les \u00e9tudiants doivent fournir un certificat m\u00e9dical ou une copie conforme du rapport d\u2019\u00e9valuation (neuropsychologique, orthophonique ou psychologique) \u00e0 l\u2019aide p\u00e9dagogique de son programme d\u2019\u00e9tudes. Ce certificat ou rapport doit \u00eatre \u00e9mis par un professionnel de la sant\u00e9 mettant en relief le diagnostic, les besoins de l\u2019\u00e9tudiant et les mesures d\u2019accommodement recommand\u00e9es.<\/p>\n<p>Ce document est obligatoire pour l\u2019obtention de mesures d\u2019aide.<\/p>\n<p>Enfin, notre politique sur les \u00e9tudiants ayant des besoins particuliers est disponible \u00e0 partir d\u2019<strong><a href=\"http:\/\/www.brebeuf.qc.ca\/collegial\/wp-content\/uploads\/sites\/2\/2014\/08\/Politique-pour-%C3%A9tudiants-en-situation-de-handicap.pdf\">ici<\/a><\/strong>.<\/p>\n","protected":false},"excerpt":{"rendered":"<p>Le Coll\u00e8ge offre, par le biais des services adapt\u00e9s, des mesures d\u2019aide pour les \u00e9tudiants ayant des besoins particuliers ou pr\u00e9sentant des limitations fonctionnelles tels un trouble d\u00e9ficitaire de l\u2019attention, un trouble d\u2019apprentissage, un probl\u00e8me de sant\u00e9 mentale, une d\u00e9ficience&#8230;<\/p>\n","protected":false},"author":1,"featured_media":0,"parent":74,"menu_order":0,"comment_status":"closed","ping_status":"closed","template":"templates\/template-generique.php","meta":{"_editorskit_title_hidden":false,"_editorskit_reading_time":0,"_editorskit_typography_data":[],"_editorskit_blocks_typography":""},"yoast_head":"<!-- This site is optimized with the Yoast SEO plugin v16.3 - https:\/\/yoast.com\/wordpress\/plugins\/seo\/ -->\n<title>Les mesures adapt\u00e9es - Coll\u00e9gial<\/title>\n<meta name=\"robots\" content=\"index, follow, max-snippet:-1, max-image-preview:large, max-video-preview:-1\" \/>\n<link rel=\"canonical\" href=\"https:\/\/www.brebeuf.qc.ca\/collegial\/vie-academique\/les-mesures-adaptees\/\" \/>\n<meta property=\"og:locale\" content=\"fr_FR\" \/>\n<meta property=\"og:type\" content=\"article\" \/>\n<meta property=\"og:title\" content=\"Les mesures adapt\u00e9es - Coll\u00e9gial\" \/>\n<meta property=\"og:description\" content=\"Le Coll\u00e8ge offre, par le biais des services adapt\u00e9s, des mesures d\u2019aide pour les \u00e9tudiants ayant des besoins particuliers ou pr\u00e9sentant des limitations fonctionnelles tels un trouble d\u00e9ficitaire de l\u2019attention, un trouble d\u2019apprentissage, un probl\u00e8me de sant\u00e9 mentale, une d\u00e9ficience...\" \/>\n<meta property=\"og:url\" content=\"https:\/\/www.brebeuf.qc.ca\/collegial\/vie-academique\/les-mesures-adaptees\/\" \/>\n<meta property=\"og:site_name\" content=\"Coll\u00e9gial\" \/>\n<meta property=\"article:modified_time\" content=\"2017-10-10T18:42:25+00:00\" \/>\n<meta name=\"twitter:label1\" content=\"Dur\u00e9e de lecture est.\">\n\t<meta name=\"twitter:data1\" content=\"1 minute\">\n<script type=\"application\/ld+json\" class=\"yoast-schema-graph\">{\"@context\":\"https:\/\/schema.org\",\"@graph\":[{\"@type\":\"WebSite\",\"@id\":\"https:\/\/www.brebeuf.qc.ca\/collegial\/#website\",\"url\":\"https:\/\/www.brebeuf.qc.ca\/collegial\/\",\"name\":\"Coll\\u00e9gial\",\"description\":\"Coll\\u00e8ge priv\\u00e9 | Secondaire | Coll\\u00e9gial\",\"potentialAction\":[{\"@type\":\"SearchAction\",\"target\":\"https:\/\/www.brebeuf.qc.ca\/collegial\/?s={search_term_string}\",\"query-input\":\"required name=search_term_string\"}],\"inLanguage\":\"fr-FR\"},{\"@type\":\"WebPage\",\"@id\":\"https:\/\/www.brebeuf.qc.ca\/collegial\/vie-academique\/les-mesures-adaptees\/#webpage\",\"url\":\"https:\/\/www.brebeuf.qc.ca\/collegial\/vie-academique\/les-mesures-adaptees\/\",\"name\":\"Les mesures adapt\\u00e9es - Coll\\u00e9gial\",\"isPartOf\":{\"@id\":\"https:\/\/www.brebeuf.qc.ca\/collegial\/#website\"},\"datePublished\":\"2015-09-02T14:40:41+00:00\",\"dateModified\":\"2017-10-10T18:42:25+00:00\",\"breadcrumb\":{\"@id\":\"https:\/\/www.brebeuf.qc.ca\/collegial\/vie-academique\/les-mesures-adaptees\/#breadcrumb\"},\"inLanguage\":\"fr-FR\",\"potentialAction\":[{\"@type\":\"ReadAction\",\"target\":[\"https:\/\/www.brebeuf.qc.ca\/collegial\/vie-academique\/les-mesures-adaptees\/\"]}]},{\"@type\":\"BreadcrumbList\",\"@id\":\"https:\/\/www.brebeuf.qc.ca\/collegial\/vie-academique\/les-mesures-adaptees\/#breadcrumb\",\"itemListElement\":[{\"@type\":\"ListItem\",\"position\":1,\"item\":{\"@type\":\"WebPage\",\"@id\":\"https:\/\/www.brebeuf.qc.ca\/collegial\/\",\"url\":\"https:\/\/www.brebeuf.qc.ca\/collegial\/\",\"name\":\"Home\"}},{\"@type\":\"ListItem\",\"position\":2,\"item\":{\"@type\":\"WebPage\",\"@id\":\"https:\/\/www.brebeuf.qc.ca\/collegial\/vie-academique\/\",\"url\":\"https:\/\/www.brebeuf.qc.ca\/collegial\/vie-academique\/\",\"name\":\"Vie acad\\u00e9mique\"}},{\"@type\":\"ListItem\",\"position\":3,\"item\":{\"@id\":\"https:\/\/www.brebeuf.qc.ca\/collegial\/vie-academique\/les-mesures-adaptees\/#webpage\"}}]}]}<\/script>\n<!-- \/ Yoast SEO plugin. -->","_links":{"self":[{"href":"https:\/\/www.brebeuf.qc.ca\/collegial\/wp-json\/wp\/v2\/pages\/1862"}],"collection":[{"href":"https:\/\/www.brebeuf.qc.ca\/collegial\/wp-json\/wp\/v2\/pages"}],"about":[{"href":"https:\/\/www.brebeuf.qc.ca\/collegial\/wp-json\/wp\/v2\/types\/page"}],"author":[{"embeddable":true,"href":"https:\/\/www.brebeuf.qc.ca\/collegial\/wp-json\/wp\/v2\/users\/1"}],"replies":[{"embeddable":true,"href":"https:\/\/www.brebeuf.qc.ca\/collegial\/wp-json\/wp\/v2\/comments?post=1862"}],"version-history":[{"count":5,"href":"https:\/\/www.brebeuf.qc.ca\/collegial\/wp-json\/wp\/v2\/pages\/1862\/revisions"}],"predecessor-version":[{"id":3081,"href":"https:\/\/www.brebeuf.qc.ca\/collegial\/wp-json\/wp\/v2\/pages\/1862\/revisions\/3081"}],"up":[{"embeddable":true,"href":"https:\/\/www.brebeuf.qc.ca\/collegial\/wp-json\/wp\/v2\/pages\/74"}],"wp:attachment":[{"href":"https:\/\/www.brebeuf.qc.ca\/collegial\/wp-json\/wp\/v2\/media?parent=1862"}],"curies":[{"name":"wp","href":"https:\/\/api.w.org\/{rel}","templated":true}]}}