{"id":1553,"date":"2015-03-26T20:43:30","date_gmt":"2015-03-26T20:43:30","guid":{"rendered":"http:\/\/www.brebeuf.qc.ca\/collegial\/?page_id=1553"},"modified":"2026-02-12T16:35:55","modified_gmt":"2026-02-12T16:35:55","slug":"tennis","status":"publish","type":"page","link":"https:\/\/www.brebeuf.qc.ca\/collegial\/vie-etudiante\/sports\/tennis\/","title":{"rendered":"Tennis"},"content":{"rendered":"\n<h2><span id=\"Equipe_2025-2026\">\u00c9quipe 2025-2026<\/span><\/h2>\n\n\n\n<figure class=\"wp-block-image size-large is-resized\"><a href=\"https:\/\/www.brebeuf.qc.ca\/collegial\/wp-content\/uploads\/sites\/2\/2025\/10\/TENNIS.jpg\" data-rel=\"lightbox-image-0\" data-rl_title=\"\" data-rl_caption=\"\" title=\"\"><img loading=\"lazy\" src=\"https:\/\/www.brebeuf.qc.ca\/collegial\/wp-content\/uploads\/sites\/2\/2025\/10\/TENNIS.jpg\" alt=\"\" class=\"wp-image-9115\" width=\"831\" height=\"554\"\/><\/a><\/figure>\n\n\n\n<h2><span id=\"Ligue\">Ligue<\/span><\/h2>\n\n\n\n<p>L\u2019\u00e9quipe de tennis fait partie de la ligue coll\u00e9giale g\u00e9r\u00e9e par Tennis Qu\u00e9bec.<\/p>\n\n\n\n<h2><span id=\"Engagement\">Engagement<\/span><\/h2>\n\n\n\n<p>L\u2019\u00e9quipe suit deux entra\u00eenements collectifs par semaine, entra\u00eenements qui ont lieu au Stade IGA. Les \u00e9tudiants-athl\u00e8tes doivent \u00e9galement \u00eatre disponibles deux heures par semaine pour l\u2019entra\u00eenement physique personnel \u00e0 la salle d\u2019entra\u00eenement. L\u2019entra\u00eeneur de la salle d\u2019entra\u00eenement pr\u00e9sentera un programme sp\u00e9cifique au tennis, qui aidera l\u2019\u00e9tudiant-athl\u00e8te \u00e0 am\u00e9liorer son d\u00e9veloppement pour atteindre ses objectifs.<\/p>\n\n\n\n<h2><span id=\"La_saison\">La saison<\/span><\/h2>\n\n\n\n<p>La saison r\u00e9guli\u00e8re se d\u00e9roule du mois d&rsquo;octobre au mois de f\u00e9vrier.&nbsp;Un format \u00aballer-retour\u00bb est pr\u00e9vu contre chacune des \u00e9quipes d\u2019une m\u00eame section, pour un total de six (6) rencontres de saison r\u00e9guli\u00e8re (parties en simple et en double f\u00e9minin et masculin). Le championnat qu\u00e9b\u00e9cois coll\u00e9gial a lieu au mois de f\u00e9vrier et les 3 premi\u00e8res \u00e9quipes de chaque&nbsp;section acc\u00e8dent aux quarts de finale.<\/p>\n\n\n\n<hr class=\"wp-block-separator\"\/>\n\n\n\n<h2><span id=\"Resultats_et_classement\">R\u00e9sultats et classement<\/span><\/h2>\n\n\n\n<figure class=\"wp-block-image is-resized\"><a href=\"https:\/\/tq.tournamentsoftware.com\/sport\/tournament.aspx?id=07374308-B6CA-44A7-B144-00547CC6FA9D\" target=\"_blank\" rel=\"noreferrer noopener\"><img loading=\"lazy\" src=\"http:\/\/www.brebeuf.qc.ca\/collegial\/wp-content\/uploads\/sites\/2\/2015\/03\/tennis-qc.jpg\" alt=\"\" width=\"600\" height=\"62\"\/><\/a><\/figure>\n\n\n\n<h2><span id=\"Equipe_dentraineurs\">\u00c9quipe d\u2019entra\u00eeneurs<\/span><\/h2>\n\n\n\n<p><strong>Entraineurs-chef<\/strong><br>\u00c9mile Nasr et Justine Chartier<br><a href=\"mailto:emilenasr@icloud.com\" class=\"ek-link\">emilenasr@icloud.com<\/a><br><a href=\"mailto:justinechartier@icloud.com\" class=\"ek-link\">justinechartier@icloud.com<\/a><\/p>\n\n\n\n<h2><span id=\"Formulaire_de_recrutement\"><a href=\"https:\/\/forms.office.com\/Pages\/ResponsePage.aspx?id=kq86T4T8I0uEGcc4oYPGquKzTWBgdvpMsGuzYfQMwKJUMko5REVGSTdIMUVEQTI4VjdHUURaU09NUS4u\" class=\"ek-link\">Formulaire de recrutement<\/a><\/span><\/h2>\n<div id=\"toc_container\" class=\"no_bullets\"><p class=\"toc_title\">Sommaire<\/p><ul class=\"toc_list\"><li><a href=\"#Equipe_2025-2026\">\u00c9quipe 2025-2026<\/a><\/li><li><a href=\"#Ligue\">Ligue<\/a><\/li><li><a href=\"#Engagement\">Engagement<\/a><\/li><li><a href=\"#La_saison\">La saison<\/a><\/li><li><a href=\"#Resultats_et_classement\">R\u00e9sultats et classement<\/a><\/li><li><a href=\"#Equipe_dentraineurs\">\u00c9quipe d\u2019entra\u00eeneurs<\/a><\/li><li><a href=\"#Formulaire_de_recrutement\">Formulaire de recrutement<\/a><\/li><\/ul><\/div>\n","protected":false},"excerpt":{"rendered":"<p>\u00c9quipe 2025-2026 Ligue L\u2019\u00e9quipe de tennis fait partie de la ligue coll\u00e9giale g\u00e9r\u00e9e par Tennis Qu\u00e9bec. Engagement L\u2019\u00e9quipe suit deux entra\u00eenements collectifs par semaine, entra\u00eenements qui ont lieu au Stade IGA. Les \u00e9tudiants-athl\u00e8tes doivent \u00e9galement \u00eatre disponibles deux heures par&#8230;<\/p>\n","protected":false},"author":3,"featured_media":6853,"parent":100,"menu_order":0,"comment_status":"closed","ping_status":"closed","template":"templates\/template-personnalisable.php","meta":{"_editorskit_title_hidden":false,"_editorskit_reading_time":1,"_editorskit_typography_data":[],"_editorskit_blocks_typography":""},"yoast_head":"<!-- This site is optimized with the Yoast SEO plugin v16.3 - https:\/\/yoast.com\/wordpress\/plugins\/seo\/ -->\n<title>Tennis - Coll\u00e9gial<\/title>\n<meta name=\"robots\" content=\"index, follow, max-snippet:-1, max-image-preview:large, max-video-preview:-1\" \/>\n<link rel=\"canonical\" href=\"https:\/\/www.brebeuf.qc.ca\/collegial\/vie-etudiante\/sports\/tennis\/\" \/>\n<meta property=\"og:locale\" content=\"fr_FR\" \/>\n<meta property=\"og:type\" content=\"article\" \/>\n<meta property=\"og:title\" content=\"Tennis - Coll\u00e9gial\" \/>\n<meta property=\"og:description\" content=\"\u00c9quipe 2025-2026 Ligue L\u2019\u00e9quipe de tennis fait partie de la ligue coll\u00e9giale g\u00e9r\u00e9e par Tennis Qu\u00e9bec. Engagement L\u2019\u00e9quipe suit deux entra\u00eenements collectifs par semaine, entra\u00eenements qui ont lieu au Stade IGA. Les \u00e9tudiants-athl\u00e8tes doivent \u00e9galement \u00eatre disponibles deux heures par...\" \/>\n<meta property=\"og:url\" content=\"https:\/\/www.brebeuf.qc.ca\/collegial\/vie-etudiante\/sports\/tennis\/\" \/>\n<meta property=\"og:site_name\" content=\"Coll\u00e9gial\" \/>\n<meta property=\"article:modified_time\" content=\"2026-02-12T16:35:55+00:00\" \/>\n<meta property=\"og:image\" content=\"https:\/\/www.brebeuf.qc.ca\/collegial\/wp-content\/uploads\/sites\/2\/2022\/08\/sport_tennis.jpg\" \/>\n\t<meta property=\"og:image:width\" content=\"1400\" \/>\n\t<meta property=\"og:image:height\" content=\"240\" \/>\n<meta name=\"twitter:label1\" content=\"Dur\u00e9e de lecture est.\">\n\t<meta name=\"twitter:data1\" content=\"2 minutes\">\n<script type=\"application\/ld+json\" class=\"yoast-schema-graph\">{\"@context\":\"https:\/\/schema.org\",\"@graph\":[{\"@type\":\"WebSite\",\"@id\":\"https:\/\/www.brebeuf.qc.ca\/collegial\/#website\",\"url\":\"https:\/\/www.brebeuf.qc.ca\/collegial\/\",\"name\":\"Coll\\u00e9gial\",\"description\":\"Coll\\u00e8ge priv\\u00e9 | Secondaire | Coll\\u00e9gial\",\"potentialAction\":[{\"@type\":\"SearchAction\",\"target\":\"https:\/\/www.brebeuf.qc.ca\/collegial\/?s={search_term_string}\",\"query-input\":\"required name=search_term_string\"}],\"inLanguage\":\"fr-FR\"},{\"@type\":\"ImageObject\",\"@id\":\"https:\/\/www.brebeuf.qc.ca\/collegial\/vie-etudiante\/sports\/tennis\/#primaryimage\",\"inLanguage\":\"fr-FR\",\"url\":\"https:\/\/www.brebeuf.qc.ca\/collegial\/wp-content\/uploads\/sites\/2\/2022\/08\/sport_tennis.jpg\",\"contentUrl\":\"https:\/\/www.brebeuf.qc.ca\/collegial\/wp-content\/uploads\/sites\/2\/2022\/08\/sport_tennis.jpg\",\"width\":1400,\"height\":240},{\"@type\":\"WebPage\",\"@id\":\"https:\/\/www.brebeuf.qc.ca\/collegial\/vie-etudiante\/sports\/tennis\/#webpage\",\"url\":\"https:\/\/www.brebeuf.qc.ca\/collegial\/vie-etudiante\/sports\/tennis\/\",\"name\":\"Tennis - Coll\\u00e9gial\",\"isPartOf\":{\"@id\":\"https:\/\/www.brebeuf.qc.ca\/collegial\/#website\"},\"primaryImageOfPage\":{\"@id\":\"https:\/\/www.brebeuf.qc.ca\/collegial\/vie-etudiante\/sports\/tennis\/#primaryimage\"},\"datePublished\":\"2015-03-26T20:43:30+00:00\",\"dateModified\":\"2026-02-12T16:35:55+00:00\",\"breadcrumb\":{\"@id\":\"https:\/\/www.brebeuf.qc.ca\/collegial\/vie-etudiante\/sports\/tennis\/#breadcrumb\"},\"inLanguage\":\"fr-FR\",\"potentialAction\":[{\"@type\":\"ReadAction\",\"target\":[\"https:\/\/www.brebeuf.qc.ca\/collegial\/vie-etudiante\/sports\/tennis\/\"]}]},{\"@type\":\"BreadcrumbList\",\"@id\":\"https:\/\/www.brebeuf.qc.ca\/collegial\/vie-etudiante\/sports\/tennis\/#breadcrumb\",\"itemListElement\":[{\"@type\":\"ListItem\",\"position\":1,\"item\":{\"@type\":\"WebPage\",\"@id\":\"https:\/\/www.brebeuf.qc.ca\/collegial\/\",\"url\":\"https:\/\/www.brebeuf.qc.ca\/collegial\/\",\"name\":\"Home\"}},{\"@type\":\"ListItem\",\"position\":2,\"item\":{\"@type\":\"WebPage\",\"@id\":\"https:\/\/www.brebeuf.qc.ca\/collegial\/vie-etudiante\/\",\"url\":\"https:\/\/www.brebeuf.qc.ca\/collegial\/vie-etudiante\/\",\"name\":\"Vie \\u00e9tudiante\"}},{\"@type\":\"ListItem\",\"position\":3,\"item\":{\"@type\":\"WebPage\",\"@id\":\"https:\/\/www.brebeuf.qc.ca\/collegial\/vie-etudiante\/sports\/\",\"url\":\"https:\/\/www.brebeuf.qc.ca\/collegial\/vie-etudiante\/sports\/\",\"name\":\"Sports au coll\\u00e9gial\"}},{\"@type\":\"ListItem\",\"position\":4,\"item\":{\"@id\":\"https:\/\/www.brebeuf.qc.ca\/collegial\/vie-etudiante\/sports\/tennis\/#webpage\"}}]}]}<\/script>\n<!-- \/ Yoast SEO plugin. -->","_links":{"self":[{"href":"https:\/\/www.brebeuf.qc.ca\/collegial\/wp-json\/wp\/v2\/pages\/1553"}],"collection":[{"href":"https:\/\/www.brebeuf.qc.ca\/collegial\/wp-json\/wp\/v2\/pages"}],"about":[{"href":"https:\/\/www.brebeuf.qc.ca\/collegial\/wp-json\/wp\/v2\/types\/page"}],"author":[{"embeddable":true,"href":"https:\/\/www.brebeuf.qc.ca\/collegial\/wp-json\/wp\/v2\/users\/3"}],"replies":[{"embeddable":true,"href":"https:\/\/www.brebeuf.qc.ca\/collegial\/wp-json\/wp\/v2\/comments?post=1553"}],"version-history":[{"count":54,"href":"https:\/\/www.brebeuf.qc.ca\/collegial\/wp-json\/wp\/v2\/pages\/1553\/revisions"}],"predecessor-version":[{"id":9740,"href":"https:\/\/www.brebeuf.qc.ca\/collegial\/wp-json\/wp\/v2\/pages\/1553\/revisions\/9740"}],"up":[{"embeddable":true,"href":"https:\/\/www.brebeuf.qc.ca\/collegial\/wp-json\/wp\/v2\/pages\/100"}],"wp:featuredmedia":[{"embeddable":true,"href":"https:\/\/www.brebeuf.qc.ca\/collegial\/wp-json\/wp\/v2\/media\/6853"}],"wp:attachment":[{"href":"https:\/\/www.brebeuf.qc.ca\/collegial\/wp-json\/wp\/v2\/media?parent=1553"}],"curies":[{"name":"wp","href":"https:\/\/api.w.org\/{rel}","templated":true}]}}