{"id":1300,"date":"2015-03-18T15:29:23","date_gmt":"2015-03-18T15:29:23","guid":{"rendered":"http:\/\/www.brebeuf.qc.ca\/collegial\/?page_id=1300"},"modified":"2026-02-12T16:36:32","modified_gmt":"2026-02-12T16:36:32","slug":"volley-ball-feminin","status":"publish","type":"page","link":"https:\/\/www.brebeuf.qc.ca\/collegial\/vie-etudiante\/sports\/volley-ball-feminin\/","title":{"rendered":"Volleyball f\u00e9minin"},"content":{"rendered":"\n<h2><span id=\"Equipe_2025-2026\">\u00c9quipe 2025-2026<\/span><\/h2>\n\n\n\n<figure class=\"wp-block-image size-large is-resized\"><a href=\"https:\/\/www.brebeuf.qc.ca\/collegial\/wp-content\/uploads\/sites\/2\/2025\/10\/VBF.jpg\" data-rel=\"lightbox-image-0\" data-rl_title=\"\" data-rl_caption=\"\" title=\"\"><img loading=\"lazy\" src=\"https:\/\/www.brebeuf.qc.ca\/collegial\/wp-content\/uploads\/sites\/2\/2025\/10\/VBF.jpg\" alt=\"\" class=\"wp-image-9110\" width=\"799\" height=\"533\"\/><\/a><\/figure>\n\n\n\n<hr class=\"wp-block-separator\"\/>\n\n\n\n<figure class=\"wp-block-embed is-type-video is-provider-youtube wp-block-embed-youtube wp-embed-aspect-16-9 wp-has-aspect-ratio\"><div class=\"wp-block-embed__wrapper\">\n<iframe loading=\"lazy\" title=\"Pr\u00e9sentation du volleyball au coll\u00e9gial par M\u00e9lanie Desrochers, entra\u00eeneuse-chef\" width=\"1140\" height=\"641\" src=\"https:\/\/www.youtube.com\/embed\/yYVA4uTL3Wg?feature=oembed\" frameborder=\"0\" allow=\"accelerometer; autoplay; clipboard-write; encrypted-media; gyroscope; picture-in-picture; web-share\" referrerpolicy=\"strict-origin-when-cross-origin\" allowfullscreen><\/iframe>\n<\/div><\/figure>\n\n\n\n<h2><span id=\"Ligue\">Ligue<\/span><\/h2>\n\n\n\n<p>L\u2019\u00e9quipe f\u00e9minine de volleyball fait partie de la ligue coll\u00e9giale division 3 (section A) du RSEQ (R\u00e9seau du sport \u00e9tudiant du Qu\u00e9bec).<\/p>\n\n\n\n<h2><span id=\"Engagement\">Engagement<\/span><\/h2>\n\n\n\n<p>L\u2019\u00e9quipe a 2 entra\u00eenements collectifs par semaine. Les \u00e9tudiantes-athl\u00e8tes doivent \u00e9galement \u00eatre disponibles 2 heures par semaine pour l\u2019entra\u00eenement physique personnel \u00e0 la salle d\u2019entra\u00eenement. L\u2019entra\u00eeneur de la salle d\u2019entra\u00eenement pr\u00e9sentera un programme sp\u00e9cifique au volleyball, qui aidera l\u2019\u00e9tudiante-athl\u00e8te \u00e0 am\u00e9liorer son d\u00e9veloppement pour atteindre ses objectifs.<\/p>\n\n\n\n<h2><span id=\"La_saison\">La saison<\/span><\/h2>\n\n\n\n<p>La saison d\u00e9bute en septembre et comporte 7 tournois de ligues qui ont lieu les dimanches. Les 8 premi\u00e8res \u00e9quipes au classement cumulatif participent au championnat de conf\u00e9rence qui se d\u00e9roule en mars. La saison se termine au mois d\u2019avril avec le championnat provincial. L\u2019\u00e9quipe peut \u00e9galement participer \u00e0 certains tournois Invitation hors de l\u2019horaire r\u00e9gulier de la saison coll\u00e9giale.<\/p>\n\n\n\n<h2><span id=\"Entraineurs\">Entraineurs<\/span><\/h2>\n\n\n\n<p><strong>Entraineur-chef<\/strong><br>Pierre-Luc Gilbert <\/p>\n\n\n\n<p><a href=\"mailto:pl.gilbert@hotmail.ca\" class=\"ek-link\">pl.gilbert@hotmail.ca<\/a><\/p>\n\n\n\n<hr class=\"wp-block-separator\"\/>\n\n\n\n<h2><span id=\"Resultats_et_classement\">R\u00e9sultats et classement<\/span><\/h2>\n\n\n\n<figure class=\"wp-block-image\"><a href=\"http:\/\/www.sportetudiant-stats.com\/collegial\/so\/volleyball-f-d2\" target=\"_blank\" rel=\"noreferrer noopener\"><img src=\"https:\/\/www.brebeuf.qc.ca\/collegial\/wp-content\/uploads\/sites\/2\/2019\/09\/box_acc_rseq_statsp.jpg\" alt=\"\"\/><\/a><\/figure>\n\n\n\n<h2><span id=\"2010_a_ce_jour\">2010 \u00e0 ce jour<\/span><\/h2>\n\n\n\n<p><strong>2024-2025<\/strong><\/p>\n\n\n\n<ul><li>3e position de la saison r\u00e9guli\u00e8re<\/li><\/ul>\n\n\n\n<p><strong>2023-2024<\/strong><\/p>\n\n\n\n<ul><li>5<sup>e<\/sup> position de la saison r\u00e9guli\u00e8re<\/li><\/ul>\n\n\n\n<p><strong>2022-2023<\/strong><\/p>\n\n\n\n<ul><li>21<sup>e<\/sup> sur 28 \u00e9quipes au classement g\u00e9n\u00e9ral<\/li><li>1<sup>re<\/sup> place au tournoi \u00e0 St-J\u00e9r\u00f4me (3 victoires 0 d\u00e9faite)<\/li><\/ul>\n\n\n\n<p><br><strong>2019-2020<\/strong><\/p>\n\n\n\n<ul><li>7e position saison r\u00e9guli\u00e8re<\/li><\/ul>\n\n\n\n<p><strong>2018-2019<\/strong><\/p>\n\n\n\n<ul><li>9e position saison r\u00e9guli\u00e8re<\/li><\/ul>\n\n\n\n<p><strong>2017-2018<\/strong><\/p>\n\n\n\n<ul><li>5e position saison r\u00e9guli\u00e8re<\/li><li>4e position championnat de conf\u00e9rence<\/li><li>Participation au championnat provincial<\/li><\/ul>\n\n\n\n<p><strong>2016-2017<\/strong><\/p>\n\n\n\n<ul><li>9e position saison r\u00e9guli\u00e8re<\/li><\/ul>\n\n\n\n<p><strong>2015-2016<\/strong><\/p>\n\n\n\n<ul><li>2e position saison r\u00e9guli\u00e8re<\/li><li>2e position au championnat de conf\u00e9rence<\/li><li><strong>3e position au championnat provincial<\/strong><\/li><\/ul>\n\n\n\n<p><strong>2014-2015<\/strong><\/p>\n\n\n\n<ul><li>2e position saison r\u00e9guli\u00e8re<\/li><li>2e position au Championnat de conf\u00e9rence<\/li><li><strong>4e position au championnat provincial<\/strong><\/li><\/ul>\n\n\n\n<p><strong>2013-2014<\/strong><\/p>\n\n\n\n<ul><li>7e position saison r\u00e9guli\u00e8re<\/li><li>Participation au championnat de conf\u00e9rence<\/li><\/ul>\n\n\n\n<p><strong>2012-2013<\/strong><\/p>\n\n\n\n<ul><li>12e position saison r\u00e9guli\u00e8re<\/li><\/ul>\n\n\n\n<p><strong>2011-2012<\/strong><\/p>\n\n\n\n<ul><li>16e position saison r\u00e9guli\u00e8re<\/li><\/ul>\n\n\n\n<p><strong>2010-2011<\/strong><\/p>\n\n\n\n<ul><li>18e position saison r\u00e9guli\u00e8re<\/li><\/ul>\n\n\n\n<h2><span id=\"Formulaire_de_recrutement\"><a href=\"https:\/\/forms.office.com\/Pages\/ResponsePage.aspx?id=kq86T4T8I0uEGcc4oYPGquKzTWBgdvpMsGuzYfQMwKJUMko5REVGSTdIMUVEQTI4VjdHUURaU09NUS4u\" class=\"ek-link\">Formulaire de recrutement<\/a><\/span><\/h2>\n<div id=\"toc_container\" class=\"no_bullets\"><p class=\"toc_title\">Sommaire<\/p><ul class=\"toc_list\"><li><a href=\"#Equipe_2025-2026\">\u00c9quipe 2025-2026<\/a><\/li><li><a href=\"#Ligue\">Ligue<\/a><\/li><li><a href=\"#Engagement\">Engagement<\/a><\/li><li><a href=\"#La_saison\">La saison<\/a><\/li><li><a href=\"#Entraineurs\">Entraineurs<\/a><\/li><li><a href=\"#Resultats_et_classement\">R\u00e9sultats et classement<\/a><\/li><li><a href=\"#2010_a_ce_jour\">2010 \u00e0 ce jour<\/a><\/li><li><a href=\"#Formulaire_de_recrutement\">Formulaire de recrutement<\/a><\/li><\/ul><\/div>\n","protected":false},"excerpt":{"rendered":"<p>\u00c9quipe 2025-2026 Ligue L\u2019\u00e9quipe f\u00e9minine de volleyball fait partie de la ligue coll\u00e9giale division 3 (section A) du RSEQ (R\u00e9seau du sport \u00e9tudiant du Qu\u00e9bec). Engagement L\u2019\u00e9quipe a 2 entra\u00eenements collectifs par semaine. Les \u00e9tudiantes-athl\u00e8tes doivent \u00e9galement \u00eatre disponibles 2&#8230;<\/p>\n","protected":false},"author":3,"featured_media":8367,"parent":100,"menu_order":0,"comment_status":"closed","ping_status":"closed","template":"templates\/template-personnalisable.php","meta":{"_editorskit_title_hidden":false,"_editorskit_reading_time":1,"_editorskit_typography_data":[],"_editorskit_blocks_typography":""},"yoast_head":"<!-- This site is optimized with the Yoast SEO plugin v16.3 - https:\/\/yoast.com\/wordpress\/plugins\/seo\/ -->\n<title>Volleyball f\u00e9minin - Coll\u00e9gial<\/title>\n<meta name=\"robots\" content=\"index, follow, max-snippet:-1, max-image-preview:large, max-video-preview:-1\" \/>\n<link rel=\"canonical\" href=\"https:\/\/www.brebeuf.qc.ca\/collegial\/vie-etudiante\/sports\/volley-ball-feminin\/\" \/>\n<meta property=\"og:locale\" content=\"fr_FR\" \/>\n<meta property=\"og:type\" content=\"article\" \/>\n<meta property=\"og:title\" content=\"Volleyball f\u00e9minin - Coll\u00e9gial\" \/>\n<meta property=\"og:description\" content=\"\u00c9quipe 2025-2026 Ligue L\u2019\u00e9quipe f\u00e9minine de volleyball fait partie de la ligue coll\u00e9giale division 3 (section A) du RSEQ (R\u00e9seau du sport \u00e9tudiant du Qu\u00e9bec). Engagement L\u2019\u00e9quipe a 2 entra\u00eenements collectifs par semaine. Les \u00e9tudiantes-athl\u00e8tes doivent \u00e9galement \u00eatre disponibles 2...\" \/>\n<meta property=\"og:url\" content=\"https:\/\/www.brebeuf.qc.ca\/collegial\/vie-etudiante\/sports\/volley-ball-feminin\/\" \/>\n<meta property=\"og:site_name\" content=\"Coll\u00e9gial\" \/>\n<meta property=\"article:modified_time\" content=\"2026-02-12T16:36:32+00:00\" \/>\n<meta property=\"og:image\" content=\"https:\/\/www.brebeuf.qc.ca\/collegial\/wp-content\/uploads\/sites\/2\/2024\/08\/Volleyball_feminin_collegial.png\" \/>\n\t<meta property=\"og:image:width\" content=\"1400\" \/>\n\t<meta property=\"og:image:height\" content=\"240\" \/>\n<meta name=\"twitter:label1\" content=\"Dur\u00e9e de lecture est.\">\n\t<meta name=\"twitter:data1\" content=\"2 minutes\">\n<script type=\"application\/ld+json\" class=\"yoast-schema-graph\">{\"@context\":\"https:\/\/schema.org\",\"@graph\":[{\"@type\":\"WebSite\",\"@id\":\"https:\/\/www.brebeuf.qc.ca\/collegial\/#website\",\"url\":\"https:\/\/www.brebeuf.qc.ca\/collegial\/\",\"name\":\"Coll\\u00e9gial\",\"description\":\"Coll\\u00e8ge priv\\u00e9 | Secondaire | Coll\\u00e9gial\",\"potentialAction\":[{\"@type\":\"SearchAction\",\"target\":\"https:\/\/www.brebeuf.qc.ca\/collegial\/?s={search_term_string}\",\"query-input\":\"required name=search_term_string\"}],\"inLanguage\":\"fr-FR\"},{\"@type\":\"ImageObject\",\"@id\":\"https:\/\/www.brebeuf.qc.ca\/collegial\/vie-etudiante\/sports\/volley-ball-feminin\/#primaryimage\",\"inLanguage\":\"fr-FR\",\"url\":\"https:\/\/www.brebeuf.qc.ca\/collegial\/wp-content\/uploads\/sites\/2\/2024\/08\/Volleyball_feminin_collegial.png\",\"contentUrl\":\"https:\/\/www.brebeuf.qc.ca\/collegial\/wp-content\/uploads\/sites\/2\/2024\/08\/Volleyball_feminin_collegial.png\",\"width\":1400,\"height\":240},{\"@type\":\"WebPage\",\"@id\":\"https:\/\/www.brebeuf.qc.ca\/collegial\/vie-etudiante\/sports\/volley-ball-feminin\/#webpage\",\"url\":\"https:\/\/www.brebeuf.qc.ca\/collegial\/vie-etudiante\/sports\/volley-ball-feminin\/\",\"name\":\"Volleyball f\\u00e9minin - Coll\\u00e9gial\",\"isPartOf\":{\"@id\":\"https:\/\/www.brebeuf.qc.ca\/collegial\/#website\"},\"primaryImageOfPage\":{\"@id\":\"https:\/\/www.brebeuf.qc.ca\/collegial\/vie-etudiante\/sports\/volley-ball-feminin\/#primaryimage\"},\"datePublished\":\"2015-03-18T15:29:23+00:00\",\"dateModified\":\"2026-02-12T16:36:32+00:00\",\"breadcrumb\":{\"@id\":\"https:\/\/www.brebeuf.qc.ca\/collegial\/vie-etudiante\/sports\/volley-ball-feminin\/#breadcrumb\"},\"inLanguage\":\"fr-FR\",\"potentialAction\":[{\"@type\":\"ReadAction\",\"target\":[\"https:\/\/www.brebeuf.qc.ca\/collegial\/vie-etudiante\/sports\/volley-ball-feminin\/\"]}]},{\"@type\":\"BreadcrumbList\",\"@id\":\"https:\/\/www.brebeuf.qc.ca\/collegial\/vie-etudiante\/sports\/volley-ball-feminin\/#breadcrumb\",\"itemListElement\":[{\"@type\":\"ListItem\",\"position\":1,\"item\":{\"@type\":\"WebPage\",\"@id\":\"https:\/\/www.brebeuf.qc.ca\/collegial\/\",\"url\":\"https:\/\/www.brebeuf.qc.ca\/collegial\/\",\"name\":\"Home\"}},{\"@type\":\"ListItem\",\"position\":2,\"item\":{\"@type\":\"WebPage\",\"@id\":\"https:\/\/www.brebeuf.qc.ca\/collegial\/vie-etudiante\/\",\"url\":\"https:\/\/www.brebeuf.qc.ca\/collegial\/vie-etudiante\/\",\"name\":\"Vie \\u00e9tudiante\"}},{\"@type\":\"ListItem\",\"position\":3,\"item\":{\"@type\":\"WebPage\",\"@id\":\"https:\/\/www.brebeuf.qc.ca\/collegial\/vie-etudiante\/sports\/\",\"url\":\"https:\/\/www.brebeuf.qc.ca\/collegial\/vie-etudiante\/sports\/\",\"name\":\"Sports au coll\\u00e9gial\"}},{\"@type\":\"ListItem\",\"position\":4,\"item\":{\"@id\":\"https:\/\/www.brebeuf.qc.ca\/collegial\/vie-etudiante\/sports\/volley-ball-feminin\/#webpage\"}}]}]}<\/script>\n<!-- \/ Yoast SEO plugin. -->","_links":{"self":[{"href":"https:\/\/www.brebeuf.qc.ca\/collegial\/wp-json\/wp\/v2\/pages\/1300"}],"collection":[{"href":"https:\/\/www.brebeuf.qc.ca\/collegial\/wp-json\/wp\/v2\/pages"}],"about":[{"href":"https:\/\/www.brebeuf.qc.ca\/collegial\/wp-json\/wp\/v2\/types\/page"}],"author":[{"embeddable":true,"href":"https:\/\/www.brebeuf.qc.ca\/collegial\/wp-json\/wp\/v2\/users\/3"}],"replies":[{"embeddable":true,"href":"https:\/\/www.brebeuf.qc.ca\/collegial\/wp-json\/wp\/v2\/comments?post=1300"}],"version-history":[{"count":115,"href":"https:\/\/www.brebeuf.qc.ca\/collegial\/wp-json\/wp\/v2\/pages\/1300\/revisions"}],"predecessor-version":[{"id":9741,"href":"https:\/\/www.brebeuf.qc.ca\/collegial\/wp-json\/wp\/v2\/pages\/1300\/revisions\/9741"}],"up":[{"embeddable":true,"href":"https:\/\/www.brebeuf.qc.ca\/collegial\/wp-json\/wp\/v2\/pages\/100"}],"wp:featuredmedia":[{"embeddable":true,"href":"https:\/\/www.brebeuf.qc.ca\/collegial\/wp-json\/wp\/v2\/media\/8367"}],"wp:attachment":[{"href":"https:\/\/www.brebeuf.qc.ca\/collegial\/wp-json\/wp\/v2\/media?parent=1300"}],"curies":[{"name":"wp","href":"https:\/\/api.w.org\/{rel}","templated":true}]}}